{"id":1372,"date":"2020-01-28T14:45:55","date_gmt":"2020-01-28T13:45:55","guid":{"rendered":"https:\/\/www.hoteluniversal.it\/?page_id=1372"},"modified":"2026-04-22T14:50:18","modified_gmt":"2026-04-22T12:50:18","slug":"eventi","status":"publish","type":"page","link":"https:\/\/www.hoteluniversal.it\/it\/eventi\/","title":{"rendered":"Eventi"},"content":{"rendered":"<div class=\"wpb-content-wrapper\"><p>[vc_row css_animation=&#8221;&#8221; row_type=&#8221;row&#8221; use_row_as_full_screen_section=&#8221;no&#8221; type=&#8221;full_width&#8221; angled_section=&#8221;no&#8221; text_align=&#8221;left&#8221; background_image_as_pattern=&#8221;without_pattern&#8221;][vc_column][vc_column_text css=&#8221;&#8221;]<\/p>\n<h1 style=\"text-align: center;\">Eventi<\/h1>\n<p>[\/vc_column_text][\/vc_column][\/vc_row][vc_row css_animation=&#8221;&#8221; row_type=&#8221;row&#8221; use_row_as_full_screen_section=&#8221;no&#8221; type=&#8221;full_width&#8221; angled_section=&#8221;no&#8221; text_align=&#8221;left&#8221; background_image_as_pattern=&#8221;without_pattern&#8221;][vc_column][vc_empty_space][\/vc_column][\/vc_row][vc_row css_animation=&#8221;&#8221; row_type=&#8221;row&#8221; use_row_as_full_screen_section=&#8221;no&#8221; type=&#8221;full_width&#8221; angled_section=&#8221;no&#8221; text_align=&#8221;left&#8221; background_image_as_pattern=&#8221;without_pattern&#8221;][vc_column width=&#8221;1\/2&#8243; css=&#8221;.vc_custom_1756474412405{padding-top: 50px !important;padding-right: 20px !important;padding-left: 20px !important;}&#8221;][vc_column_text css=&#8221;&#8221;]<\/p>\n<h2 class=\"ql-heading ql-show-draggable-anchor\" data-block-id=\"block-333fe48f-75e4-4913-b6fa-a9eadeb0d8fa\"><strong>Mostra di pittura in hotel<\/strong><\/h2>\n<p>[\/vc_column_text][vc_column_text css=&#8221;&#8221;]All&#8217;Hotel Universal esponiamo le opere d&#8217;arte di artisti contemporanei.<br \/>\nIngresso libero.[\/vc_column_text][\/vc_column][vc_column width=&#8221;1\/2&#8243;][vc_single_image image=&#8221;4834&#8243; img_size=&#8221;full&#8221; css=&#8221;&#8221; qode_css_animation=&#8221;&#8221;][\/vc_column][\/vc_row][vc_row css_animation=&#8221;&#8221; row_type=&#8221;row&#8221; use_row_as_full_screen_section=&#8221;no&#8221; type=&#8221;full_width&#8221; angled_section=&#8221;no&#8221; text_align=&#8221;left&#8221; background_image_as_pattern=&#8221;without_pattern&#8221;][vc_column][vc_empty_space height=&#8221;112px&#8221;][\/vc_column][\/vc_row][vc_row css_animation=&#8221;&#8221; row_type=&#8221;row&#8221; use_row_as_full_screen_section=&#8221;no&#8221; type=&#8221;full_width&#8221; angled_section=&#8221;no&#8221; text_align=&#8221;left&#8221; background_image_as_pattern=&#8221;without_pattern&#8221;][vc_column width=&#8221;1\/2&#8243;][vc_single_image image=&#8221;4479&#8243; img_size=&#8221;full&#8221; css=&#8221;&#8221; qode_css_animation=&#8221;&#8221;][\/vc_column][vc_column width=&#8221;1\/2&#8243;][vc_column_text css=&#8221;&#8221;]<\/p>\n<h2 class=\"ql-heading ql-show-draggable-anchor\" data-block-id=\"block-fccab0c3-7da7-43ec-b3c4-9a6af0bea094\">\ufe0f<strong>Harley\u2011Davidson European Spring Rally 2026 a Senigallia<\/strong><\/h2>\n<p>[\/vc_column_text][vc_column_text css=&#8221;&#8221;]Dal 30\u202faprile al 3\u202fmaggio 2026 Senigallia si prepara ad accogliere un evento davvero spettacolare: l\u2019Harley\u2011Davidson\u202fEuropean\u202fSpring\u202fRally, che riunisce appassionati delle due ruote da tutta Europa.<br \/>\nImmagina la \u201cSpiaggia di Velluto\u201d che fa da sfondo a centinaia di motociclette iconiche, tour panoramici lungo le colline marchigiane, spettacoli, musica dal vivo, test drive della nuova gamma Harley\u202fDavidson 2026 e tanto altro ancora.<br \/>\n\u00c8 un\u2019occasione perfetta per abbinare l\u2019adrenalina e il fascino del mondo moto a una vacanza rilassante in una destinazione di mare, con buon cibo, panorami, aria di primavera e ospitalit\u00e0.<br \/>\nPrenota subito il tuo soggiorno e vivi Senigallia con il rombo dei motori come colonna sonora![\/vc_column_text][\/vc_column][\/vc_row][vc_row css_animation=&#8221;&#8221; row_type=&#8221;row&#8221; use_row_as_full_screen_section=&#8221;no&#8221; type=&#8221;full_width&#8221; angled_section=&#8221;no&#8221; text_align=&#8221;left&#8221; background_image_as_pattern=&#8221;without_pattern&#8221;][vc_column][vc_empty_space height=&#8221;112px&#8221;][\/vc_column][\/vc_row][vc_row css_animation=&#8221;&#8221; row_type=&#8221;row&#8221; use_row_as_full_screen_section=&#8221;no&#8221; type=&#8221;full_width&#8221; angled_section=&#8221;no&#8221; text_align=&#8221;left&#8221; background_image_as_pattern=&#8221;without_pattern&#8221;][vc_column width=&#8221;1\/2&#8243;][vc_column_text css=&#8221;&#8221;]<\/p>\n<h2 class=\"ql-heading ql-show-draggable-anchor\" data-block-id=\"block-fccab0c3-7da7-43ec-b3c4-9a6af0bea094\"><strong>C\ufe0foncerto Vasco Rossi<br \/>\n23 e 24 giugno 2026<\/strong><\/h2>\n<p>[\/vc_column_text][vc_column_text css=&#8221;&#8221;]Il <b data-path-to-node=\"3\" data-index-in-node=\"3\">23 e 24 giugno<\/b>, lo Stadio del Conero si trasforma nel tempio del rock italiano. <b data-path-to-node=\"3\" data-index-in-node=\"83\">Vasco Rossi<\/b> torna a infiammare le Marche con due date imperdibili, portando sul palco i grandi classici e l&#8217;energia travolgente che solo il suo tour sa regalare.[\/vc_column_text][\/vc_column][vc_column width=&#8221;1\/2&#8243;][vc_single_image image=&#8221;4890&#8243; img_size=&#8221;full&#8221; css=&#8221;&#8221; qode_css_animation=&#8221;&#8221;][\/vc_column][\/vc_row][vc_row css_animation=&#8221;&#8221; row_type=&#8221;row&#8221; use_row_as_full_screen_section=&#8221;no&#8221; type=&#8221;full_width&#8221; angled_section=&#8221;no&#8221; text_align=&#8221;left&#8221; background_image_as_pattern=&#8221;without_pattern&#8221;][vc_column][vc_empty_space height=&#8221;112px&#8221;][\/vc_column][\/vc_row][vc_row css_animation=&#8221;&#8221; row_type=&#8221;row&#8221; use_row_as_full_screen_section=&#8221;no&#8221; type=&#8221;full_width&#8221; angled_section=&#8221;no&#8221; text_align=&#8221;left&#8221; background_image_as_pattern=&#8221;without_pattern&#8221;][vc_column width=&#8221;1\/2&#8243;][vc_single_image image=&#8221;4810&#8243; img_size=&#8221;full&#8221; css=&#8221;&#8221; qode_css_animation=&#8221;&#8221;][\/vc_column][vc_column width=&#8221;1\/2&#8243;][vc_column_text css=&#8221;&#8221;]<\/p>\n<h2 class=\"ql-heading ql-show-draggable-anchor\" data-block-id=\"block-fccab0c3-7da7-43ec-b3c4-9a6af0bea094\"><strong>\ufe0fAdriatic Tattoo &amp; Sport Festival<br \/>\n26 &#8211; 27 &#8211; 28 giugno 2026<\/strong><\/h2>\n<p>[\/vc_column_text][vc_column_text css=&#8221;&#8221;]Dal 26 al 28 giugno 2026, il centro storico di Senigallia ospita un evento unico nel suo genere con lo scopo di celebrare l&#8217;arte del tatuaggio e la cultura sportiva.[\/vc_column_text][\/vc_column][\/vc_row][vc_row css_animation=&#8221;&#8221; row_type=&#8221;row&#8221; use_row_as_full_screen_section=&#8221;no&#8221; type=&#8221;full_width&#8221; angled_section=&#8221;no&#8221; text_align=&#8221;left&#8221; background_image_as_pattern=&#8221;without_pattern&#8221;][vc_column][vc_empty_space height=&#8221;112px&#8221;][\/vc_column][\/vc_row][vc_row css_animation=&#8221;&#8221; row_type=&#8221;row&#8221; use_row_as_full_screen_section=&#8221;no&#8221; type=&#8221;full_width&#8221; angled_section=&#8221;no&#8221; text_align=&#8221;left&#8221; background_image_as_pattern=&#8221;without_pattern&#8221;][vc_column width=&#8221;1\/2&#8243;][vc_column_text css=&#8221;&#8221;]<\/p>\n<h2 class=\"ql-heading ql-show-draggable-anchor\" data-block-id=\"block-fccab0c3-7da7-43ec-b3c4-9a6af0bea094\"><strong>\ufe0fNotre Dame &#8211; Piazza Garibaldi<br \/>\n12 luglio 2026<\/strong><\/h2>\n<p>[\/vc_column_text][vc_column_text css=&#8221;&#8221;]Uno spettacolo senza tempo che incanta e coinvolge.<\/p>\n<p>Notre Dame \u00e8 un viaggio tra musica, emozioni e grandi storie, capace di affascinare adulti e ragazzi. Un evento culturale di grande richiamo che rende il soggiorno a Senigallia ancora pi\u00f9 speciale, tra arte, teatro e il piacere di una pausa al mare.[\/vc_column_text][\/vc_column][vc_column width=&#8221;1\/2&#8243;][vc_single_image image=&#8221;4743&#8243; img_size=&#8221;full&#8221; css=&#8221;&#8221; qode_css_animation=&#8221;&#8221;][\/vc_column][\/vc_row][vc_row css_animation=&#8221;&#8221; row_type=&#8221;row&#8221; use_row_as_full_screen_section=&#8221;no&#8221; type=&#8221;full_width&#8221; angled_section=&#8221;no&#8221; text_align=&#8221;left&#8221; background_image_as_pattern=&#8221;without_pattern&#8221;][vc_column][vc_empty_space height=&#8221;112px&#8221;][\/vc_column][\/vc_row][vc_row css_animation=&#8221;&#8221; row_type=&#8221;row&#8221; use_row_as_full_screen_section=&#8221;no&#8221; type=&#8221;full_width&#8221; angled_section=&#8221;no&#8221; text_align=&#8221;left&#8221; background_image_as_pattern=&#8221;without_pattern&#8221;][vc_column width=&#8221;1\/2&#8243;][vc_single_image image=&#8221;4747&#8243; img_size=&#8221;full&#8221; css=&#8221;&#8221; qode_css_animation=&#8221;&#8221;][\/vc_column][vc_column width=&#8221;1\/2&#8243;][vc_column_text css=&#8221;&#8221;]<\/p>\n<h2 class=\"ql-heading ql-show-draggable-anchor\" data-block-id=\"block-fccab0c3-7da7-43ec-b3c4-9a6af0bea094\"><strong>Concerto di Alfa a Senigallia &#8211; Piazza Garibaldi<br \/>\n<\/strong><strong>14 luglio 2026<\/strong><\/h2>\n<p>[\/vc_column_text][vc_column_text css=&#8221;&#8221;]Un grande concerto, una citt\u00e0 che vibra e l\u2019energia di una notte da ricordare.<\/p>\n<p>Il live di Alfa porta a Senigallia emozioni, musica e parole che parlano di sogni, libert\u00e0 e nuove partenze. Un\u2019occasione perfetta per vivere il centro citt\u00e0 tra note, luci e entusiasmo, e poi rientrare in hotel per rilassarsi e prolungare la magia del weekend.[\/vc_column_text][\/vc_column][\/vc_row][vc_row css_animation=&#8221;&#8221; row_type=&#8221;row&#8221; use_row_as_full_screen_section=&#8221;no&#8221; type=&#8221;full_width&#8221; angled_section=&#8221;no&#8221; text_align=&#8221;left&#8221; background_image_as_pattern=&#8221;without_pattern&#8221;][vc_column][vc_empty_space height=&#8221;112px&#8221;][\/vc_column][\/vc_row][vc_row css_animation=&#8221;&#8221; row_type=&#8221;row&#8221; use_row_as_full_screen_section=&#8221;no&#8221; type=&#8221;full_width&#8221; angled_section=&#8221;no&#8221; text_align=&#8221;left&#8221; background_image_as_pattern=&#8221;without_pattern&#8221;][vc_column width=&#8221;1\/2&#8243;][vc_column_text css=&#8221;&#8221;]<\/p>\n<h2 class=\"ql-heading ql-show-draggable-anchor\" data-block-id=\"block-fccab0c3-7da7-43ec-b3c4-9a6af0bea094\"><strong>Summer Jamboree<br \/>\n31 luglio &#8211; 9 agosto 2026<\/strong><\/h2>\n<p>[\/vc_column_text][vc_column_text css=&#8221;&#8221;]Quando Senigallia si trasforma nella capitale del rock\u2019n\u2019roll.<\/p>\n<p>Il Summer Jamboree \u00e8 molto pi\u00f9 di un festival: \u00e8 un\u2019atmosfera unica fatta di musica vintage, balli scatenati, abiti retr\u00f2 e sorrisi ovunque. Un evento internazionale che anima la citt\u00e0 giorno e notte e che ogni anno richiama appassionati da tutta Europa.[\/vc_column_text][\/vc_column][vc_column width=&#8221;1\/2&#8243;][vc_single_image image=&#8221;4751&#8243; img_size=&#8221;full&#8221; css=&#8221;&#8221; qode_css_animation=&#8221;&#8221;][\/vc_column][\/vc_row][vc_row css_animation=&#8221;&#8221; row_type=&#8221;row&#8221; use_row_as_full_screen_section=&#8221;no&#8221; type=&#8221;full_width&#8221; angled_section=&#8221;no&#8221; text_align=&#8221;left&#8221; background_image_as_pattern=&#8221;without_pattern&#8221;][vc_column][vc_empty_space height=&#8221;112px&#8221;][vc_separator type=&#8221;normal&#8221;][vc_empty_space height=&#8221;112px&#8221;][\/vc_column][\/vc_row][vc_row css_animation=&#8221;&#8221; row_type=&#8221;row&#8221; use_row_as_full_screen_section=&#8221;no&#8221; type=&#8221;grid&#8221; angled_section=&#8221;no&#8221; text_align=&#8221;left&#8221; background_image_as_pattern=&#8221;without_pattern&#8221; z_index=&#8221;&#8221; padding_bottom=&#8221;45&#8243; css=&#8221;.vc_custom_1579864113174{background-color: #f6f6f6 !important;}&#8221; padding_top=&#8221;35&#8243; background_color=&#8221;#f6f6f6&#8243;][vc_column][vc_row_inner row_type=&#8221;row&#8221; type=&#8221;full_width&#8221; text_align=&#8221;left&#8221; css_animation=&#8221;&#8221; el_class=&#8221;tipology-inner-two-wrap&#8221; background_color=&#8221;#f6f6f6&#8243;][vc_column_inner el_class=&#8221;tipology-inner-two-wrap-block&#8221; width=&#8221;1\/3&#8243;][vc_single_image image=&#8221;2748&#8243; img_size=&#8221;full&#8221; alignment=&#8221;center&#8221; onclick=&#8221;custom_link&#8221; css=&#8221;&#8221; qode_css_animation=&#8221;&#8221; el_class=&#8221;tipology-inner-two-img-block&#8221; link=&#8221;\/it\/monumenti-senigallia\/&#8221;][vc_column_text css=&#8221;&#8221; el_class=&#8221;tipology-inner-two-text-block&#8221;]<\/p>\n<h4><a style=\"color: #ffffff;\" href=\"\/it\/camere\/\">Camere<\/a><\/h4>\n<p>[\/vc_column_text][\/vc_column_inner][vc_column_inner el_class=&#8221;tipology-inner-two-wrap-block&#8221; width=&#8221;1\/3&#8243;][vc_single_image image=&#8221;2776&#8243; img_size=&#8221;full&#8221; alignment=&#8221;center&#8221; onclick=&#8221;custom_link&#8221; css=&#8221;&#8221; qode_css_animation=&#8221;&#8221; el_class=&#8221;tipology-inner-two-img-block&#8221; link=&#8221;\/it\/entroterra\/&#8221;][vc_column_text css=&#8221;&#8221; el_class=&#8221;tipology-inner-two-text-block&#8221;]<\/p>\n<h4><a style=\"color: #ffffff;\" href=\"\/it\/servizi\/\">Servizi<\/a><\/h4>\n<p>[\/vc_column_text][\/vc_column_inner][vc_column_inner el_class=&#8221;tipology-inner-two-wrap-block&#8221; width=&#8221;1\/3&#8243;][vc_single_image image=&#8221;913&#8243; img_size=&#8221;full&#8221; alignment=&#8221;center&#8221; onclick=&#8221;custom_link&#8221; css=&#8221;&#8221; qode_css_animation=&#8221;&#8221; el_class=&#8221;tipology-inner-two-img-block&#8221; link=&#8221;\/it\/la-spiaggia\/&#8221;][vc_column_text el_class=&#8221;tipology-inner-two-text-block&#8221;]<\/p>\n<h4><a style=\"color: #ffffff;\" href=\"\/it\/la-spiaggia\/\">La spiaggia<\/a><\/h4>\n<p>[\/vc_column_text][\/vc_column_inner][\/vc_row_inner][\/vc_column][\/vc_row]<\/p>\n<\/div>","protected":false},"excerpt":{"rendered":"<p>[vc_row css_animation=&#8221;&#8221; row_type=&#8221;row&#8221; use_row_as_full_screen_section=&#8221;no&#8221; type=&#8221;full_width&#8221; angled_section=&#8221;no&#8221; text_align=&#8221;left&#8221; background_image_as_pattern=&#8221;without_pattern&#8221;][vc_column][vc_column_text css=&#8221;&#8221;] Eventi [\/vc_column_text][\/vc_column][\/vc_row][vc_row css_animation=&#8221;&#8221; row_type=&#8221;row&#8221; use_row_as_full_screen_section=&#8221;no&#8221; type=&#8221;full_width&#8221; angled_section=&#8221;no&#8221; text_align=&#8221;left&#8221; background_image_as_pattern=&#8221;without_pattern&#8221;][vc_column][vc_empty_space][\/vc_column][\/vc_row][vc_row css_animation=&#8221;&#8221; row_type=&#8221;row&#8221; use_row_as_full_screen_section=&#8221;no&#8221; type=&#8221;full_width&#8221; angled_section=&#8221;no&#8221; text_align=&#8221;left&#8221; background_image_as_pattern=&#8221;without_pattern&#8221;][vc_column width=&#8221;1\/2&#8243; css=&#8221;.vc_custom_1756474412405{padding-top: 50px !important;padding-right: 20px !important;padding-left: 20px !important;}&#8221;][vc_column_text css=&#8221;&#8221;] Mostra di pittura in hotel [\/vc_column_text][vc_column_text css=&#8221;&#8221;]All&#8217;Hotel Universal esponiamo le opere&#8230;<\/p>\n","protected":false},"author":2,"featured_media":1295,"parent":0,"menu_order":0,"comment_status":"closed","ping_status":"closed","template":"","meta":{"_acf_changed":false,"footnotes":""},"class_list":["post-1372","page","type-page","status-publish","has-post-thumbnail","hentry"],"acf":[],"yoast_head":"<!-- This site is optimized with the Yoast SEO plugin v25.7 - https:\/\/yoast.com\/wordpress\/plugins\/seo\/ -->\n<title>Eventi | Hotel Universal - Senigallia (AN)<\/title>\n<meta name=\"robots\" content=\"index, follow, max-snippet:-1, max-image-preview:large, max-video-preview:-1\" \/>\n<link rel=\"canonical\" href=\"https:\/\/www.hoteluniversal.it\/it\/eventi\/\" \/>\n<meta property=\"og:locale\" content=\"it_IT\" \/>\n<meta property=\"og:type\" content=\"article\" \/>\n<meta property=\"og:title\" content=\"Eventi | Hotel Universal - Senigallia (AN)\" \/>\n<meta property=\"og:description\" content=\"[vc_row css_animation=&#8221;&#8221; row_type=&#8221;row&#8221; use_row_as_full_screen_section=&#8221;no&#8221; type=&#8221;full_width&#8221; angled_section=&#8221;no&#8221; text_align=&#8221;left&#8221; background_image_as_pattern=&#8221;without_pattern&#8221;][vc_column][vc_column_text css=&#8221;&#8221;] Eventi [\/vc_column_text][\/vc_column][\/vc_row][vc_row css_animation=&#8221;&#8221; row_type=&#8221;row&#8221; use_row_as_full_screen_section=&#8221;no&#8221; type=&#8221;full_width&#8221; angled_section=&#8221;no&#8221; text_align=&#8221;left&#8221; background_image_as_pattern=&#8221;without_pattern&#8221;][vc_column][vc_empty_space][\/vc_column][\/vc_row][vc_row css_animation=&#8221;&#8221; row_type=&#8221;row&#8221; use_row_as_full_screen_section=&#8221;no&#8221; type=&#8221;full_width&#8221; angled_section=&#8221;no&#8221; text_align=&#8221;left&#8221; background_image_as_pattern=&#8221;without_pattern&#8221;][vc_column width=&#8221;1\/2&#8243; css=&#8221;.vc_custom_1756474412405{padding-top: 50px !important;padding-right: 20px !important;padding-left: 20px !important;}&#8221;][vc_column_text css=&#8221;&#8221;] Mostra di pittura in hotel [\/vc_column_text][vc_column_text css=&#8221;&#8221;]All&#8217;Hotel Universal esponiamo le opere...\" \/>\n<meta property=\"og:url\" content=\"https:\/\/www.hoteluniversal.it\/it\/eventi\/\" \/>\n<meta property=\"og:site_name\" content=\"Hotel Universal - Senigallia (AN)\" \/>\n<meta property=\"article:modified_time\" content=\"2026-04-22T12:50:18+00:00\" \/>\n<meta property=\"og:image\" content=\"https:\/\/www.hoteluniversal.it\/wp-content\/uploads\/2020\/01\/slide-Senigallia.jpg\" \/>\n\t<meta property=\"og:image:width\" content=\"2000\" \/>\n\t<meta property=\"og:image:height\" content=\"510\" \/>\n\t<meta property=\"og:image:type\" content=\"image\/jpeg\" \/>\n<meta name=\"twitter:card\" content=\"summary_large_image\" \/>\n<meta name=\"twitter:label1\" content=\"Tempo di lettura stimato\" \/>\n\t<meta name=\"twitter:data1\" content=\"6 minuti\" \/>\n<script type=\"application\/ld+json\" class=\"yoast-schema-graph\">{\"@context\":\"https:\/\/schema.org\",\"@graph\":[{\"@type\":\"WebPage\",\"@id\":\"https:\/\/www.hoteluniversal.it\/it\/eventi\/\",\"url\":\"https:\/\/www.hoteluniversal.it\/it\/eventi\/\",\"name\":\"Eventi | Hotel Universal - Senigallia (AN)\",\"isPartOf\":{\"@id\":\"https:\/\/www.hoteluniversal.it\/it\/#website\"},\"primaryImageOfPage\":{\"@id\":\"https:\/\/www.hoteluniversal.it\/it\/eventi\/#primaryimage\"},\"image\":{\"@id\":\"https:\/\/www.hoteluniversal.it\/it\/eventi\/#primaryimage\"},\"thumbnailUrl\":\"https:\/\/www.hoteluniversal.it\/wp-content\/uploads\/2020\/01\/slide-Senigallia.jpg\",\"datePublished\":\"2020-01-28T13:45:55+00:00\",\"dateModified\":\"2026-04-22T12:50:18+00:00\",\"breadcrumb\":{\"@id\":\"https:\/\/www.hoteluniversal.it\/it\/eventi\/#breadcrumb\"},\"inLanguage\":\"it-IT\",\"potentialAction\":[{\"@type\":\"ReadAction\",\"target\":[\"https:\/\/www.hoteluniversal.it\/it\/eventi\/\"]}]},{\"@type\":\"ImageObject\",\"inLanguage\":\"it-IT\",\"@id\":\"https:\/\/www.hoteluniversal.it\/it\/eventi\/#primaryimage\",\"url\":\"https:\/\/www.hoteluniversal.it\/wp-content\/uploads\/2020\/01\/slide-Senigallia.jpg\",\"contentUrl\":\"https:\/\/www.hoteluniversal.it\/wp-content\/uploads\/2020\/01\/slide-Senigallia.jpg\",\"width\":2000,\"height\":510},{\"@type\":\"BreadcrumbList\",\"@id\":\"https:\/\/www.hoteluniversal.it\/it\/eventi\/#breadcrumb\",\"itemListElement\":[{\"@type\":\"ListItem\",\"position\":1,\"name\":\"Home\",\"item\":\"https:\/\/www.hoteluniversal.it\/it\/\"},{\"@type\":\"ListItem\",\"position\":2,\"name\":\"Eventi\"}]},{\"@type\":\"WebSite\",\"@id\":\"https:\/\/www.hoteluniversal.it\/it\/#website\",\"url\":\"https:\/\/www.hoteluniversal.it\/it\/\",\"name\":\"Hotel Universal - Senigallia (AN)\",\"description\":\"\",\"potentialAction\":[{\"@type\":\"SearchAction\",\"target\":{\"@type\":\"EntryPoint\",\"urlTemplate\":\"https:\/\/www.hoteluniversal.it\/it\/?s={search_term_string}\"},\"query-input\":{\"@type\":\"PropertyValueSpecification\",\"valueRequired\":true,\"valueName\":\"search_term_string\"}}],\"inLanguage\":\"it-IT\"}]}<\/script>\n<!-- \/ Yoast SEO plugin. -->","yoast_head_json":{"title":"Eventi | Hotel Universal - Senigallia (AN)","robots":{"index":"index","follow":"follow","max-snippet":"max-snippet:-1","max-image-preview":"max-image-preview:large","max-video-preview":"max-video-preview:-1"},"canonical":"https:\/\/www.hoteluniversal.it\/it\/eventi\/","og_locale":"it_IT","og_type":"article","og_title":"Eventi | Hotel Universal - Senigallia (AN)","og_description":"[vc_row css_animation=&#8221;&#8221; row_type=&#8221;row&#8221; use_row_as_full_screen_section=&#8221;no&#8221; type=&#8221;full_width&#8221; angled_section=&#8221;no&#8221; text_align=&#8221;left&#8221; background_image_as_pattern=&#8221;without_pattern&#8221;][vc_column][vc_column_text css=&#8221;&#8221;] Eventi [\/vc_column_text][\/vc_column][\/vc_row][vc_row css_animation=&#8221;&#8221; row_type=&#8221;row&#8221; use_row_as_full_screen_section=&#8221;no&#8221; type=&#8221;full_width&#8221; angled_section=&#8221;no&#8221; text_align=&#8221;left&#8221; background_image_as_pattern=&#8221;without_pattern&#8221;][vc_column][vc_empty_space][\/vc_column][\/vc_row][vc_row css_animation=&#8221;&#8221; row_type=&#8221;row&#8221; use_row_as_full_screen_section=&#8221;no&#8221; type=&#8221;full_width&#8221; angled_section=&#8221;no&#8221; text_align=&#8221;left&#8221; background_image_as_pattern=&#8221;without_pattern&#8221;][vc_column width=&#8221;1\/2&#8243; css=&#8221;.vc_custom_1756474412405{padding-top: 50px !important;padding-right: 20px !important;padding-left: 20px !important;}&#8221;][vc_column_text css=&#8221;&#8221;] Mostra di pittura in hotel [\/vc_column_text][vc_column_text css=&#8221;&#8221;]All&#8217;Hotel Universal esponiamo le opere...","og_url":"https:\/\/www.hoteluniversal.it\/it\/eventi\/","og_site_name":"Hotel Universal - Senigallia (AN)","article_modified_time":"2026-04-22T12:50:18+00:00","og_image":[{"width":2000,"height":510,"url":"https:\/\/www.hoteluniversal.it\/wp-content\/uploads\/2020\/01\/slide-Senigallia.jpg","type":"image\/jpeg"}],"twitter_card":"summary_large_image","twitter_misc":{"Tempo di lettura stimato":"6 minuti"},"schema":{"@context":"https:\/\/schema.org","@graph":[{"@type":"WebPage","@id":"https:\/\/www.hoteluniversal.it\/it\/eventi\/","url":"https:\/\/www.hoteluniversal.it\/it\/eventi\/","name":"Eventi | Hotel Universal - Senigallia (AN)","isPartOf":{"@id":"https:\/\/www.hoteluniversal.it\/it\/#website"},"primaryImageOfPage":{"@id":"https:\/\/www.hoteluniversal.it\/it\/eventi\/#primaryimage"},"image":{"@id":"https:\/\/www.hoteluniversal.it\/it\/eventi\/#primaryimage"},"thumbnailUrl":"https:\/\/www.hoteluniversal.it\/wp-content\/uploads\/2020\/01\/slide-Senigallia.jpg","datePublished":"2020-01-28T13:45:55+00:00","dateModified":"2026-04-22T12:50:18+00:00","breadcrumb":{"@id":"https:\/\/www.hoteluniversal.it\/it\/eventi\/#breadcrumb"},"inLanguage":"it-IT","potentialAction":[{"@type":"ReadAction","target":["https:\/\/www.hoteluniversal.it\/it\/eventi\/"]}]},{"@type":"ImageObject","inLanguage":"it-IT","@id":"https:\/\/www.hoteluniversal.it\/it\/eventi\/#primaryimage","url":"https:\/\/www.hoteluniversal.it\/wp-content\/uploads\/2020\/01\/slide-Senigallia.jpg","contentUrl":"https:\/\/www.hoteluniversal.it\/wp-content\/uploads\/2020\/01\/slide-Senigallia.jpg","width":2000,"height":510},{"@type":"BreadcrumbList","@id":"https:\/\/www.hoteluniversal.it\/it\/eventi\/#breadcrumb","itemListElement":[{"@type":"ListItem","position":1,"name":"Home","item":"https:\/\/www.hoteluniversal.it\/it\/"},{"@type":"ListItem","position":2,"name":"Eventi"}]},{"@type":"WebSite","@id":"https:\/\/www.hoteluniversal.it\/it\/#website","url":"https:\/\/www.hoteluniversal.it\/it\/","name":"Hotel Universal - Senigallia (AN)","description":"","potentialAction":[{"@type":"SearchAction","target":{"@type":"EntryPoint","urlTemplate":"https:\/\/www.hoteluniversal.it\/it\/?s={search_term_string}"},"query-input":{"@type":"PropertyValueSpecification","valueRequired":true,"valueName":"search_term_string"}}],"inLanguage":"it-IT"}]}},"_links":{"self":[{"href":"https:\/\/www.hoteluniversal.it\/it\/wp-json\/wp\/v2\/pages\/1372","targetHints":{"allow":["GET"]}}],"collection":[{"href":"https:\/\/www.hoteluniversal.it\/it\/wp-json\/wp\/v2\/pages"}],"about":[{"href":"https:\/\/www.hoteluniversal.it\/it\/wp-json\/wp\/v2\/types\/page"}],"author":[{"embeddable":true,"href":"https:\/\/www.hoteluniversal.it\/it\/wp-json\/wp\/v2\/users\/2"}],"replies":[{"embeddable":true,"href":"https:\/\/www.hoteluniversal.it\/it\/wp-json\/wp\/v2\/comments?post=1372"}],"version-history":[{"count":80,"href":"https:\/\/www.hoteluniversal.it\/it\/wp-json\/wp\/v2\/pages\/1372\/revisions"}],"predecessor-version":[{"id":4895,"href":"https:\/\/www.hoteluniversal.it\/it\/wp-json\/wp\/v2\/pages\/1372\/revisions\/4895"}],"wp:featuredmedia":[{"embeddable":true,"href":"https:\/\/www.hoteluniversal.it\/it\/wp-json\/wp\/v2\/media\/1295"}],"wp:attachment":[{"href":"https:\/\/www.hoteluniversal.it\/it\/wp-json\/wp\/v2\/media?parent=1372"}],"curies":[{"name":"wp","href":"https:\/\/api.w.org\/{rel}","templated":true}]}}