{"id":938,"date":"2020-01-22T13:02:48","date_gmt":"2020-01-22T12:02:48","guid":{"rendered":"https:\/\/www.hoteluniversal.it\/?page_id=938"},"modified":"2025-08-13T17:01:16","modified_gmt":"2025-08-13T15:01:16","slug":"la-plage","status":"publish","type":"page","link":"https:\/\/www.hoteluniversal.it\/fr\/la-plage\/","title":{"rendered":"La plage"},"content":{"rendered":"<div class=\"wpb-content-wrapper\"><p>[vc_row css_animation=\u00a0\u00bb\u00a0\u00bb row_type=\u00a0\u00bbrow\u00a0\u00bb use_row_as_full_screen_section=\u00a0\u00bbno\u00a0\u00bb type=\u00a0\u00bbfull_width\u00a0\u00bb angled_section=\u00a0\u00bbno\u00a0\u00bb text_align=\u00a0\u00bbleft\u00a0\u00bb background_image_as_pattern=\u00a0\u00bbwithout_pattern\u00a0\u00bb][vc_column][vc_column_text]<\/p>\n<h1 style=\"text-align: center;\">La plage priv\u00e9e<\/h1>\n<p>[\/vc_column_text][\/vc_column][\/vc_row][vc_row css_animation=\u00a0\u00bb\u00a0\u00bb row_type=\u00a0\u00bbrow\u00a0\u00bb use_row_as_full_screen_section=\u00a0\u00bbno\u00a0\u00bb type=\u00a0\u00bbfull_width\u00a0\u00bb angled_section=\u00a0\u00bbno\u00a0\u00bb text_align=\u00a0\u00bbleft\u00a0\u00bb background_image_as_pattern=\u00a0\u00bbwithout_pattern\u00a0\u00bb z_index=\u00a0\u00bb\u00a0\u00bb css=\u00a0\u00bb.vc_custom_1579693046351{padding-bottom: 30px !important;}\u00a0\u00bb][vc_column width=\u00a0\u00bb7\/12&Prime;][vc_column_text]<strong>D\u00e9j\u00e0 le mot \u00ab vacances \u00bb en lui-m\u00eame apporte de la joie<\/strong>. Et si nous y sommes vraiment &#8230; eh bien, il est obligatoire que ce soit fantastique, ne serait-ce que pour nous rembourser la longue attente![\/vc_column_text][vc_row_inner row_type=\u00a0\u00bbrow\u00a0\u00bb type=\u00a0\u00bbfull_width\u00a0\u00bb text_align=\u00a0\u00bbleft\u00a0\u00bb css_animation=\u00a0\u00bb\u00a0\u00bb css=\u00a0\u00bb.vc_custom_1604307503626{margin-bottom: 10px !important;background-color: #ffffff !important;border-radius: 15px !important;}\u00a0\u00bb padding_top=\u00a0\u00bb10&Prime; el_class=\u00a0\u00bbrece-shadow\u00a0\u00bb][vc_column_inner el_class=\u00a0\u00bbstelle-rece\u00a0\u00bb width=\u00a0\u00bb1\/6&Prime;][vc_single_image image=\u00a0\u00bb2177&Prime; img_size=\u00a0\u00bbfull\u00a0\u00bb qode_css_animation=\u00a0\u00bb\u00a0\u00bb][vc_single_image image=\u00a0\u00bb2119&Prime; img_size=\u00a0\u00bbfull\u00a0\u00bb qode_css_animation=\u00a0\u00bb\u00a0\u00bb][\/vc_column_inner][vc_column_inner width=\u00a0\u00bb5\/6&Prime;][vc_column_text]<\/p>\n<h4>Elia M.<\/h4>\n<p>H\u00f4tel bien entretenu et bien situ\u00e9 &#8230; grande plage[\/vc_column_text][\/vc_column_inner][\/vc_row_inner][vc_column_text]Si vous aimez la mer, ici \u00e0 Senigallia vous vous sentirez vraiment bien. En plus d&rsquo;\u00eatre propre, elle est calme. Donc, si vous n&rsquo;\u00eates pas des nageurs professionnels et, au contraire, vous aimez nager et cherchez une mer pas trop agit\u00e9e ou si vous avez des enfants, voici les vacances pour vous.<\/p>\n<p>Nous y voil\u00e0. Nous vous attendons.<\/p>\n<p><strong>L&rsquo;h\u00f4tel Universal offre \u00e0 ses clients sa plage priv\u00e9e<\/strong>, o\u00f9 la confidentialit\u00e9, le service et la s\u00e9curit\u00e9 sont garantis.[\/vc_column_text][\/vc_column][vc_column width=\u00a0\u00bb5\/12&Prime;][vc_raw_html css=\u00a0\u00bb\u00a0\u00bb el_class=\u00a0\u00bbiframe-container\u00a0\u00bb]JTNDaWZyYW1lJTIwc3JjJTNEJTIyaHR0cHMlM0ElMkYlMkZ3d3cuZ29vZ2xlLmNvbSUyRm1hcHMlMkZlbWJlZCUzRnBiJTNEJTIxNHYxNzUzOTc1NjM0NjczJTIxNm04JTIxMW03JTIxMXNDQW9TSEVOSlFVSkphRVJ0YXkweFltMHlNRVpCZEY5ZlVGVkRWMVpDWmpjLiUyMTJtMiUyMTFkNDMuNzIyNjQwODI5MDE1MDUlMjEyZDEzLjIxNDI2NzAwNjQ2NjY4JTIxM2YzMjEuMDIyMTc5OTU2NjgzNTQlMjE0ZjguMzAyMzgyMjgyMjY4MTEzJTIxNWYwLjc4MjA4NjU5NzQ2Mjc0NjklMjIlMjB3aWR0aCUzRCUyMjYwMCUyMiUyMGhlaWdodCUzRCUyMjQ1MCUyMiUyMHN0eWxlJTNEJTIyYm9yZGVyJTNBMCUzQiUyMiUyMGFsbG93ZnVsbHNjcmVlbiUzRCUyMiUyMiUyMGxvYWRpbmclM0QlMjJsYXp5JTIyJTIwcmVmZXJyZXJwb2xpY3klM0QlMjJuby1yZWZlcnJlci13aGVuLWRvd25ncmFkZSUyMiUzRSUzQyUyRmlmcmFtZSUzRQ==[\/vc_raw_html][\/vc_column][\/vc_row][vc_row css_animation=\u00a0\u00bb\u00a0\u00bb row_type=\u00a0\u00bbrow\u00a0\u00bb use_row_as_full_screen_section=\u00a0\u00bbno\u00a0\u00bb type=\u00a0\u00bbfull_width\u00a0\u00bb angled_section=\u00a0\u00bbno\u00a0\u00bb text_align=\u00a0\u00bbleft\u00a0\u00bb background_image_as_pattern=\u00a0\u00bbwithout_pattern\u00a0\u00bb css=\u00a0\u00bb.vc_custom_1579693086050{padding-bottom: 30px !important;}\u00a0\u00bb z_index=\u00a0\u00bb\u00a0\u00bb][vc_column][vc_column_text css=\u00a0\u00bb\u00a0\u00bb]<strong>Le confort d&rsquo;une plage \u00e0 deux pas<\/strong><\/p>\n<p>Imaginez la commodit\u00e9 d&rsquo;\u00eatre sur la plage juste apr\u00e8s avoir travers\u00e9 la rue.<\/p>\n<p><strong>Senigallia a \u00e9t\u00e9 nomm\u00e9e Pavillon bleu europ\u00e9en 14 fois<\/strong>.<\/p>\n<p>Notre plage, spacieuse et bien \u00e9quip\u00e9e, est enti\u00e8rement d\u00e9di\u00e9e \u00e0 vous et vous offre :<\/p>\n<p>[\/vc_column_text][\/vc_column][\/vc_row][vc_row css_animation=\u00a0\u00bb\u00a0\u00bb row_type=\u00a0\u00bbrow\u00a0\u00bb use_row_as_full_screen_section=\u00a0\u00bbno\u00a0\u00bb type=\u00a0\u00bbfull_width\u00a0\u00bb angled_section=\u00a0\u00bbno\u00a0\u00bb text_align=\u00a0\u00bbleft\u00a0\u00bb background_image_as_pattern=\u00a0\u00bbwithout_pattern\u00a0\u00bb css=\u00a0\u00bb.vc_custom_1579693086050{padding-bottom: 30px !important;}\u00a0\u00bb z_index=\u00a0\u00bb\u00a0\u00bb][vc_column width=\u00a0\u00bb1\/2&Prime;][vc_column_text css=\u00a0\u00bb\u00a0\u00bb]<\/p>\n<ul>\n<li>parapluies<\/li>\n<li>transats et chaises longues<\/li>\n<li>cabines<\/li>\n<li>douche chaude<\/li>\n<li>aire de jeux pour enfants<\/li>\n<\/ul>\n<p>[\/vc_column_text][\/vc_column][vc_column width=\u00a0\u00bb1\/2&Prime;][vc_column_text css=\u00a0\u00bb\u00a0\u00bb]<\/p>\n<ul>\n<li>zone de ping-pong<\/li>\n<li>un terrain de beach-volley et de tennis de plage<\/li>\n<li>un terrain pour jouer \u00e0 p\u00e9tanque<\/li>\n<li>un belv\u00e9d\u00e8re cool<\/li>\n<\/ul>\n<p>[\/vc_column_text][\/vc_column][\/vc_row][vc_row css_animation=\u00a0\u00bb\u00a0\u00bb row_type=\u00a0\u00bbrow\u00a0\u00bb use_row_as_full_screen_section=\u00a0\u00bbno\u00a0\u00bb type=\u00a0\u00bbfull_width\u00a0\u00bb angled_section=\u00a0\u00bbno\u00a0\u00bb text_align=\u00a0\u00bbleft\u00a0\u00bb background_image_as_pattern=\u00a0\u00bbwithout_pattern\u00a0\u00bb][vc_column][vc_column_text css=\u00a0\u00bb\u00a0\u00bb]<strong>Et apr\u00e8s une journ\u00e9e de soleil et de mer&#8230;<\/strong><\/p>\n<p>N&rsquo;oubliez pas de d\u00e9couvrir notre restaurant !<\/p>\n<p>Apr\u00e8s une journ\u00e9e pass\u00e9e sur notre magnifique plage, nous vous attendons pour vous offrir une cuisine d\u00e9licieuse et des plats pr\u00e9par\u00e9s avec soin par nos chefs. <a href=\"\/fr\/restaurant\/\">D\u00e9couvrez notre restaurant !<\/a>[\/vc_column_text][\/vc_column][\/vc_row]<\/p>\n<\/div>","protected":false},"excerpt":{"rendered":"<p>[vc_row css_animation=\u00a0\u00bb\u00a0\u00bb row_type=\u00a0\u00bbrow\u00a0\u00bb use_row_as_full_screen_section=\u00a0\u00bbno\u00a0\u00bb type=\u00a0\u00bbfull_width\u00a0\u00bb angled_section=\u00a0\u00bbno\u00a0\u00bb text_align=\u00a0\u00bbleft\u00a0\u00bb background_image_as_pattern=\u00a0\u00bbwithout_pattern\u00a0\u00bb][vc_column][vc_column_text] La plage priv\u00e9e [\/vc_column_text][\/vc_column][\/vc_row][vc_row css_animation=\u00a0\u00bb\u00a0\u00bb row_type=\u00a0\u00bbrow\u00a0\u00bb use_row_as_full_screen_section=\u00a0\u00bbno\u00a0\u00bb type=\u00a0\u00bbfull_width\u00a0\u00bb angled_section=\u00a0\u00bbno\u00a0\u00bb text_align=\u00a0\u00bbleft\u00a0\u00bb background_image_as_pattern=\u00a0\u00bbwithout_pattern\u00a0\u00bb z_index=\u00a0\u00bb\u00a0\u00bb css=\u00a0\u00bb.vc_custom_1579693046351{padding-bottom: 30px !important;}\u00a0\u00bb][vc_column width=\u00a0\u00bb7\/12&Prime;][vc_column_text]D\u00e9j\u00e0 le mot \u00ab vacances \u00bb en lui-m\u00eame apporte de la joie. Et si nous y sommes vraiment &#8230; eh bien, il&#8230;<\/p>\n","protected":false},"author":2,"featured_media":681,"parent":0,"menu_order":0,"comment_status":"closed","ping_status":"closed","template":"","meta":{"_acf_changed":false,"footnotes":""},"class_list":["post-938","page","type-page","status-publish","has-post-thumbnail","hentry"],"acf":[],"yoast_head":"<!-- This site is optimized with the Yoast SEO plugin v25.7 - https:\/\/yoast.com\/wordpress\/plugins\/seo\/ -->\n<title>La plage | Hotel Universal - Senigallia (AN)<\/title>\n<meta name=\"robots\" content=\"index, follow, max-snippet:-1, max-image-preview:large, max-video-preview:-1\" \/>\n<link rel=\"canonical\" href=\"https:\/\/www.hoteluniversal.it\/fr\/la-plage\/\" \/>\n<meta property=\"og:locale\" content=\"fr_FR\" \/>\n<meta property=\"og:type\" content=\"article\" \/>\n<meta property=\"og:title\" content=\"La plage | Hotel Universal - Senigallia (AN)\" \/>\n<meta property=\"og:description\" content=\"[vc_row css_animation=\u00a0\u00bb\u00a0\u00bb row_type=\u00a0\u00bbrow\u00a0\u00bb use_row_as_full_screen_section=\u00a0\u00bbno\u00a0\u00bb type=\u00a0\u00bbfull_width\u00a0\u00bb angled_section=\u00a0\u00bbno\u00a0\u00bb text_align=\u00a0\u00bbleft\u00a0\u00bb background_image_as_pattern=\u00a0\u00bbwithout_pattern\u00a0\u00bb][vc_column][vc_column_text] La plage priv\u00e9e [\/vc_column_text][\/vc_column][\/vc_row][vc_row css_animation=\u00a0\u00bb\u00a0\u00bb row_type=\u00a0\u00bbrow\u00a0\u00bb use_row_as_full_screen_section=\u00a0\u00bbno\u00a0\u00bb type=\u00a0\u00bbfull_width\u00a0\u00bb angled_section=\u00a0\u00bbno\u00a0\u00bb text_align=\u00a0\u00bbleft\u00a0\u00bb background_image_as_pattern=\u00a0\u00bbwithout_pattern\u00a0\u00bb z_index=\u00a0\u00bb\u00a0\u00bb css=\u00a0\u00bb.vc_custom_1579693046351{padding-bottom: 30px !important;}\u00a0\u00bb][vc_column width=\u00a0\u00bb7\/12&Prime;][vc_column_text]D\u00e9j\u00e0 le mot \u00ab vacances \u00bb en lui-m\u00eame apporte de la joie. Et si nous y sommes vraiment &#8230; eh bien, il...\" \/>\n<meta property=\"og:url\" content=\"https:\/\/www.hoteluniversal.it\/fr\/la-plage\/\" \/>\n<meta property=\"og:site_name\" content=\"Hotel Universal - Senigallia (AN)\" \/>\n<meta property=\"article:modified_time\" content=\"2025-08-13T15:01:16+00:00\" \/>\n<meta property=\"og:image\" content=\"https:\/\/www.hoteluniversal.it\/wp-content\/uploads\/2020\/01\/contatti-hotel-universal-slide.jpg\" \/>\n\t<meta property=\"og:image:width\" content=\"2000\" \/>\n\t<meta property=\"og:image:height\" content=\"510\" \/>\n\t<meta property=\"og:image:type\" content=\"image\/jpeg\" \/>\n<meta name=\"twitter:card\" content=\"summary_large_image\" \/>\n<meta name=\"twitter:label1\" content=\"Dur\u00e9e de lecture estim\u00e9e\" \/>\n\t<meta name=\"twitter:data1\" content=\"3 minutes\" \/>\n<script type=\"application\/ld+json\" class=\"yoast-schema-graph\">{\"@context\":\"https:\/\/schema.org\",\"@graph\":[{\"@type\":\"WebPage\",\"@id\":\"https:\/\/www.hoteluniversal.it\/fr\/la-plage\/\",\"url\":\"https:\/\/www.hoteluniversal.it\/fr\/la-plage\/\",\"name\":\"La plage | Hotel Universal - Senigallia (AN)\",\"isPartOf\":{\"@id\":\"https:\/\/www.hoteluniversal.it\/fr\/#website\"},\"primaryImageOfPage\":{\"@id\":\"https:\/\/www.hoteluniversal.it\/fr\/la-plage\/#primaryimage\"},\"image\":{\"@id\":\"https:\/\/www.hoteluniversal.it\/fr\/la-plage\/#primaryimage\"},\"thumbnailUrl\":\"https:\/\/www.hoteluniversal.it\/wp-content\/uploads\/2020\/01\/contatti-hotel-universal-slide.jpg\",\"datePublished\":\"2020-01-22T12:02:48+00:00\",\"dateModified\":\"2025-08-13T15:01:16+00:00\",\"breadcrumb\":{\"@id\":\"https:\/\/www.hoteluniversal.it\/fr\/la-plage\/#breadcrumb\"},\"inLanguage\":\"fr-FR\",\"potentialAction\":[{\"@type\":\"ReadAction\",\"target\":[\"https:\/\/www.hoteluniversal.it\/fr\/la-plage\/\"]}]},{\"@type\":\"ImageObject\",\"inLanguage\":\"fr-FR\",\"@id\":\"https:\/\/www.hoteluniversal.it\/fr\/la-plage\/#primaryimage\",\"url\":\"https:\/\/www.hoteluniversal.it\/wp-content\/uploads\/2020\/01\/contatti-hotel-universal-slide.jpg\",\"contentUrl\":\"https:\/\/www.hoteluniversal.it\/wp-content\/uploads\/2020\/01\/contatti-hotel-universal-slide.jpg\",\"width\":2000,\"height\":510},{\"@type\":\"BreadcrumbList\",\"@id\":\"https:\/\/www.hoteluniversal.it\/fr\/la-plage\/#breadcrumb\",\"itemListElement\":[{\"@type\":\"ListItem\",\"position\":1,\"name\":\"Home\",\"item\":\"https:\/\/www.hoteluniversal.it\/fr\/\"},{\"@type\":\"ListItem\",\"position\":2,\"name\":\"La plage\"}]},{\"@type\":\"WebSite\",\"@id\":\"https:\/\/www.hoteluniversal.it\/fr\/#website\",\"url\":\"https:\/\/www.hoteluniversal.it\/fr\/\",\"name\":\"Hotel Universal - Senigallia (AN)\",\"description\":\"\",\"potentialAction\":[{\"@type\":\"SearchAction\",\"target\":{\"@type\":\"EntryPoint\",\"urlTemplate\":\"https:\/\/www.hoteluniversal.it\/fr\/?s={search_term_string}\"},\"query-input\":{\"@type\":\"PropertyValueSpecification\",\"valueRequired\":true,\"valueName\":\"search_term_string\"}}],\"inLanguage\":\"fr-FR\"}]}<\/script>\n<!-- \/ Yoast SEO plugin. -->","yoast_head_json":{"title":"La plage | Hotel Universal - Senigallia (AN)","robots":{"index":"index","follow":"follow","max-snippet":"max-snippet:-1","max-image-preview":"max-image-preview:large","max-video-preview":"max-video-preview:-1"},"canonical":"https:\/\/www.hoteluniversal.it\/fr\/la-plage\/","og_locale":"fr_FR","og_type":"article","og_title":"La plage | Hotel Universal - Senigallia (AN)","og_description":"[vc_row css_animation=\u00a0\u00bb\u00a0\u00bb row_type=\u00a0\u00bbrow\u00a0\u00bb use_row_as_full_screen_section=\u00a0\u00bbno\u00a0\u00bb type=\u00a0\u00bbfull_width\u00a0\u00bb angled_section=\u00a0\u00bbno\u00a0\u00bb text_align=\u00a0\u00bbleft\u00a0\u00bb background_image_as_pattern=\u00a0\u00bbwithout_pattern\u00a0\u00bb][vc_column][vc_column_text] La plage priv\u00e9e [\/vc_column_text][\/vc_column][\/vc_row][vc_row css_animation=\u00a0\u00bb\u00a0\u00bb row_type=\u00a0\u00bbrow\u00a0\u00bb use_row_as_full_screen_section=\u00a0\u00bbno\u00a0\u00bb type=\u00a0\u00bbfull_width\u00a0\u00bb angled_section=\u00a0\u00bbno\u00a0\u00bb text_align=\u00a0\u00bbleft\u00a0\u00bb background_image_as_pattern=\u00a0\u00bbwithout_pattern\u00a0\u00bb z_index=\u00a0\u00bb\u00a0\u00bb css=\u00a0\u00bb.vc_custom_1579693046351{padding-bottom: 30px !important;}\u00a0\u00bb][vc_column width=\u00a0\u00bb7\/12&Prime;][vc_column_text]D\u00e9j\u00e0 le mot \u00ab vacances \u00bb en lui-m\u00eame apporte de la joie. Et si nous y sommes vraiment &#8230; eh bien, il...","og_url":"https:\/\/www.hoteluniversal.it\/fr\/la-plage\/","og_site_name":"Hotel Universal - Senigallia (AN)","article_modified_time":"2025-08-13T15:01:16+00:00","og_image":[{"width":2000,"height":510,"url":"https:\/\/www.hoteluniversal.it\/wp-content\/uploads\/2020\/01\/contatti-hotel-universal-slide.jpg","type":"image\/jpeg"}],"twitter_card":"summary_large_image","twitter_misc":{"Dur\u00e9e de lecture estim\u00e9e":"3 minutes"},"schema":{"@context":"https:\/\/schema.org","@graph":[{"@type":"WebPage","@id":"https:\/\/www.hoteluniversal.it\/fr\/la-plage\/","url":"https:\/\/www.hoteluniversal.it\/fr\/la-plage\/","name":"La plage | Hotel Universal - Senigallia (AN)","isPartOf":{"@id":"https:\/\/www.hoteluniversal.it\/fr\/#website"},"primaryImageOfPage":{"@id":"https:\/\/www.hoteluniversal.it\/fr\/la-plage\/#primaryimage"},"image":{"@id":"https:\/\/www.hoteluniversal.it\/fr\/la-plage\/#primaryimage"},"thumbnailUrl":"https:\/\/www.hoteluniversal.it\/wp-content\/uploads\/2020\/01\/contatti-hotel-universal-slide.jpg","datePublished":"2020-01-22T12:02:48+00:00","dateModified":"2025-08-13T15:01:16+00:00","breadcrumb":{"@id":"https:\/\/www.hoteluniversal.it\/fr\/la-plage\/#breadcrumb"},"inLanguage":"fr-FR","potentialAction":[{"@type":"ReadAction","target":["https:\/\/www.hoteluniversal.it\/fr\/la-plage\/"]}]},{"@type":"ImageObject","inLanguage":"fr-FR","@id":"https:\/\/www.hoteluniversal.it\/fr\/la-plage\/#primaryimage","url":"https:\/\/www.hoteluniversal.it\/wp-content\/uploads\/2020\/01\/contatti-hotel-universal-slide.jpg","contentUrl":"https:\/\/www.hoteluniversal.it\/wp-content\/uploads\/2020\/01\/contatti-hotel-universal-slide.jpg","width":2000,"height":510},{"@type":"BreadcrumbList","@id":"https:\/\/www.hoteluniversal.it\/fr\/la-plage\/#breadcrumb","itemListElement":[{"@type":"ListItem","position":1,"name":"Home","item":"https:\/\/www.hoteluniversal.it\/fr\/"},{"@type":"ListItem","position":2,"name":"La plage"}]},{"@type":"WebSite","@id":"https:\/\/www.hoteluniversal.it\/fr\/#website","url":"https:\/\/www.hoteluniversal.it\/fr\/","name":"Hotel Universal - Senigallia (AN)","description":"","potentialAction":[{"@type":"SearchAction","target":{"@type":"EntryPoint","urlTemplate":"https:\/\/www.hoteluniversal.it\/fr\/?s={search_term_string}"},"query-input":{"@type":"PropertyValueSpecification","valueRequired":true,"valueName":"search_term_string"}}],"inLanguage":"fr-FR"}]}},"_links":{"self":[{"href":"https:\/\/www.hoteluniversal.it\/fr\/wp-json\/wp\/v2\/pages\/938","targetHints":{"allow":["GET"]}}],"collection":[{"href":"https:\/\/www.hoteluniversal.it\/fr\/wp-json\/wp\/v2\/pages"}],"about":[{"href":"https:\/\/www.hoteluniversal.it\/fr\/wp-json\/wp\/v2\/types\/page"}],"author":[{"embeddable":true,"href":"https:\/\/www.hoteluniversal.it\/fr\/wp-json\/wp\/v2\/users\/2"}],"replies":[{"embeddable":true,"href":"https:\/\/www.hoteluniversal.it\/fr\/wp-json\/wp\/v2\/comments?post=938"}],"version-history":[{"count":3,"href":"https:\/\/www.hoteluniversal.it\/fr\/wp-json\/wp\/v2\/pages\/938\/revisions"}],"predecessor-version":[{"id":4313,"href":"https:\/\/www.hoteluniversal.it\/fr\/wp-json\/wp\/v2\/pages\/938\/revisions\/4313"}],"wp:featuredmedia":[{"embeddable":true,"href":"https:\/\/www.hoteluniversal.it\/fr\/wp-json\/wp\/v2\/media\/681"}],"wp:attachment":[{"href":"https:\/\/www.hoteluniversal.it\/fr\/wp-json\/wp\/v2\/media?parent=938"}],"curies":[{"name":"wp","href":"https:\/\/api.w.org\/{rel}","templated":true}]}}