{"id":647,"date":"2020-01-10T09:24:27","date_gmt":"2020-01-10T08:24:27","guid":{"rendered":"http:\/\/www.hoteluniversal.it\/?page_id=647"},"modified":"2026-04-23T17:25:43","modified_gmt":"2026-04-23T15:25:43","slug":"chambres","status":"publish","type":"page","link":"https:\/\/www.hoteluniversal.it\/fr\/chambres\/","title":{"rendered":"Chambres"},"content":{"rendered":"<div class=\"wpb-content-wrapper\"><p>[vc_row css_animation=\u00a0\u00bb\u00a0\u00bb row_type=\u00a0\u00bbrow\u00a0\u00bb use_row_as_full_screen_section=\u00a0\u00bbno\u00a0\u00bb type=\u00a0\u00bbfull_width\u00a0\u00bb angled_section=\u00a0\u00bbno\u00a0\u00bb text_align=\u00a0\u00bbleft\u00a0\u00bb background_image_as_pattern=\u00a0\u00bbwithout_pattern\u00a0\u00bb][vc_column][vc_column_text]<\/p>\n<h1>Les Chambres<\/h1>\n<p>[\/vc_column_text][\/vc_column][\/vc_row][vc_row css_animation=\u00a0\u00bb\u00a0\u00bb row_type=\u00a0\u00bbrow\u00a0\u00bb use_row_as_full_screen_section=\u00a0\u00bbno\u00a0\u00bb type=\u00a0\u00bbfull_width\u00a0\u00bb angled_section=\u00a0\u00bbno\u00a0\u00bb text_align=\u00a0\u00bbleft\u00a0\u00bb background_image_as_pattern=\u00a0\u00bbwithout_pattern\u00a0\u00bb][vc_column][vc_row_inner row_type=\u00a0\u00bbrow\u00a0\u00bb type=\u00a0\u00bbfull_width\u00a0\u00bb text_align=\u00a0\u00bbleft\u00a0\u00bb css_animation=\u00a0\u00bb\u00a0\u00bb][vc_column_inner][\/vc_column_inner][\/vc_row_inner][vc_column_text]<\/p>\n<p>Au-del\u00e0 de leur propret\u00e9 et du confort, les chambres sont ionis\u00e9es p\u00e9riodiquement avec une machine pr\u00e9vue \u00e0 cet effet afin d\u2019\u00e9loigner les insectes ainsi que pour tuer les acariens et les microbes.<\/p>\n<p>[\/vc_column_text][\/vc_column][\/vc_row][vc_row css_animation=\u00a0\u00bb\u00a0\u00bb row_type=\u00a0\u00bbrow\u00a0\u00bb use_row_as_full_screen_section=\u00a0\u00bbno\u00a0\u00bb type=\u00a0\u00bbfull_width\u00a0\u00bb angled_section=\u00a0\u00bbno\u00a0\u00bb text_align=\u00a0\u00bbleft\u00a0\u00bb background_image_as_pattern=\u00a0\u00bbwithout_pattern\u00a0\u00bb][vc_column][vc_column_text css=\u00a0\u00bb\u00a0\u00bb]<\/p>\n<h2>Suite<\/h2>\n<p>[\/vc_column_text][\/vc_column][vc_column width=\u00a0\u00bb5\/12&Prime;][vc_gallery type=\u00a0\u00bbnivo\u00a0\u00bb interval=\u00a0\u00bb3&Prime; images=\u00a0\u00bb3466,3478,3470,3474&Prime; img_size=\u00a0\u00bbfull\u00a0\u00bb css=\u00a0\u00bb\u00a0\u00bb][\/vc_column][vc_column width=\u00a0\u00bb7\/12&Prime;][vc_row_inner row_type=\u00a0\u00bbrow\u00a0\u00bb type=\u00a0\u00bbfull_width\u00a0\u00bb text_align=\u00a0\u00bbleft\u00a0\u00bb css_animation=\u00a0\u00bb\u00a0\u00bb css=\u00a0\u00bb.vc_custom_1727444015285{margin-bottom: 10px !important;border-radius: 15px !important;}\u00a0\u00bb el_class=\u00a0\u00bbrece-shadow\u00a0\u00bb][\/vc_row_inner][vc_column_text css=\u00a0\u00bb\u00a0\u00bb]La Suite se compose d&rsquo;une chambre avec un lit double et une douche \u00e9motionnelle \u00e0 vue, ainsi qu&rsquo;une deuxi\u00e8me pi\u00e8ce avec un canap\u00e9-lit.<\/p>\n<p>Elle dispose de deux balcons avec vue sur la mer, d&rsquo;une grande salle de bain avec douche et d&rsquo;une connexion Wi-Fi gratuite.<\/p>\n<p>Superficie : 27 m\u00b2[\/vc_column_text][vc_row_inner row_type=\u00a0\u00bbrow\u00a0\u00bb type=\u00a0\u00bbfull_width\u00a0\u00bb text_align=\u00a0\u00bbleft\u00a0\u00bb css_animation=\u00a0\u00bb\u00a0\u00bb el_class=\u00a0\u00bbrece-shadow\u00a0\u00bb css=\u00a0\u00bb.vc_custom_1727443793341{background-color: #ffffff !important;}\u00a0\u00bb padding_top=\u00a0\u00bb10&Prime;][vc_column_inner width=\u00a0\u00bb1\/6&Prime;][vc_single_image image=\u00a0\u00bb2107&Prime; img_size=\u00a0\u00bbfull\u00a0\u00bb css=\u00a0\u00bb\u00a0\u00bb qode_css_animation=\u00a0\u00bb\u00a0\u00bb][vc_single_image image=\u00a0\u00bb2115&Prime; img_size=\u00a0\u00bbfull\u00a0\u00bb css=\u00a0\u00bb\u00a0\u00bb qode_css_animation=\u00a0\u00bb\u00a0\u00bb][\/vc_column_inner][vc_column_inner width=\u00a0\u00bb5\/6&Prime;][vc_column_text css=\u00a0\u00bb\u00a0\u00bb]<\/p>\n<h4>Filippo C.<\/h4>\n<p>Ma femme et moi avons s\u00e9journ\u00e9 deux jours en demi-pension. Tout s&rsquo;est tr\u00e8s bien pass\u00e9, la structure est bien entretenue et propre. Le personnel est aimable, sympathique et comp\u00e9tent..[\/vc_column_text][\/vc_column_inner][\/vc_row_inner][vc_column_text css=\u00a0\u00bb\u00a0\u00bb]<\/p>\n<div class=\"services-list\">\n<ul>\n<li class=\"ico-ariacondizionata\">Climatisation<\/li>\n<li class=\"ico-ariacondizionata\">Chauffage<\/li>\n<li class=\"ico-armadio\">Armoire<\/li>\n<li class=\"ico-tv\">T\u00e9l\u00e9vision \u00e0 \u00e9cran plat<\/li>\n<li class=\"ico-cassaforte\">Coffre-fort<\/li>\n<li class=\"ico-doccia\">Douche<\/li>\n<li class=\"ico-kitcortesia\">Articles de toilette gratuits<\/li>\n<li class=\"ico-asciugacapelli\">S\u00e8che-cheveux<\/li>\n<li class=\"ico-accappatoio\">Peignoir et Chaussons<\/li>\n<\/ul>\n<\/div>\n<div class=\"verifica_disponibilita\"><a class=\"button-int\" target=\"_blank\" href=\"https:\/\/booking.bedzzle.com\/desktop\/?apikey=0658e9640366f7e6fa691a64594aa762&lang=fr&_ga=2.59471725.1995785607.1733760104-1423461592.1732542710\">CHECK AVAILABILITY <\/a><\/div>\n<p>[\/vc_column_text][\/vc_column][\/vc_row][vc_row css_animation=\u00a0\u00bb\u00a0\u00bb row_type=\u00a0\u00bbrow\u00a0\u00bb use_row_as_full_screen_section=\u00a0\u00bbno\u00a0\u00bb type=\u00a0\u00bbfull_width\u00a0\u00bb angled_section=\u00a0\u00bbno\u00a0\u00bb text_align=\u00a0\u00bbleft\u00a0\u00bb background_image_as_pattern=\u00a0\u00bbwithout_pattern\u00a0\u00bb css=\u00a0\u00bb.vc_custom_1578566533584{padding-top: 35px !important;padding-bottom: 35px !important;}\u00a0\u00bb z_index=\u00a0\u00bb\u00a0\u00bb][vc_column][vc_column_text css=\u00a0\u00bb\u00a0\u00bb]<\/p>\n<h2>Junior Suite<\/h2>\n<p>[\/vc_column_text][\/vc_column][vc_column width=\u00a0\u00bb5\/12&Prime;][vc_gallery type=\u00a0\u00bbnivo\u00a0\u00bb interval=\u00a0\u00bb3&Prime; images=\u00a0\u00bb2782,2742,2746,2774,2758,2750,1940,2754,2770,2766,2762,2778&Prime; img_size=\u00a0\u00bbfull\u00a0\u00bb][\/vc_column][vc_column width=\u00a0\u00bb7\/12&Prime;][vc_column_text css=\u00a0\u00bb\u00a0\u00bb]Junior suite se compose d&rsquo;une chambre double avec un coin salon en espace ouvert. Elle dispose d\u2019un balcon avec vue sur la mer, d\u2019une grande douche et d\u2019une connexion Wi-Fi gratuite.<\/p>\n<p>Superficie : 23 m\u00b2[\/vc_column_text][vc_row_inner row_type=\u00a0\u00bbrow\u00a0\u00bb type=\u00a0\u00bbfull_width\u00a0\u00bb text_align=\u00a0\u00bbleft\u00a0\u00bb css_animation=\u00a0\u00bb\u00a0\u00bb css=\u00a0\u00bb.vc_custom_1604307503626{margin-bottom: 10px !important;background-color: #ffffff !important;border-radius: 15px !important;}\u00a0\u00bb padding_top=\u00a0\u00bb10&Prime; el_class=\u00a0\u00bbrece-shadow\u00a0\u00bb][vc_column_inner el_class=\u00a0\u00bbstelle-rece\u00a0\u00bb width=\u00a0\u00bb1\/6&Prime;][vc_single_image image=\u00a0\u00bb2143&Prime; img_size=\u00a0\u00bbfull\u00a0\u00bb qode_css_animation=\u00a0\u00bb\u00a0\u00bb][vc_single_image image=\u00a0\u00bb2119&Prime; img_size=\u00a0\u00bbfull\u00a0\u00bb qode_css_animation=\u00a0\u00bb\u00a0\u00bb][\/vc_column_inner][vc_column_inner width=\u00a0\u00bb5\/6&Prime;][vc_column_text]<\/p>\n<h4>Beatriz A.<\/h4>\n<p>Installations donnant sur la mer, chambres confortables et spacieuses, excellente cuisine, personnel amical et bien form\u00e9, excellentes installations de plage. Nous reviendrons certainement![\/vc_column_text][\/vc_column_inner][\/vc_row_inner][vc_column_text css=\u00a0\u00bb\u00a0\u00bb]<\/p>\n<div class=\"services-list\">\n<ul>\n<li class=\"ico-ariacondizionata\">Climatisation<\/li>\n<li class=\"ico-ariacondizionata\">Chauffage<\/li>\n<li class=\"ico-armadio\">Armoire<\/li>\n<li class=\"ico-tv\">T\u00e9l\u00e9vision \u00e0 \u00e9cran plat<\/li>\n<li class=\"ico-cassaforte\">Coffre-fort<\/li>\n<li class=\"ico-doccia\">Douche<\/li>\n<li class=\"ico-kitcortesia\">Articles de toilette gratuits<\/li>\n<li class=\"ico-asciugacapelli\">S\u00e8che-cheveux<\/li>\n<li class=\"ico-accappatoio\">Peignoir et Chaussons<\/li>\n<\/ul>\n<\/div>\n<div class=\"verifica_disponibilita\"><a class=\"button-int\" target=\"_blank\" href=\"https:\/\/booking.bedzzle.com\/desktop\/?apikey=0658e9640366f7e6fa691a64594aa762&lang=fr&_ga=2.59471725.1995785607.1733760104-1423461592.1732542710\">CHECK AVAILABILITY <\/a><\/div>\n<p>[\/vc_column_text][\/vc_column][\/vc_row][vc_row css_animation=\u00a0\u00bb\u00a0\u00bb row_type=\u00a0\u00bbrow\u00a0\u00bb use_row_as_full_screen_section=\u00a0\u00bbno\u00a0\u00bb type=\u00a0\u00bbfull_width\u00a0\u00bb angled_section=\u00a0\u00bbno\u00a0\u00bb text_align=\u00a0\u00bbleft\u00a0\u00bb background_image_as_pattern=\u00a0\u00bbwithout_pattern\u00a0\u00bb][vc_column][vc_column_text css=\u00a0\u00bb\u00a0\u00bb]<\/p>\n<h2>Chambre Deluxe<\/h2>\n<p>[\/vc_column_text][\/vc_column][vc_column width=\u00a0\u00bb5\/12&Prime;][vc_gallery type=\u00a0\u00bbnivo\u00a0\u00bb interval=\u00a0\u00bb3&Prime; images=\u00a0\u00bb3502,3490,3486,3514,3506,3510&Prime; img_size=\u00a0\u00bbfull\u00a0\u00bb css=\u00a0\u00bb\u00a0\u00bb][\/vc_column][vc_column width=\u00a0\u00bb7\/12&Prime;][vc_column_text css=\u00a0\u00bb\u00a0\u00bb]Chambre en bord de mer avec double balcon, t\u00e9l\u00e9vision par satellite, salle de bain priv\u00e9e et Wi-Fi gratuit.<\/p>\n<p>Superficie : 16 m\u00b2[\/vc_column_text][vc_row_inner row_type=\u00a0\u00bbrow\u00a0\u00bb type=\u00a0\u00bbfull_width\u00a0\u00bb text_align=\u00a0\u00bbleft\u00a0\u00bb css_animation=\u00a0\u00bb\u00a0\u00bb][vc_column_inner width=\u00a0\u00bb1\/6&Prime;][vc_single_image image=\u00a0\u00bb2162&Prime; img_size=\u00a0\u00bbfull\u00a0\u00bb css=\u00a0\u00bb\u00a0\u00bb qode_css_animation=\u00a0\u00bb\u00a0\u00bb][vc_single_image image=\u00a0\u00bb2115&Prime; img_size=\u00a0\u00bbfull\u00a0\u00bb css=\u00a0\u00bb\u00a0\u00bb qode_css_animation=\u00a0\u00bb\u00a0\u00bb][\/vc_column_inner][vc_column_inner width=\u00a0\u00bb5\/6&Prime;][vc_column_text css=\u00a0\u00bb\u00a0\u00bb]<\/p>\n<h4>Mara D.<\/h4>\n<p>Ma famille et moi avons pass\u00e9 de magnifiques vacances. La chambre dans laquelle nous avons s\u00e9journ\u00e9 \u00e9tait une Deluxe vue mer, et c&rsquo;\u00e9tait vraiment un bonheur de se r\u00e9veiller chaque matin et d&rsquo;admirer la vue spectaculaire depuis le balcon.[\/vc_column_text][\/vc_column_inner][\/vc_row_inner][vc_column_text css=\u00a0\u00bb\u00a0\u00bb]<\/p>\n<div class=\"services-list\">\n<ul>\n<li class=\"ico-ariacondizionata\">Climatisation<\/li>\n<li class=\"ico-ariacondizionata\">Chauffage<\/li>\n<li class=\"ico-armadio\">Armoire<\/li>\n<li class=\"ico-tv\">T\u00e9l\u00e9vision \u00e0 \u00e9cran plat<\/li>\n<li class=\"ico-cassaforte\">Coffre-fort<\/li>\n<li class=\"ico-doccia\">Douche<\/li>\n<li class=\"ico-kitcortesia\">Articles de toilette gratuits<\/li>\n<li class=\"ico-asciugacapelli\">S\u00e8che-cheveux<\/li>\n<\/ul>\n<\/div>\n<div class=\"verifica_disponibilita\"><a class=\"button-int\" target=\"_blank\" href=\"https:\/\/booking.bedzzle.com\/desktop\/?apikey=0658e9640366f7e6fa691a64594aa762&lang=fr&_ga=2.59471725.1995785607.1733760104-1423461592.1732542710\">CHECK AVAILABILITY <\/a><\/div>\n<p>[\/vc_column_text][\/vc_column][\/vc_row][vc_row css_animation=\u00a0\u00bb\u00a0\u00bb row_type=\u00a0\u00bbrow\u00a0\u00bb use_row_as_full_screen_section=\u00a0\u00bbno\u00a0\u00bb type=\u00a0\u00bbfull_width\u00a0\u00bb angled_section=\u00a0\u00bbno\u00a0\u00bb text_align=\u00a0\u00bbleft\u00a0\u00bb background_image_as_pattern=\u00a0\u00bbwithout_pattern\u00a0\u00bb css=\u00a0\u00bb.vc_custom_1578566514652{padding-top: 35px !important;padding-bottom: 35px !important;}\u00a0\u00bb z_index=\u00a0\u00bb\u00a0\u00bb][vc_column][vc_column_text css=\u00a0\u00bb\u00a0\u00bb]<\/p>\n<h2>Chambre Superior<\/h2>\n<p>[\/vc_column_text][\/vc_column][vc_column width=\u00a0\u00bb5\/12&Prime;][vc_gallery type=\u00a0\u00bbnivo\u00a0\u00bb interval=\u00a0\u00bb3&Prime; images=\u00a0\u00bb2787,2811,2795,2815,2791,1908,1912,2807,2799,2803&Prime; img_size=\u00a0\u00bbfull\u00a0\u00bb][\/vc_column][vc_column width=\u00a0\u00bb7\/12&Prime;][vc_column_text css=\u00a0\u00bb\u00a0\u00bb]Chambre sup\u00e9rieure avec balcon vue sur la mer. Dispose\u00a0 d&rsquo;une t\u00e9l\u00e9vision par satellite et d&rsquo;une salle de bains privative. La connexion Wi-Fi est fournie gratuitement.<\/p>\n<p>Superficie : 14 m\u00b2[\/vc_column_text][vc_row_inner row_type=\u00a0\u00bbrow\u00a0\u00bb type=\u00a0\u00bbfull_width\u00a0\u00bb text_align=\u00a0\u00bbleft\u00a0\u00bb css_animation=\u00a0\u00bb\u00a0\u00bb css=\u00a0\u00bb.vc_custom_1604307503626{margin-bottom: 10px !important;background-color: #ffffff !important;border-radius: 15px !important;}\u00a0\u00bb padding_top=\u00a0\u00bb10&Prime; el_class=\u00a0\u00bbrece-shadow\u00a0\u00bb][vc_column_inner el_class=\u00a0\u00bbstelle-rece\u00a0\u00bb width=\u00a0\u00bb1\/6&Prime;][vc_single_image image=\u00a0\u00bb2134&Prime; img_size=\u00a0\u00bbfull\u00a0\u00bb qode_css_animation=\u00a0\u00bb\u00a0\u00bb][vc_single_image image=\u00a0\u00bb2115&Prime; img_size=\u00a0\u00bbfull\u00a0\u00bb qode_css_animation=\u00a0\u00bb\u00a0\u00bb][\/vc_column_inner][vc_column_inner width=\u00a0\u00bb5\/6&Prime;][vc_column_text]<\/p>\n<h4>Eucla N.<\/h4>\n<p>Restez \u00e0 la fin du mois de juin 2020. Excellent emplacement, chambre sup\u00e9rieure bien meubl\u00e9e avec double balcon, face \u00e0 la mer. Excellente cuisine. Bonne propret\u00e9 et attention Covid. Un personnel sympathique et serviable.[\/vc_column_text][\/vc_column_inner][\/vc_row_inner][vc_column_text css=\u00a0\u00bb\u00a0\u00bb]<\/p>\n<div class=\"services-list\">\n<ul>\n<li class=\"ico-ariacondizionata\">Climatisation<\/li>\n<li class=\"ico-ariacondizionata\">Chauffage<\/li>\n<li class=\"ico-armadio\">Armoire<\/li>\n<li class=\"ico-tv\">T\u00e9l\u00e9vision \u00e0 \u00e9cran plat<\/li>\n<li class=\"ico-cassaforte\">Coffre-fort<\/li>\n<li class=\"ico-doccia\">Douche<\/li>\n<li class=\"ico-kitcortesia\">Articles de toilette gratuits<\/li>\n<li class=\"ico-asciugacapelli\">S\u00e8che-cheveux<\/li>\n<\/ul>\n<\/div>\n<div class=\"verifica_disponibilita\"><a class=\"button-int\" target=\"_blank\" href=\"https:\/\/booking.bedzzle.com\/desktop\/?apikey=0658e9640366f7e6fa691a64594aa762&lang=fr&_ga=2.59471725.1995785607.1733760104-1423461592.1732542710\">CHECK AVAILABILITY <\/a><\/div>\n<p>[\/vc_column_text][\/vc_column][\/vc_row][vc_row css_animation=\u00a0\u00bb\u00a0\u00bb row_type=\u00a0\u00bbrow\u00a0\u00bb use_row_as_full_screen_section=\u00a0\u00bbno\u00a0\u00bb type=\u00a0\u00bbfull_width\u00a0\u00bb angled_section=\u00a0\u00bbno\u00a0\u00bb text_align=\u00a0\u00bbleft\u00a0\u00bb background_image_as_pattern=\u00a0\u00bbwithout_pattern\u00a0\u00bb css=\u00a0\u00bb.vc_custom_1578566490640{padding-top: 35px !important;padding-bottom: 35px !important;}\u00a0\u00bb z_index=\u00a0\u00bb\u00a0\u00bb][vc_column][vc_column_text css=\u00a0\u00bb\u00a0\u00bb]<\/p>\n<h2>Chambre Standard<\/h2>\n<p>[\/vc_column_text][\/vc_column][vc_column width=\u00a0\u00bb5\/12&Prime;][vc_gallery type=\u00a0\u00bbnivo\u00a0\u00bb interval=\u00a0\u00bb3&Prime; images=\u00a0\u00bb2840,2844,2824,2828,2832,2836,2848&Prime; img_size=\u00a0\u00bbfull\u00a0\u00bb][\/vc_column][vc_column width=\u00a0\u00bb7\/12&Prime;][vc_column_text css=\u00a0\u00bb\u00a0\u00bb]Cette chambre classique comprend un balcon, la t\u00e9l\u00e9vision par satellite et une salle de bains privative. Une connexion Wi-Fi y est mise gratuitement \u00e0 votre disposition.<\/p>\n<p>Superficie : 12 m\u00b2[\/vc_column_text][vc_row_inner row_type=\u00a0\u00bbrow\u00a0\u00bb type=\u00a0\u00bbfull_width\u00a0\u00bb text_align=\u00a0\u00bbleft\u00a0\u00bb css_animation=\u00a0\u00bb\u00a0\u00bb css=\u00a0\u00bb.vc_custom_1604307503626{margin-bottom: 10px !important;background-color: #ffffff !important;border-radius: 15px !important;}\u00a0\u00bb padding_top=\u00a0\u00bb10&Prime; el_class=\u00a0\u00bbrece-shadow\u00a0\u00bb][vc_column_inner el_class=\u00a0\u00bbstelle-rece\u00a0\u00bb width=\u00a0\u00bb1\/6&Prime;][vc_single_image image=\u00a0\u00bb2138&Prime; img_size=\u00a0\u00bbfull\u00a0\u00bb qode_css_animation=\u00a0\u00bb\u00a0\u00bb][vc_single_image image=\u00a0\u00bb2119&Prime; img_size=\u00a0\u00bbfull\u00a0\u00bb qode_css_animation=\u00a0\u00bb\u00a0\u00bb][\/vc_column_inner][vc_column_inner width=\u00a0\u00bb5\/6&Prime;][vc_column_text]<\/p>\n<h4>Christian C.<\/h4>\n<p>Chambre tr\u00e8s agr\u00e9able et propre, balcon avec vue sur la mer et bon petit d\u00e9jeuner. Sur la plage et pr\u00e8s du centre, facilement accessible \u00e0 pied. Recommand\u00e9 ![\/vc_column_text][\/vc_column_inner][\/vc_row_inner][vc_column_text css=\u00a0\u00bb\u00a0\u00bb]<\/p>\n<div class=\"services-list\">\n<ul>\n<li class=\"ico-ariacondizionata\">Climatisation<\/li>\n<li class=\"ico-ariacondizionata\">Chauffage<\/li>\n<li class=\"ico-armadio\">Armoire<\/li>\n<li class=\"ico-tv\">T\u00e9l\u00e9vision \u00e0 \u00e9cran plat<\/li>\n<li class=\"ico-cassaforte\">Coffre-fort<\/li>\n<li class=\"ico-doccia\">Douche<\/li>\n<li class=\"ico-kitcortesia\">Articles de toilette gratuits<\/li>\n<li class=\"ico-asciugacapelli\">S\u00e8che-cheveux<\/li>\n<\/ul>\n<\/div>\n<div class=\"verifica_disponibilita\"><a class=\"button-int\" target=\"_blank\" href=\"https:\/\/booking.bedzzle.com\/desktop\/?apikey=0658e9640366f7e6fa691a64594aa762&lang=fr&_ga=2.59471725.1995785607.1733760104-1423461592.1732542710\">CHECK AVAILABILITY <\/a><\/div>\n<p>[\/vc_column_text][\/vc_column][\/vc_row][vc_row css_animation=\u00a0\u00bb\u00a0\u00bb row_type=\u00a0\u00bbrow\u00a0\u00bb use_row_as_full_screen_section=\u00a0\u00bbno\u00a0\u00bb type=\u00a0\u00bbfull_width\u00a0\u00bb angled_section=\u00a0\u00bbno\u00a0\u00bb text_align=\u00a0\u00bbleft\u00a0\u00bb background_image_as_pattern=\u00a0\u00bbwithout_pattern\u00a0\u00bb css=\u00a0\u00bb.vc_custom_1578566464075{padding-top: 35px !important;padding-bottom: 35px !important;}\u00a0\u00bb z_index=\u00a0\u00bb\u00a0\u00bb][vc_column][vc_column_text]<\/p>\n<h2>Chambre Simple<\/h2>\n<p>[\/vc_column_text][\/vc_column][vc_column width=\u00a0\u00bb5\/12&Prime;][vc_gallery type=\u00a0\u00bbnivo\u00a0\u00bb interval=\u00a0\u00bb3&Prime; images=\u00a0\u00bb1904,1900,1896,1884,1888,1892&Prime; img_size=\u00a0\u00bbfull\u00a0\u00bb][\/vc_column][vc_column width=\u00a0\u00bb7\/12&Prime;][vc_column_text css=\u00a0\u00bb\u00a0\u00bb]Chambre confortable avec un lit trois-quarts.<\/p>\n<p>Superficie : 11 m\u00b2[\/vc_column_text][vc_row_inner row_type=\u00a0\u00bbrow\u00a0\u00bb type=\u00a0\u00bbfull_width\u00a0\u00bb text_align=\u00a0\u00bbleft\u00a0\u00bb css_animation=\u00a0\u00bb\u00a0\u00bb css=\u00a0\u00bb.vc_custom_1604307503626{margin-bottom: 10px !important;background-color: #ffffff !important;border-radius: 15px !important;}\u00a0\u00bb padding_top=\u00a0\u00bb10&Prime; el_class=\u00a0\u00bbrece-shadow\u00a0\u00bb][vc_column_inner el_class=\u00a0\u00bbstelle-rece\u00a0\u00bb width=\u00a0\u00bb1\/6&Prime;][vc_single_image image=\u00a0\u00bb2152&Prime; img_size=\u00a0\u00bbfull\u00a0\u00bb qode_css_animation=\u00a0\u00bb\u00a0\u00bb][vc_single_image image=\u00a0\u00bb2115&Prime; img_size=\u00a0\u00bbfull\u00a0\u00bb qode_css_animation=\u00a0\u00bb\u00a0\u00bb][\/vc_column_inner][vc_column_inner width=\u00a0\u00bb5\/6&Prime;][vc_column_text]<\/p>\n<h4>Fabri D.<\/h4>\n<p>Un environnement agr\u00e9able, bien entretenu. Une conception des pi\u00e8ces belle et fonctionnelle[\/vc_column_text][\/vc_column_inner][\/vc_row_inner][vc_column_text css=\u00a0\u00bb\u00a0\u00bb]<\/p>\n<div class=\"services-list\">\n<ul>\n<li class=\"ico-ariacondizionata\">Climatisation<\/li>\n<li class=\"ico-ariacondizionata\">Chauffage<\/li>\n<li class=\"ico-armadio\">Armoire<\/li>\n<li class=\"ico-tv\">T\u00e9l\u00e9vision \u00e0 \u00e9cran plat<\/li>\n<li class=\"ico-cassaforte\">Coffre-fort<\/li>\n<li class=\"ico-doccia\">Douche<\/li>\n<li class=\"ico-kitcortesia\">Articles de toilette gratuits<\/li>\n<li class=\"ico-asciugacapelli\">S\u00e8che-cheveux<\/li>\n<\/ul>\n<\/div>\n<div class=\"verifica_disponibilita\"><a class=\"button-int\" target=\"_blank\" href=\"https:\/\/booking.bedzzle.com\/desktop\/?apikey=0658e9640366f7e6fa691a64594aa762&lang=fr&_ga=2.59471725.1995785607.1733760104-1423461592.1732542710\">CHECK AVAILABILITY <\/a><\/div>\n<p>[\/vc_column_text][\/vc_column][\/vc_row][vc_row css_animation=\u00a0\u00bb\u00a0\u00bb row_type=\u00a0\u00bbrow\u00a0\u00bb use_row_as_full_screen_section=\u00a0\u00bbno\u00a0\u00bb type=\u00a0\u00bbfull_width\u00a0\u00bb angled_section=\u00a0\u00bbno\u00a0\u00bb text_align=\u00a0\u00bbleft\u00a0\u00bb background_image_as_pattern=\u00a0\u00bbwithout_pattern\u00a0\u00bb z_index=\u00a0\u00bb\u00a0\u00bb][vc_column][vc_column_text css=\u00a0\u00bb\u00a0\u00bb]\n<div class=\"conver-widget-v2\"\n     data-instance=\"conver-v2-2\">\n\n  <div class=\"chat-container\" id=\"chat-section\">\n\n    <div class=\"chat-header\">\n      <div class=\"chat-header-logo\">\n        <img decoding=\"async\"\n          src=\"https:\/\/www.hoteluniversal.it\/wp-content\/themes\/bridge-child\/template-parts\/ricerca-conversazionale-v2\/assets\/img\/logo-ricerca-conv.png\"\n          alt=\"\"\n        >\n        <span>Bonjour<\/span>\n      <\/div>\n\n      <h2>Par o\u00f9 commence-t-on ?<\/h2>\n    <\/div>\n\n    <!-- Chat -->\n    <div class=\"chat-box\"><\/div>\n\n    <!-- Loading -->\n    <div class=\"loading-conver hidden\" aria-hidden=\"true\">\n      <div class=\"dot\"><\/div><div class=\"dot\"><\/div><div class=\"dot\"><\/div>\n    <\/div>\n\n    <!-- Input -->\n    <div class=\"input-area-conver-wrapper\">\n      <div class=\"input-area-conver\">\n        <textarea\n          class=\"user-input-conver\"\n          placeholder=\"Posez une question...\"\n          rows=\"1\"\n        ><\/textarea>\n\n        <div class=\"box-btn-conver\">\n          <a class=\"send-btn-conver\" href=\"#\" role=\"button\" aria-label=\"AI Search\">\n            <i class=\"fa-light fa-magnifying-glass icon-search\" aria-hidden=\"true\"><\/i>\n            <i class=\"fa-regular fa-arrow-up icon-send hidden\" aria-hidden=\"true\"><\/i>\n            <span class=\"ai-search-text\">AI Search<\/span>\n          <\/a>\n\n          <i class=\"fa-light fa-close icon-erase hidden\" aria-hidden=\"true\"><\/i>\n        <\/div>\n      <\/div>\n    <\/div>\n    <span class=\"show-quick-questions hidden\">Afficher les questions rapides<\/span>\n\n    <!-- Domande rapide -->\n    <div class=\"entry-chats-wrapper\">\n      <!-- \n      <button type=\"button\" class=\"entry-chat\" data-prompt=\"R\u00e9server une chambre pour deux personnes\">\n        R\u00e9server une chambre pour deux personnes      <\/button>\n      -->\n      <button type=\"button\" class=\"entry-chat\" data-prompt=\"D\u00e9couvrir les offres sp\u00e9ciales\">\n        D\u00e9couvrir les offres sp\u00e9ciales      <\/button>\n\n      <button type=\"button\" class=\"entry-chat\" data-prompt=\"D\u00e9couvrir les chambres\">\n        D\u00e9couvrir les chambres      <\/button>\n\n      <button type=\"button\" class=\"entry-chat\" data-prompt=\"D\u00e9couvrir l&#039;espace bien-\u00eatre\">\n        D\u00e9couvrir l&#039;espace bien-\u00eatre      <\/button>\n    <\/div>\n\n  <\/div>\n<\/div>\n\n<style>\n  .entry-chats-wrapper {\n    display: flex !important;\n}\n<\/style>[\/vc_column_text][\/vc_column][\/vc_row]<\/p>\n<\/div>","protected":false},"excerpt":{"rendered":"<p>[vc_row css_animation=\u00a0\u00bb\u00a0\u00bb row_type=\u00a0\u00bbrow\u00a0\u00bb use_row_as_full_screen_section=\u00a0\u00bbno\u00a0\u00bb type=\u00a0\u00bbfull_width\u00a0\u00bb angled_section=\u00a0\u00bbno\u00a0\u00bb text_align=\u00a0\u00bbleft\u00a0\u00bb background_image_as_pattern=\u00a0\u00bbwithout_pattern\u00a0\u00bb][vc_column][vc_column_text] Les Chambres [\/vc_column_text][\/vc_column][\/vc_row][vc_row css_animation=\u00a0\u00bb\u00a0\u00bb row_type=\u00a0\u00bbrow\u00a0\u00bb use_row_as_full_screen_section=\u00a0\u00bbno\u00a0\u00bb type=\u00a0\u00bbfull_width\u00a0\u00bb angled_section=\u00a0\u00bbno\u00a0\u00bb text_align=\u00a0\u00bbleft\u00a0\u00bb background_image_as_pattern=\u00a0\u00bbwithout_pattern\u00a0\u00bb][vc_column][vc_row_inner row_type=\u00a0\u00bbrow\u00a0\u00bb type=\u00a0\u00bbfull_width\u00a0\u00bb text_align=\u00a0\u00bbleft\u00a0\u00bb css_animation=\u00a0\u00bb\u00a0\u00bb][vc_column_inner][\/vc_column_inner][\/vc_row_inner][vc_column_text] Au-del\u00e0 de leur propret\u00e9 et du confort, les chambres sont ionis\u00e9es p\u00e9riodiquement avec une machine pr\u00e9vue \u00e0 cet effet afin d\u2019\u00e9loigner les insectes&#8230;<\/p>\n","protected":false},"author":2,"featured_media":3466,"parent":0,"menu_order":0,"comment_status":"closed","ping_status":"closed","template":"","meta":{"_acf_changed":false,"footnotes":""},"class_list":["post-647","page","type-page","status-publish","has-post-thumbnail","hentry"],"acf":[],"yoast_head":"<!-- This site is optimized with the Yoast SEO plugin v25.7 - https:\/\/yoast.com\/wordpress\/plugins\/seo\/ -->\n<title>Chambres | Hotel Universal - Senigallia (AN)<\/title>\n<meta name=\"robots\" content=\"index, follow, max-snippet:-1, max-image-preview:large, max-video-preview:-1\" \/>\n<link rel=\"canonical\" href=\"https:\/\/www.hoteluniversal.it\/fr\/chambres\/\" \/>\n<meta property=\"og:locale\" content=\"fr_FR\" \/>\n<meta property=\"og:type\" content=\"article\" \/>\n<meta property=\"og:title\" content=\"Chambres | Hotel Universal - Senigallia (AN)\" \/>\n<meta property=\"og:description\" content=\"[vc_row css_animation=\u00a0\u00bb\u00a0\u00bb row_type=\u00a0\u00bbrow\u00a0\u00bb use_row_as_full_screen_section=\u00a0\u00bbno\u00a0\u00bb type=\u00a0\u00bbfull_width\u00a0\u00bb angled_section=\u00a0\u00bbno\u00a0\u00bb text_align=\u00a0\u00bbleft\u00a0\u00bb background_image_as_pattern=\u00a0\u00bbwithout_pattern\u00a0\u00bb][vc_column][vc_column_text] Les Chambres [\/vc_column_text][\/vc_column][\/vc_row][vc_row css_animation=\u00a0\u00bb\u00a0\u00bb row_type=\u00a0\u00bbrow\u00a0\u00bb use_row_as_full_screen_section=\u00a0\u00bbno\u00a0\u00bb type=\u00a0\u00bbfull_width\u00a0\u00bb angled_section=\u00a0\u00bbno\u00a0\u00bb text_align=\u00a0\u00bbleft\u00a0\u00bb background_image_as_pattern=\u00a0\u00bbwithout_pattern\u00a0\u00bb][vc_column][vc_row_inner row_type=\u00a0\u00bbrow\u00a0\u00bb type=\u00a0\u00bbfull_width\u00a0\u00bb text_align=\u00a0\u00bbleft\u00a0\u00bb css_animation=\u00a0\u00bb\u00a0\u00bb][vc_column_inner][\/vc_column_inner][\/vc_row_inner][vc_column_text] Au-del\u00e0 de leur propret\u00e9 et du confort, les chambres sont ionis\u00e9es p\u00e9riodiquement avec une machine pr\u00e9vue \u00e0 cet effet afin d\u2019\u00e9loigner les insectes...\" \/>\n<meta property=\"og:url\" content=\"https:\/\/www.hoteluniversal.it\/fr\/chambres\/\" \/>\n<meta property=\"og:site_name\" content=\"Hotel Universal - Senigallia (AN)\" \/>\n<meta property=\"article:modified_time\" content=\"2026-04-23T15:25:43+00:00\" \/>\n<meta property=\"og:image\" content=\"https:\/\/www.hoteluniversal.it\/wp-content\/uploads\/2024\/09\/BLA00883-HDR-scaled.jpg\" \/>\n\t<meta property=\"og:image:width\" content=\"2560\" \/>\n\t<meta property=\"og:image:height\" content=\"1707\" \/>\n\t<meta property=\"og:image:type\" content=\"image\/jpeg\" \/>\n<meta name=\"twitter:card\" content=\"summary_large_image\" \/>\n<meta name=\"twitter:label1\" content=\"Dur\u00e9e de lecture estim\u00e9e\" \/>\n\t<meta name=\"twitter:data1\" content=\"5 minutes\" \/>\n<script type=\"application\/ld+json\" class=\"yoast-schema-graph\">{\"@context\":\"https:\/\/schema.org\",\"@graph\":[{\"@type\":\"WebPage\",\"@id\":\"https:\/\/www.hoteluniversal.it\/fr\/chambres\/\",\"url\":\"https:\/\/www.hoteluniversal.it\/fr\/chambres\/\",\"name\":\"Chambres | Hotel Universal - Senigallia (AN)\",\"isPartOf\":{\"@id\":\"https:\/\/www.hoteluniversal.it\/fr\/#website\"},\"primaryImageOfPage\":{\"@id\":\"https:\/\/www.hoteluniversal.it\/fr\/chambres\/#primaryimage\"},\"image\":{\"@id\":\"https:\/\/www.hoteluniversal.it\/fr\/chambres\/#primaryimage\"},\"thumbnailUrl\":\"https:\/\/www.hoteluniversal.it\/wp-content\/uploads\/2024\/09\/BLA00883-HDR-scaled.jpg\",\"datePublished\":\"2020-01-10T08:24:27+00:00\",\"dateModified\":\"2026-04-23T15:25:43+00:00\",\"breadcrumb\":{\"@id\":\"https:\/\/www.hoteluniversal.it\/fr\/chambres\/#breadcrumb\"},\"inLanguage\":\"fr-FR\",\"potentialAction\":[{\"@type\":\"ReadAction\",\"target\":[\"https:\/\/www.hoteluniversal.it\/fr\/chambres\/\"]}]},{\"@type\":\"ImageObject\",\"inLanguage\":\"fr-FR\",\"@id\":\"https:\/\/www.hoteluniversal.it\/fr\/chambres\/#primaryimage\",\"url\":\"https:\/\/www.hoteluniversal.it\/wp-content\/uploads\/2024\/09\/BLA00883-HDR-scaled.jpg\",\"contentUrl\":\"https:\/\/www.hoteluniversal.it\/wp-content\/uploads\/2024\/09\/BLA00883-HDR-scaled.jpg\",\"width\":2560,\"height\":1707},{\"@type\":\"BreadcrumbList\",\"@id\":\"https:\/\/www.hoteluniversal.it\/fr\/chambres\/#breadcrumb\",\"itemListElement\":[{\"@type\":\"ListItem\",\"position\":1,\"name\":\"Home\",\"item\":\"https:\/\/www.hoteluniversal.it\/fr\/\"},{\"@type\":\"ListItem\",\"position\":2,\"name\":\"Chambres\"}]},{\"@type\":\"WebSite\",\"@id\":\"https:\/\/www.hoteluniversal.it\/fr\/#website\",\"url\":\"https:\/\/www.hoteluniversal.it\/fr\/\",\"name\":\"Hotel Universal - Senigallia (AN)\",\"description\":\"\",\"potentialAction\":[{\"@type\":\"SearchAction\",\"target\":{\"@type\":\"EntryPoint\",\"urlTemplate\":\"https:\/\/www.hoteluniversal.it\/fr\/?s={search_term_string}\"},\"query-input\":{\"@type\":\"PropertyValueSpecification\",\"valueRequired\":true,\"valueName\":\"search_term_string\"}}],\"inLanguage\":\"fr-FR\"}]}<\/script>\n<!-- \/ Yoast SEO plugin. -->","yoast_head_json":{"title":"Chambres | Hotel Universal - Senigallia (AN)","robots":{"index":"index","follow":"follow","max-snippet":"max-snippet:-1","max-image-preview":"max-image-preview:large","max-video-preview":"max-video-preview:-1"},"canonical":"https:\/\/www.hoteluniversal.it\/fr\/chambres\/","og_locale":"fr_FR","og_type":"article","og_title":"Chambres | Hotel Universal - Senigallia (AN)","og_description":"[vc_row css_animation=\u00a0\u00bb\u00a0\u00bb row_type=\u00a0\u00bbrow\u00a0\u00bb use_row_as_full_screen_section=\u00a0\u00bbno\u00a0\u00bb type=\u00a0\u00bbfull_width\u00a0\u00bb angled_section=\u00a0\u00bbno\u00a0\u00bb text_align=\u00a0\u00bbleft\u00a0\u00bb background_image_as_pattern=\u00a0\u00bbwithout_pattern\u00a0\u00bb][vc_column][vc_column_text] Les Chambres [\/vc_column_text][\/vc_column][\/vc_row][vc_row css_animation=\u00a0\u00bb\u00a0\u00bb row_type=\u00a0\u00bbrow\u00a0\u00bb use_row_as_full_screen_section=\u00a0\u00bbno\u00a0\u00bb type=\u00a0\u00bbfull_width\u00a0\u00bb angled_section=\u00a0\u00bbno\u00a0\u00bb text_align=\u00a0\u00bbleft\u00a0\u00bb background_image_as_pattern=\u00a0\u00bbwithout_pattern\u00a0\u00bb][vc_column][vc_row_inner row_type=\u00a0\u00bbrow\u00a0\u00bb type=\u00a0\u00bbfull_width\u00a0\u00bb text_align=\u00a0\u00bbleft\u00a0\u00bb css_animation=\u00a0\u00bb\u00a0\u00bb][vc_column_inner][\/vc_column_inner][\/vc_row_inner][vc_column_text] Au-del\u00e0 de leur propret\u00e9 et du confort, les chambres sont ionis\u00e9es p\u00e9riodiquement avec une machine pr\u00e9vue \u00e0 cet effet afin d\u2019\u00e9loigner les insectes...","og_url":"https:\/\/www.hoteluniversal.it\/fr\/chambres\/","og_site_name":"Hotel Universal - Senigallia (AN)","article_modified_time":"2026-04-23T15:25:43+00:00","og_image":[{"width":2560,"height":1707,"url":"https:\/\/www.hoteluniversal.it\/wp-content\/uploads\/2024\/09\/BLA00883-HDR-scaled.jpg","type":"image\/jpeg"}],"twitter_card":"summary_large_image","twitter_misc":{"Dur\u00e9e de lecture estim\u00e9e":"5 minutes"},"schema":{"@context":"https:\/\/schema.org","@graph":[{"@type":"WebPage","@id":"https:\/\/www.hoteluniversal.it\/fr\/chambres\/","url":"https:\/\/www.hoteluniversal.it\/fr\/chambres\/","name":"Chambres | Hotel Universal - Senigallia (AN)","isPartOf":{"@id":"https:\/\/www.hoteluniversal.it\/fr\/#website"},"primaryImageOfPage":{"@id":"https:\/\/www.hoteluniversal.it\/fr\/chambres\/#primaryimage"},"image":{"@id":"https:\/\/www.hoteluniversal.it\/fr\/chambres\/#primaryimage"},"thumbnailUrl":"https:\/\/www.hoteluniversal.it\/wp-content\/uploads\/2024\/09\/BLA00883-HDR-scaled.jpg","datePublished":"2020-01-10T08:24:27+00:00","dateModified":"2026-04-23T15:25:43+00:00","breadcrumb":{"@id":"https:\/\/www.hoteluniversal.it\/fr\/chambres\/#breadcrumb"},"inLanguage":"fr-FR","potentialAction":[{"@type":"ReadAction","target":["https:\/\/www.hoteluniversal.it\/fr\/chambres\/"]}]},{"@type":"ImageObject","inLanguage":"fr-FR","@id":"https:\/\/www.hoteluniversal.it\/fr\/chambres\/#primaryimage","url":"https:\/\/www.hoteluniversal.it\/wp-content\/uploads\/2024\/09\/BLA00883-HDR-scaled.jpg","contentUrl":"https:\/\/www.hoteluniversal.it\/wp-content\/uploads\/2024\/09\/BLA00883-HDR-scaled.jpg","width":2560,"height":1707},{"@type":"BreadcrumbList","@id":"https:\/\/www.hoteluniversal.it\/fr\/chambres\/#breadcrumb","itemListElement":[{"@type":"ListItem","position":1,"name":"Home","item":"https:\/\/www.hoteluniversal.it\/fr\/"},{"@type":"ListItem","position":2,"name":"Chambres"}]},{"@type":"WebSite","@id":"https:\/\/www.hoteluniversal.it\/fr\/#website","url":"https:\/\/www.hoteluniversal.it\/fr\/","name":"Hotel Universal - Senigallia (AN)","description":"","potentialAction":[{"@type":"SearchAction","target":{"@type":"EntryPoint","urlTemplate":"https:\/\/www.hoteluniversal.it\/fr\/?s={search_term_string}"},"query-input":{"@type":"PropertyValueSpecification","valueRequired":true,"valueName":"search_term_string"}}],"inLanguage":"fr-FR"}]}},"_links":{"self":[{"href":"https:\/\/www.hoteluniversal.it\/fr\/wp-json\/wp\/v2\/pages\/647","targetHints":{"allow":["GET"]}}],"collection":[{"href":"https:\/\/www.hoteluniversal.it\/fr\/wp-json\/wp\/v2\/pages"}],"about":[{"href":"https:\/\/www.hoteluniversal.it\/fr\/wp-json\/wp\/v2\/types\/page"}],"author":[{"embeddable":true,"href":"https:\/\/www.hoteluniversal.it\/fr\/wp-json\/wp\/v2\/users\/2"}],"replies":[{"embeddable":true,"href":"https:\/\/www.hoteluniversal.it\/fr\/wp-json\/wp\/v2\/comments?post=647"}],"version-history":[{"count":13,"href":"https:\/\/www.hoteluniversal.it\/fr\/wp-json\/wp\/v2\/pages\/647\/revisions"}],"predecessor-version":[{"id":4949,"href":"https:\/\/www.hoteluniversal.it\/fr\/wp-json\/wp\/v2\/pages\/647\/revisions\/4949"}],"wp:featuredmedia":[{"embeddable":true,"href":"https:\/\/www.hoteluniversal.it\/fr\/wp-json\/wp\/v2\/media\/3466"}],"wp:attachment":[{"href":"https:\/\/www.hoteluniversal.it\/fr\/wp-json\/wp\/v2\/media?parent=647"}],"curies":[{"name":"wp","href":"https:\/\/api.w.org\/{rel}","templated":true}]}}