{"id":4136,"date":"2025-06-04T14:32:13","date_gmt":"2025-06-04T12:32:13","guid":{"rendered":"https:\/\/www.hoteluniversal.it\/trattamenti-olistici\/"},"modified":"2026-04-23T17:26:25","modified_gmt":"2026-04-23T15:26:25","slug":"soins-holistiques","status":"publish","type":"page","link":"https:\/\/www.hoteluniversal.it\/fr\/soins-holistiques\/","title":{"rendered":"Soins holistiques"},"content":{"rendered":"<div class=\"wpb-content-wrapper\"><p>[vc_row css_animation=\u00a0\u00bb\u00a0\u00bb row_type=\u00a0\u00bbrow\u00a0\u00bb use_row_as_full_screen_section=\u00a0\u00bbno\u00a0\u00bb type=\u00a0\u00bbfull_width\u00a0\u00bb angled_section=\u00a0\u00bbno\u00a0\u00bb text_align=\u00a0\u00bbleft\u00a0\u00bb background_image_as_pattern=\u00a0\u00bbwithout_pattern\u00a0\u00bb][vc_column][vc_column_text css=\u00a0\u00bb\u00a0\u00bb el_class=\u00a0\u00bbsmall-h1&Prime;]<\/p>\n<h1 style=\"text-align: center;\">Soins holistiques<\/h1>\n<p>[\/vc_column_text][vc_empty_space height=\u00a0\u00bb82px\u00a0\u00bb][\/vc_column][\/vc_row][vc_row css_animation=\u00a0\u00bb\u00a0\u00bb row_type=\u00a0\u00bbrow\u00a0\u00bb use_row_as_full_screen_section=\u00a0\u00bbno\u00a0\u00bb type=\u00a0\u00bbfull_width\u00a0\u00bb angled_section=\u00a0\u00bbno\u00a0\u00bb text_align=\u00a0\u00bbleft\u00a0\u00bb background_image_as_pattern=\u00a0\u00bbwithout_pattern\u00a0\u00bb][vc_column width=\u00a0\u00bb7\/12&Prime;][vc_column_text css=\u00a0\u00bb\u00a0\u00bb]<\/p>\n<h3><strong>R\u00e9g\u00e9n\u00e9rez corps et esprit avec un soin personnalis\u00e9 directement \u00e0 l\u2019h\u00f4tel<\/strong><\/h3>\n<p>Juliana Andrade, praticienne holistique avec plus de 20 ans d\u2019exp\u00e9rience dans l\u2019univers des spas et centres de bien-\u00eatre, propose aux h\u00f4tes de l\u2019H\u00f4tel Universal une exp\u00e9rience unique et multisensorielle.<br \/>\nDepuis 2013, elle accompagne les clients de notre h\u00f4tel dans un parcours de r\u00e9g\u00e9n\u00e9ration profonde, en combinant techniques occidentales et rituels inspir\u00e9s de l\u2019\u00e9nergie vibrante du Br\u00e9sil.<\/p>\n<p> Les soins sont disponibles sur rendez-vous, directement \u00e0 l\u2019h\u00f4tel.[\/vc_column_text][vc_column_text css=\u00a0\u00bb\u00a0\u00bb]\u00ab <strong>By Brasil<\/strong> \u00bb : la m\u00e9thode exclusive de <strong>Juliana<\/strong><br \/>\nSes soins incluent :<\/p>\n<p>\u2714\ufe0f Soin visage \u00e9clat<br \/>\n\u2714\ufe0f Massage su\u00e9dois classique<br \/>\n\u2714\ufe0f Relaxant<br \/>\n\u2714\ufe0f Anti-stress<br \/>\n\u2714\ufe0f Jambes l\u00e9g\u00e8res<br \/>\n\u2714\ufe0f Nuque et lombaires<br \/>\n\u2714\ufe0f Biopostural<br \/>\n\u2714\ufe0f Syst\u00e8me bio-drainant<br \/>\n\u2714\ufe0f Tissus profonds<br \/>\n\u2714\ufe0f Stretching des m\u00e9ridiens<br \/>\n\u2714\ufe0f D\u00e9contractant jambes et \u00e9paules<br \/>\n\u2714\ufe0f Techniques \u00e9nerg\u00e9tiques Reiki Usui<br \/>\n\u2714\ufe0f Huiles biologiques br\u00e9siliennes pour une exp\u00e9rience multisensorielle[\/vc_column_text][vc_column_inner el_class=\u00a0\u00bbstelle-rece\u00a0\u00bb][\/vc_column_inner][\/vc_column][vc_column width=\u00a0\u00bb5\/12&Prime;][vc_single_image image=\u00a0\u00bb4132&Prime; img_size=\u00a0\u00bblarge\u00a0\u00bb css=\u00a0\u00bb\u00a0\u00bb qode_css_animation=\u00a0\u00bb\u00a0\u00bb][\/vc_column][\/vc_row][vc_row css_animation=\u00a0\u00bb\u00a0\u00bb row_type=\u00a0\u00bbrow\u00a0\u00bb use_row_as_full_screen_section=\u00a0\u00bbno\u00a0\u00bb type=\u00a0\u00bbfull_width\u00a0\u00bb angled_section=\u00a0\u00bbno\u00a0\u00bb text_align=\u00a0\u00bbcenter\u00a0\u00bb background_image_as_pattern=\u00a0\u00bbwithout_pattern\u00a0\u00bb z_index=\u00a0\u00bb\u00a0\u00bb][vc_column][vc_empty_space][\/vc_column][\/vc_row][vc_row css_animation=\u00a0\u00bb\u00a0\u00bb row_type=\u00a0\u00bbrow\u00a0\u00bb use_row_as_full_screen_section=\u00a0\u00bbno\u00a0\u00bb type=\u00a0\u00bbfull_width\u00a0\u00bb angled_section=\u00a0\u00bbno\u00a0\u00bb text_align=\u00a0\u00bbleft\u00a0\u00bb background_image_as_pattern=\u00a0\u00bbwithout_pattern\u00a0\u00bb][vc_column][vc_column_text css=\u00a0\u00bb\u00a0\u00bb el_class=\u00a0\u00bbsmall-h1&Prime;]<\/p>\n<h2 style=\"text-align: center;\">UNE EXP\u00c9RIENCE SUR MESURE<\/h2>\n<p>[\/vc_column_text][\/vc_column][\/vc_row][vc_row css_animation=\u00a0\u00bb\u00a0\u00bb row_type=\u00a0\u00bbrow\u00a0\u00bb use_row_as_full_screen_section=\u00a0\u00bbno\u00a0\u00bb type=\u00a0\u00bbfull_width\u00a0\u00bb angled_section=\u00a0\u00bbno\u00a0\u00bb text_align=\u00a0\u00bbleft\u00a0\u00bb background_image_as_pattern=\u00a0\u00bbwithout_pattern\u00a0\u00bb][vc_column][vc_column_text css=\u00a0\u00bb\u00a0\u00bb]<\/p>\n<h3>SOINS<\/h3>\n<p><strong>Dur\u00e9e 50\u2019 75\u20ac<\/strong><\/p>\n<h4>VISAGE<\/h4>\n<p><strong>BEAUT\u00c9 INTEMPORELLE by Brasil<\/strong><br \/>\nChaque \u00e2ge a sa beaut\u00e9. Des gestes enveloppants et apaisants pour le visage, le cou et le d\u00e9collet\u00e9, associ\u00e9s \u00e0 la force r\u00e9g\u00e9n\u00e9rante des huiles biologiques de jojoba et d\u2019a\u00e7a\u00ef issues de la for\u00eat amazonienne, pour sublimer votre beaut\u00e9 naturelle.<\/p>\n<h4>CORPS<\/h4>\n<p><strong>\u00c9LIXIR DE LONGUE VIE by Brasil<\/strong><br \/>\nGestes personnalis\u00e9s pour soulager les tensions, accompagn\u00e9s d\u2019huiles biologiques d\u2019Andiroba de la for\u00eat amazonienne. Le soin id\u00e9al pour se sentir rena\u00eetre apr\u00e8s une journ\u00e9e intense.<\/p>\n<p><strong>RELAXANT<\/strong><br \/>\nDes gestes lents, profonds et enveloppants font de ce soin un classique intemporel, parfait pour terminer une journ\u00e9e de travail, r\u00e9cup\u00e9rer de l\u2019\u00e9nergie ou s\u2019offrir un moment de bien-\u00eatre.<\/p>\n<p><strong>D\u00c9CONTRACTANT\/SPORTIF<\/strong><br \/>\nTechniques dynamiques qui oxyg\u00e8nent et \u00e9tirent les muscles. Recommand\u00e9 aux sportifs ou aux personnes souffrant de tensions dans le dos, les \u00e9paules ou les jambes.<\/p>\n<p><strong>JAMBES L\u00c9G\u00c8RES<\/strong><br \/>\nLes gestes ciblent les chevilles et l\u2019arri\u00e8re des genoux. Un soin sp\u00e9cifique pour les jambes lourdes et fatigu\u00e9es qui stimule la circulation et procure une sensation imm\u00e9diate de l\u00e9g\u00e8ret\u00e9.<\/p>\n<p><strong>FEMME ENCEINTE<\/strong><br \/>\nUn doux cocon pour la future maman. Des gestes d\u00e9licats et relaxants r\u00e9alis\u00e9s avec des huiles biologiques neutres pour un moment de paix et de profonde connexion \u00e0 soi-m\u00eame.[\/vc_column_text][\/vc_column][\/vc_row][vc_row css_animation=\u00a0\u00bb\u00a0\u00bb row_type=\u00a0\u00bbrow\u00a0\u00bb use_row_as_full_screen_section=\u00a0\u00bbno\u00a0\u00bb type=\u00a0\u00bbfull_width\u00a0\u00bb angled_section=\u00a0\u00bbno\u00a0\u00bb text_align=\u00a0\u00bbleft\u00a0\u00bb background_image_as_pattern=\u00a0\u00bbwithout_pattern\u00a0\u00bb][vc_column][vc_empty_space][vc_column_text css=\u00a0\u00bb\u00a0\u00bb]<\/p>\n<h3>RITUELS<\/h3>\n<h4>VISAGE<\/h4>\n<p><strong>\u00c9CLAT<\/strong><br \/>\n<strong>Dur\u00e9e 50 min 85\u20ac<\/strong><br \/>\nUne exp\u00e9rience revitalisante pour retrouver \u00e9clat et fra\u00eecheur. Gr\u00e2ce \u00e0 l\u2019action purifiante du charbon v\u00e9g\u00e9tal, la peau est exfoli\u00e9e en douceur et lib\u00e9r\u00e9e des impuret\u00e9s et toxines. Le rituel se poursuit avec des gestes relaxants qui lissent les traits et favorisent l\u2019oxyg\u00e9nation des tissus, pour un teint uniforme et lumineux.<\/p>\n<h4>CORPS<\/h4>\n<p><strong>Dur\u00e9e 50\u2019 90\u20ac<\/strong><\/p>\n<p><strong>RITUEL HIMALAYA \u2013 EXFOLIATION ET RENAISSANCE<\/strong><br \/>\nUn voyage sensoriel qui purifie corps et esprit. Les cristaux purs de sel rose de l\u2019Himalaya, associ\u00e9s \u00e0 des huiles essentielles balsamiques, exfolient d\u00e9licatement la peau, stimulent le renouvellement cellulaire et l\u2019\u00e9limination des toxines. Le soin se termine par des gestes d\u00e9toxifiants pour une peau douce, lumineuse et une profonde sensation de l\u00e9g\u00e8ret\u00e9.<\/p>\n<p><strong>RITUEL D\u00c9TOX AU TH\u00c9 VERT \u2013 BOUE ANTIOXYDANTE ET REMIN\u00c9RALISANTE<\/strong><br \/>\nLe bien-\u00eatre naturel pour recharger le corps. Une boue riche et enveloppante au th\u00e9 vert biologique, aux sels de la Mer Morte et au gingembre pour drainer, stimuler et nourrir la peau. L\u2019action antioxydante du th\u00e9 vert s\u2019allie au pouvoir remin\u00e9ralisant des sels et \u00e0 la vitalit\u00e9 du gingembre pour une peau tonique et rayonnante, et un corps r\u00e9g\u00e9n\u00e9r\u00e9.[\/vc_column_text][\/vc_column][\/vc_row][vc_row css_animation=\u00a0\u00bb\u00a0\u00bb row_type=\u00a0\u00bbrow\u00a0\u00bb use_row_as_full_screen_section=\u00a0\u00bbno\u00a0\u00bb type=\u00a0\u00bbfull_width\u00a0\u00bb angled_section=\u00a0\u00bbno\u00a0\u00bb text_align=\u00a0\u00bbleft\u00a0\u00bb background_image_as_pattern=\u00a0\u00bbwithout_pattern\u00a0\u00bb z_index=\u00a0\u00bb\u00a0\u00bb css=\u00a0\u00bb.vc_custom_1748956402893{margin-bottom: 20px !important;}\u00a0\u00bb el_id=\u00a0\u00bbprenota\u00a0\u00bb][vc_column][vc_empty_space height=\u00a0\u00bb64px\u00a0\u00bb][\/vc_column][\/vc_row][vc_row css_animation=\u00a0\u00bb\u00a0\u00bb row_type=\u00a0\u00bbrow\u00a0\u00bb use_row_as_full_screen_section=\u00a0\u00bbno\u00a0\u00bb type=\u00a0\u00bbfull_width\u00a0\u00bb angled_section=\u00a0\u00bbno\u00a0\u00bb text_align=\u00a0\u00bbleft\u00a0\u00bb background_image_as_pattern=\u00a0\u00bbwithout_pattern\u00a0\u00bb z_index=\u00a0\u00bb\u00a0\u00bb css=\u00a0\u00bb.vc_custom_1749127728678{margin-bottom: 20px !important;}\u00a0\u00bb el_class=\u00a0\u00bbbanner-grigio\u00a0\u00bb][vc_column css=\u00a0\u00bb.vc_custom_1602582236536{background-color: #ebebeb !important;}\u00a0\u00bb][vc_column_text css=\u00a0\u00bb\u00a0\u00bb]<\/p>\n<div>\n<h3 class=\"entry-title\" style=\"text-align: center;\">\u2728 R\u00e9servez d\u00e8s maintenant votre pause r\u00e9g\u00e9n\u00e9rante.<br \/>\n Disponible directement \u00e0 l\u2019h\u00f4tel, sur rendez-vous.<\/h3>\n<p>&nbsp;<\/p>\n<p style=\"text-align: center;\">Pour acc\u00e9der \u00e0 notre fantastique centre de bien-\u00eatre, la r\u00e9servation est obligatoire. Vous pouvez r\u00e9server par email \u00e0 <a href=\"mailto:info@hoteluniversal.it\">info@hoteluniversal.it<\/a> ou via WhatsApp au <a href=\"https:\/\/wa.me\/393458013512\">+39 345 8013512<\/a>.<\/p>\n<\/div>\n<p>[\/vc_column_text][vc_empty_space][\/vc_column][\/vc_row][vc_row css_animation=\u00a0\u00bb\u00a0\u00bb row_type=\u00a0\u00bbrow\u00a0\u00bb use_row_as_full_screen_section=\u00a0\u00bbno\u00a0\u00bb type=\u00a0\u00bbgrid\u00a0\u00bb angled_section=\u00a0\u00bbno\u00a0\u00bb text_align=\u00a0\u00bbleft\u00a0\u00bb background_image_as_pattern=\u00a0\u00bbwithout_pattern\u00a0\u00bb z_index=\u00a0\u00bb\u00a0\u00bb padding_bottom=\u00a0\u00bb45&Prime; css=\u00a0\u00bb.vc_custom_1579864113174{background-color: #f6f6f6 !important;}\u00a0\u00bb padding_top=\u00a0\u00bb35&Prime; background_color=\u00a0\u00bb#f6f6f6&Prime;][vc_column][vc_row_inner row_type=\u00a0\u00bbrow\u00a0\u00bb type=\u00a0\u00bbfull_width\u00a0\u00bb text_align=\u00a0\u00bbleft\u00a0\u00bb css_animation=\u00a0\u00bb\u00a0\u00bb el_class=\u00a0\u00bbtipology-inner-two-wrap\u00a0\u00bb background_color=\u00a0\u00bb#f6f6f6&Prime;][vc_column_inner el_class=\u00a0\u00bbtipology-inner-two-wrap-block\u00a0\u00bb width=\u00a0\u00bb1\/2&Prime;][vc_single_image image=\u00a0\u00bb1123&Prime; img_size=\u00a0\u00bbfull\u00a0\u00bb alignment=\u00a0\u00bbcenter\u00a0\u00bb onclick=\u00a0\u00bbcustom_link\u00a0\u00bb css=\u00a0\u00bb\u00a0\u00bb qode_css_animation=\u00a0\u00bb\u00a0\u00bb el_class=\u00a0\u00bbtipology-inner-two-img-block\u00a0\u00bb link=\u00a0\u00bb\/fr\/salle-de-sport-privee\/\u00a0\u00bb][vc_column_text css=\u00a0\u00bb\u00a0\u00bb el_class=\u00a0\u00bbtipology-inner-two-text-block\u00a0\u00bb]<\/p>\n<h4><a style=\"color: #ffffff;\" href=\"\/fr\/salle-de-sport-privee\/\">Personal Trainer<\/a><\/h4>\n<p>[\/vc_column_text][\/vc_column_inner][vc_column_inner el_class=\u00a0\u00bbtipology-inner-two-wrap-block\u00a0\u00bb width=\u00a0\u00bb1\/2&Prime;][vc_single_image image=\u00a0\u00bb1570&Prime; img_size=\u00a0\u00bbfull\u00a0\u00bb alignment=\u00a0\u00bbcenter\u00a0\u00bb onclick=\u00a0\u00bbcustom_link\u00a0\u00bb css=\u00a0\u00bb\u00a0\u00bb qode_css_animation=\u00a0\u00bb\u00a0\u00bb el_class=\u00a0\u00bbtipology-inner-two-img-block\u00a0\u00bb link=\u00a0\u00bb\/fr\/services\/\u00a0\u00bb][vc_column_text css=\u00a0\u00bb\u00a0\u00bb el_class=\u00a0\u00bbtipology-inner-two-text-block\u00a0\u00bb]<\/p>\n<h4><a style=\"color: #ffffff;\" href=\"\/fr\/services\/\">Services<\/a><\/h4>\n<p>[\/vc_column_text][\/vc_column_inner][\/vc_row_inner][\/vc_column][\/vc_row][vc_row css_animation=\u00a0\u00bb\u00a0\u00bb row_type=\u00a0\u00bbrow\u00a0\u00bb use_row_as_full_screen_section=\u00a0\u00bbno\u00a0\u00bb type=\u00a0\u00bbfull_width\u00a0\u00bb angled_section=\u00a0\u00bbno\u00a0\u00bb text_align=\u00a0\u00bbleft\u00a0\u00bb background_image_as_pattern=\u00a0\u00bbwithout_pattern\u00a0\u00bb z_index=\u00a0\u00bb\u00a0\u00bb][vc_column][vc_column_text css=\u00a0\u00bb\u00a0\u00bb]\n<div class=\"conver-widget-v2\"\n     data-instance=\"conver-v2-2\">\n\n  <div class=\"chat-container\" id=\"chat-section\">\n\n    <div class=\"chat-header\">\n      <div class=\"chat-header-logo\">\n        <img decoding=\"async\"\n          src=\"https:\/\/www.hoteluniversal.it\/wp-content\/themes\/bridge-child\/template-parts\/ricerca-conversazionale-v2\/assets\/img\/logo-ricerca-conv.png\"\n          alt=\"\"\n        >\n        <span>Bonjour<\/span>\n      <\/div>\n\n      <h2>Par o\u00f9 commence-t-on ?<\/h2>\n    <\/div>\n\n    <!-- Chat -->\n    <div class=\"chat-box\"><\/div>\n\n    <!-- Loading -->\n    <div class=\"loading-conver hidden\" aria-hidden=\"true\">\n      <div class=\"dot\"><\/div><div class=\"dot\"><\/div><div class=\"dot\"><\/div>\n    <\/div>\n\n    <!-- Input -->\n    <div class=\"input-area-conver-wrapper\">\n      <div class=\"input-area-conver\">\n        <textarea\n          class=\"user-input-conver\"\n          placeholder=\"Posez une question...\"\n          rows=\"1\"\n        ><\/textarea>\n\n        <div class=\"box-btn-conver\">\n          <a class=\"send-btn-conver\" href=\"#\" role=\"button\" aria-label=\"AI Search\">\n            <i class=\"fa-light fa-magnifying-glass icon-search\" aria-hidden=\"true\"><\/i>\n            <i class=\"fa-regular fa-arrow-up icon-send hidden\" aria-hidden=\"true\"><\/i>\n            <span class=\"ai-search-text\">AI Search<\/span>\n          <\/a>\n\n          <i class=\"fa-light fa-close icon-erase hidden\" aria-hidden=\"true\"><\/i>\n        <\/div>\n      <\/div>\n    <\/div>\n    <span class=\"show-quick-questions hidden\">Afficher les questions rapides<\/span>\n\n    <!-- Domande rapide -->\n    <div class=\"entry-chats-wrapper\">\n      <!-- \n      <button type=\"button\" class=\"entry-chat\" data-prompt=\"R\u00e9server une chambre pour deux personnes\">\n        R\u00e9server une chambre pour deux personnes      <\/button>\n      -->\n      <button type=\"button\" class=\"entry-chat\" data-prompt=\"D\u00e9couvrir les offres sp\u00e9ciales\">\n        D\u00e9couvrir les offres sp\u00e9ciales      <\/button>\n\n      <button type=\"button\" class=\"entry-chat\" data-prompt=\"D\u00e9couvrir les chambres\">\n        D\u00e9couvrir les chambres      <\/button>\n\n      <button type=\"button\" class=\"entry-chat\" data-prompt=\"D\u00e9couvrir l&#039;espace bien-\u00eatre\">\n        D\u00e9couvrir l&#039;espace bien-\u00eatre      <\/button>\n    <\/div>\n\n  <\/div>\n<\/div>\n\n<style>\n  .entry-chats-wrapper {\n    display: flex !important;\n}\n<\/style>[\/vc_column_text][\/vc_column][\/vc_row]<\/p>\n<\/div>","protected":false},"excerpt":{"rendered":"<p>[vc_row css_animation=\u00a0\u00bb\u00a0\u00bb row_type=\u00a0\u00bbrow\u00a0\u00bb use_row_as_full_screen_section=\u00a0\u00bbno\u00a0\u00bb type=\u00a0\u00bbfull_width\u00a0\u00bb angled_section=\u00a0\u00bbno\u00a0\u00bb text_align=\u00a0\u00bbleft\u00a0\u00bb background_image_as_pattern=\u00a0\u00bbwithout_pattern\u00a0\u00bb][vc_column][vc_column_text css=\u00a0\u00bb\u00a0\u00bb el_class=\u00a0\u00bbsmall-h1&Prime;] Soins holistiques [\/vc_column_text][vc_empty_space height=\u00a0\u00bb82px\u00a0\u00bb][\/vc_column][\/vc_row][vc_row css_animation=\u00a0\u00bb\u00a0\u00bb row_type=\u00a0\u00bbrow\u00a0\u00bb use_row_as_full_screen_section=\u00a0\u00bbno\u00a0\u00bb type=\u00a0\u00bbfull_width\u00a0\u00bb angled_section=\u00a0\u00bbno\u00a0\u00bb text_align=\u00a0\u00bbleft\u00a0\u00bb background_image_as_pattern=\u00a0\u00bbwithout_pattern\u00a0\u00bb][vc_column width=\u00a0\u00bb7\/12&Prime;][vc_column_text css=\u00a0\u00bb\u00a0\u00bb] R\u00e9g\u00e9n\u00e9rez corps et esprit avec un soin personnalis\u00e9 directement \u00e0 l\u2019h\u00f4tel Juliana Andrade, praticienne holistique avec plus de 20 ans d\u2019exp\u00e9rience dans&#8230;<\/p>\n","protected":false},"author":9,"featured_media":3555,"parent":0,"menu_order":0,"comment_status":"closed","ping_status":"closed","template":"","meta":{"_acf_changed":false,"footnotes":""},"class_list":["post-4136","page","type-page","status-publish","has-post-thumbnail","hentry"],"acf":[],"yoast_head":"<!-- This site is optimized with the Yoast SEO plugin v25.7 - https:\/\/yoast.com\/wordpress\/plugins\/seo\/ -->\n<title>Soins holistiques | Hotel Universal - Senigallia (AN)<\/title>\n<meta name=\"robots\" content=\"noindex, follow\" \/>\n<meta property=\"og:locale\" content=\"fr_FR\" \/>\n<meta property=\"og:type\" content=\"article\" \/>\n<meta property=\"og:title\" content=\"Soins holistiques | Hotel Universal - Senigallia (AN)\" \/>\n<meta property=\"og:description\" content=\"[vc_row css_animation=\u00a0\u00bb\u00a0\u00bb row_type=\u00a0\u00bbrow\u00a0\u00bb use_row_as_full_screen_section=\u00a0\u00bbno\u00a0\u00bb type=\u00a0\u00bbfull_width\u00a0\u00bb angled_section=\u00a0\u00bbno\u00a0\u00bb text_align=\u00a0\u00bbleft\u00a0\u00bb background_image_as_pattern=\u00a0\u00bbwithout_pattern\u00a0\u00bb][vc_column][vc_column_text css=\u00a0\u00bb\u00a0\u00bb el_class=\u00a0\u00bbsmall-h1&Prime;] Soins holistiques [\/vc_column_text][vc_empty_space height=\u00a0\u00bb82px\u00a0\u00bb][\/vc_column][\/vc_row][vc_row css_animation=\u00a0\u00bb\u00a0\u00bb row_type=\u00a0\u00bbrow\u00a0\u00bb use_row_as_full_screen_section=\u00a0\u00bbno\u00a0\u00bb type=\u00a0\u00bbfull_width\u00a0\u00bb angled_section=\u00a0\u00bbno\u00a0\u00bb text_align=\u00a0\u00bbleft\u00a0\u00bb background_image_as_pattern=\u00a0\u00bbwithout_pattern\u00a0\u00bb][vc_column width=\u00a0\u00bb7\/12&Prime;][vc_column_text css=\u00a0\u00bb\u00a0\u00bb] R\u00e9g\u00e9n\u00e9rez corps et esprit avec un soin personnalis\u00e9 directement \u00e0 l\u2019h\u00f4tel Juliana Andrade, praticienne holistique avec plus de 20 ans d\u2019exp\u00e9rience dans...\" \/>\n<meta property=\"og:url\" content=\"https:\/\/www.hoteluniversal.it\/fr\/soins-holistiques\/\" \/>\n<meta property=\"og:site_name\" content=\"Hotel Universal - Senigallia (AN)\" \/>\n<meta property=\"article:modified_time\" content=\"2026-04-23T15:26:25+00:00\" \/>\n<meta property=\"og:image\" content=\"https:\/\/www.hoteluniversal.it\/wp-content\/uploads\/2024\/09\/SERVIZI-AREA-WELLNESS.png\" \/>\n\t<meta property=\"og:image:width\" content=\"1366\" \/>\n\t<meta property=\"og:image:height\" content=\"768\" \/>\n\t<meta property=\"og:image:type\" content=\"image\/png\" \/>\n<meta name=\"twitter:card\" content=\"summary_large_image\" \/>\n<meta name=\"twitter:label1\" content=\"Dur\u00e9e de lecture estim\u00e9e\" \/>\n\t<meta name=\"twitter:data1\" content=\"4 minutes\" \/>\n<script type=\"application\/ld+json\" class=\"yoast-schema-graph\">{\"@context\":\"https:\/\/schema.org\",\"@graph\":[{\"@type\":\"WebPage\",\"@id\":\"https:\/\/www.hoteluniversal.it\/fr\/soins-holistiques\/\",\"url\":\"https:\/\/www.hoteluniversal.it\/fr\/soins-holistiques\/\",\"name\":\"Soins holistiques | Hotel Universal - Senigallia (AN)\",\"isPartOf\":{\"@id\":\"https:\/\/www.hoteluniversal.it\/fr\/#website\"},\"primaryImageOfPage\":{\"@id\":\"https:\/\/www.hoteluniversal.it\/fr\/soins-holistiques\/#primaryimage\"},\"image\":{\"@id\":\"https:\/\/www.hoteluniversal.it\/fr\/soins-holistiques\/#primaryimage\"},\"thumbnailUrl\":\"https:\/\/www.hoteluniversal.it\/wp-content\/uploads\/2024\/09\/SERVIZI-AREA-WELLNESS.png\",\"datePublished\":\"2025-06-04T12:32:13+00:00\",\"dateModified\":\"2026-04-23T15:26:25+00:00\",\"breadcrumb\":{\"@id\":\"https:\/\/www.hoteluniversal.it\/fr\/soins-holistiques\/#breadcrumb\"},\"inLanguage\":\"fr-FR\",\"potentialAction\":[{\"@type\":\"ReadAction\",\"target\":[\"https:\/\/www.hoteluniversal.it\/fr\/soins-holistiques\/\"]}]},{\"@type\":\"ImageObject\",\"inLanguage\":\"fr-FR\",\"@id\":\"https:\/\/www.hoteluniversal.it\/fr\/soins-holistiques\/#primaryimage\",\"url\":\"https:\/\/www.hoteluniversal.it\/wp-content\/uploads\/2024\/09\/SERVIZI-AREA-WELLNESS.png\",\"contentUrl\":\"https:\/\/www.hoteluniversal.it\/wp-content\/uploads\/2024\/09\/SERVIZI-AREA-WELLNESS.png\",\"width\":1366,\"height\":768},{\"@type\":\"BreadcrumbList\",\"@id\":\"https:\/\/www.hoteluniversal.it\/fr\/soins-holistiques\/#breadcrumb\",\"itemListElement\":[{\"@type\":\"ListItem\",\"position\":1,\"name\":\"Home\",\"item\":\"https:\/\/www.hoteluniversal.it\/fr\/\"},{\"@type\":\"ListItem\",\"position\":2,\"name\":\"Soins holistiques\"}]},{\"@type\":\"WebSite\",\"@id\":\"https:\/\/www.hoteluniversal.it\/fr\/#website\",\"url\":\"https:\/\/www.hoteluniversal.it\/fr\/\",\"name\":\"Hotel Universal - Senigallia (AN)\",\"description\":\"\",\"potentialAction\":[{\"@type\":\"SearchAction\",\"target\":{\"@type\":\"EntryPoint\",\"urlTemplate\":\"https:\/\/www.hoteluniversal.it\/fr\/?s={search_term_string}\"},\"query-input\":{\"@type\":\"PropertyValueSpecification\",\"valueRequired\":true,\"valueName\":\"search_term_string\"}}],\"inLanguage\":\"fr-FR\"}]}<\/script>\n<!-- \/ Yoast SEO plugin. -->","yoast_head_json":{"title":"Soins holistiques | Hotel Universal - Senigallia (AN)","robots":{"index":"noindex","follow":"follow"},"og_locale":"fr_FR","og_type":"article","og_title":"Soins holistiques | Hotel Universal - Senigallia (AN)","og_description":"[vc_row css_animation=\u00a0\u00bb\u00a0\u00bb row_type=\u00a0\u00bbrow\u00a0\u00bb use_row_as_full_screen_section=\u00a0\u00bbno\u00a0\u00bb type=\u00a0\u00bbfull_width\u00a0\u00bb angled_section=\u00a0\u00bbno\u00a0\u00bb text_align=\u00a0\u00bbleft\u00a0\u00bb background_image_as_pattern=\u00a0\u00bbwithout_pattern\u00a0\u00bb][vc_column][vc_column_text css=\u00a0\u00bb\u00a0\u00bb el_class=\u00a0\u00bbsmall-h1&Prime;] Soins holistiques [\/vc_column_text][vc_empty_space height=\u00a0\u00bb82px\u00a0\u00bb][\/vc_column][\/vc_row][vc_row css_animation=\u00a0\u00bb\u00a0\u00bb row_type=\u00a0\u00bbrow\u00a0\u00bb use_row_as_full_screen_section=\u00a0\u00bbno\u00a0\u00bb type=\u00a0\u00bbfull_width\u00a0\u00bb angled_section=\u00a0\u00bbno\u00a0\u00bb text_align=\u00a0\u00bbleft\u00a0\u00bb background_image_as_pattern=\u00a0\u00bbwithout_pattern\u00a0\u00bb][vc_column width=\u00a0\u00bb7\/12&Prime;][vc_column_text css=\u00a0\u00bb\u00a0\u00bb] R\u00e9g\u00e9n\u00e9rez corps et esprit avec un soin personnalis\u00e9 directement \u00e0 l\u2019h\u00f4tel Juliana Andrade, praticienne holistique avec plus de 20 ans d\u2019exp\u00e9rience dans...","og_url":"https:\/\/www.hoteluniversal.it\/fr\/soins-holistiques\/","og_site_name":"Hotel Universal - Senigallia (AN)","article_modified_time":"2026-04-23T15:26:25+00:00","og_image":[{"width":1366,"height":768,"url":"https:\/\/www.hoteluniversal.it\/wp-content\/uploads\/2024\/09\/SERVIZI-AREA-WELLNESS.png","type":"image\/png"}],"twitter_card":"summary_large_image","twitter_misc":{"Dur\u00e9e de lecture estim\u00e9e":"4 minutes"},"schema":{"@context":"https:\/\/schema.org","@graph":[{"@type":"WebPage","@id":"https:\/\/www.hoteluniversal.it\/fr\/soins-holistiques\/","url":"https:\/\/www.hoteluniversal.it\/fr\/soins-holistiques\/","name":"Soins holistiques | Hotel Universal - Senigallia (AN)","isPartOf":{"@id":"https:\/\/www.hoteluniversal.it\/fr\/#website"},"primaryImageOfPage":{"@id":"https:\/\/www.hoteluniversal.it\/fr\/soins-holistiques\/#primaryimage"},"image":{"@id":"https:\/\/www.hoteluniversal.it\/fr\/soins-holistiques\/#primaryimage"},"thumbnailUrl":"https:\/\/www.hoteluniversal.it\/wp-content\/uploads\/2024\/09\/SERVIZI-AREA-WELLNESS.png","datePublished":"2025-06-04T12:32:13+00:00","dateModified":"2026-04-23T15:26:25+00:00","breadcrumb":{"@id":"https:\/\/www.hoteluniversal.it\/fr\/soins-holistiques\/#breadcrumb"},"inLanguage":"fr-FR","potentialAction":[{"@type":"ReadAction","target":["https:\/\/www.hoteluniversal.it\/fr\/soins-holistiques\/"]}]},{"@type":"ImageObject","inLanguage":"fr-FR","@id":"https:\/\/www.hoteluniversal.it\/fr\/soins-holistiques\/#primaryimage","url":"https:\/\/www.hoteluniversal.it\/wp-content\/uploads\/2024\/09\/SERVIZI-AREA-WELLNESS.png","contentUrl":"https:\/\/www.hoteluniversal.it\/wp-content\/uploads\/2024\/09\/SERVIZI-AREA-WELLNESS.png","width":1366,"height":768},{"@type":"BreadcrumbList","@id":"https:\/\/www.hoteluniversal.it\/fr\/soins-holistiques\/#breadcrumb","itemListElement":[{"@type":"ListItem","position":1,"name":"Home","item":"https:\/\/www.hoteluniversal.it\/fr\/"},{"@type":"ListItem","position":2,"name":"Soins holistiques"}]},{"@type":"WebSite","@id":"https:\/\/www.hoteluniversal.it\/fr\/#website","url":"https:\/\/www.hoteluniversal.it\/fr\/","name":"Hotel Universal - Senigallia (AN)","description":"","potentialAction":[{"@type":"SearchAction","target":{"@type":"EntryPoint","urlTemplate":"https:\/\/www.hoteluniversal.it\/fr\/?s={search_term_string}"},"query-input":{"@type":"PropertyValueSpecification","valueRequired":true,"valueName":"search_term_string"}}],"inLanguage":"fr-FR"}]}},"_links":{"self":[{"href":"https:\/\/www.hoteluniversal.it\/fr\/wp-json\/wp\/v2\/pages\/4136","targetHints":{"allow":["GET"]}}],"collection":[{"href":"https:\/\/www.hoteluniversal.it\/fr\/wp-json\/wp\/v2\/pages"}],"about":[{"href":"https:\/\/www.hoteluniversal.it\/fr\/wp-json\/wp\/v2\/types\/page"}],"author":[{"embeddable":true,"href":"https:\/\/www.hoteluniversal.it\/fr\/wp-json\/wp\/v2\/users\/9"}],"replies":[{"embeddable":true,"href":"https:\/\/www.hoteluniversal.it\/fr\/wp-json\/wp\/v2\/comments?post=4136"}],"version-history":[{"count":6,"href":"https:\/\/www.hoteluniversal.it\/fr\/wp-json\/wp\/v2\/pages\/4136\/revisions"}],"predecessor-version":[{"id":4956,"href":"https:\/\/www.hoteluniversal.it\/fr\/wp-json\/wp\/v2\/pages\/4136\/revisions\/4956"}],"wp:featuredmedia":[{"embeddable":true,"href":"https:\/\/www.hoteluniversal.it\/fr\/wp-json\/wp\/v2\/media\/3555"}],"wp:attachment":[{"href":"https:\/\/www.hoteluniversal.it\/fr\/wp-json\/wp\/v2\/media?parent=4136"}],"curies":[{"name":"wp","href":"https:\/\/api.w.org\/{rel}","templated":true}]}}