{"id":1375,"date":"2020-01-28T15:04:17","date_gmt":"2020-01-28T14:04:17","guid":{"rendered":"https:\/\/www.hoteluniversal.it\/?page_id=1375"},"modified":"2026-04-22T14:54:48","modified_gmt":"2026-04-22T12:54:48","slug":"evenements","status":"publish","type":"page","link":"https:\/\/www.hoteluniversal.it\/fr\/evenements\/","title":{"rendered":"\u00c9v\u00e9nements"},"content":{"rendered":"<div class=\"wpb-content-wrapper\"><p>[vc_row css_animation=\u00a0\u00bb\u00a0\u00bb row_type=\u00a0\u00bbrow\u00a0\u00bb use_row_as_full_screen_section=\u00a0\u00bbno\u00a0\u00bb type=\u00a0\u00bbfull_width\u00a0\u00bb angled_section=\u00a0\u00bbno\u00a0\u00bb text_align=\u00a0\u00bbleft\u00a0\u00bb background_image_as_pattern=\u00a0\u00bbwithout_pattern\u00a0\u00bb][vc_column][vc_column_text css=\u00a0\u00bb\u00a0\u00bb]<\/p>\n<h1 style=\"text-align: center;\">\u00c9v\u00e9nements<\/h1>\n<p>[\/vc_column_text][\/vc_column][\/vc_row][vc_row css_animation=\u00a0\u00bb\u00a0\u00bb row_type=\u00a0\u00bbrow\u00a0\u00bb use_row_as_full_screen_section=\u00a0\u00bbno\u00a0\u00bb type=\u00a0\u00bbfull_width\u00a0\u00bb angled_section=\u00a0\u00bbno\u00a0\u00bb text_align=\u00a0\u00bbleft\u00a0\u00bb background_image_as_pattern=\u00a0\u00bbwithout_pattern\u00a0\u00bb][vc_column][vc_empty_space height=\u00a0\u00bb112px\u00a0\u00bb][\/vc_column][\/vc_row][vc_row css_animation=\u00a0\u00bb\u00a0\u00bb row_type=\u00a0\u00bbrow\u00a0\u00bb use_row_as_full_screen_section=\u00a0\u00bbno\u00a0\u00bb type=\u00a0\u00bbfull_width\u00a0\u00bb angled_section=\u00a0\u00bbno\u00a0\u00bb text_align=\u00a0\u00bbleft\u00a0\u00bb background_image_as_pattern=\u00a0\u00bbwithout_pattern\u00a0\u00bb][vc_column width=\u00a0\u00bb1\/2&Prime;][vc_column_text css=\u00a0\u00bb\u00a0\u00bb]<\/p>\n<h2 id=\"tw-target-text\" class=\"tw-data-text tw-text-large tw-ta\" dir=\"ltr\" tabindex=\"-1\" role=\"text\" data-placeholder=\"Traduzione\" data-ved=\"2ahUKEwiZy4LkzcmQAxWrh_0HHQ0HI4oQ3ewLegQIDBAV\" aria-label=\"Testo tradotto: Francesco De Gregori \u2013 \u00ab Rimmel \u00bb Live \u00e0 Mamamia - 27 janvier 2026\">Exposition de peinture \u00e0 l\u2019h\u00f4tel<\/h2>\n<p>[\/vc_column_text][vc_column_text css=\u00a0\u00bb\u00a0\u00bb]<\/p>\n<p data-start=\"340\" data-end=\"445\">L\u2019H\u00f4tel Universal devient une galerie d\u2019art.<br data-start=\"217\" data-end=\"220\" \/>Nous exposons des \u0153uvres d\u2019art d\u2019artistes contemporains.<br data-start=\"276\" data-end=\"279\" \/>Entr\u00e9e libre.<\/p>\n<p>[\/vc_column_text][\/vc_column][vc_column width=\u00a0\u00bb1\/2&Prime;][vc_single_image image=\u00a0\u00bb4836&Prime; img_size=\u00a0\u00bbfull\u00a0\u00bb css=\u00a0\u00bb\u00a0\u00bb qode_css_animation=\u00a0\u00bb\u00a0\u00bb][\/vc_column][\/vc_row][vc_row css_animation=\u00a0\u00bb\u00a0\u00bb row_type=\u00a0\u00bbrow\u00a0\u00bb use_row_as_full_screen_section=\u00a0\u00bbno\u00a0\u00bb type=\u00a0\u00bbfull_width\u00a0\u00bb angled_section=\u00a0\u00bbno\u00a0\u00bb text_align=\u00a0\u00bbleft\u00a0\u00bb background_image_as_pattern=\u00a0\u00bbwithout_pattern\u00a0\u00bb][vc_column][vc_empty_space height=\u00a0\u00bb112px\u00a0\u00bb][\/vc_column][\/vc_row][vc_row css_animation=\u00a0\u00bb\u00a0\u00bb row_type=\u00a0\u00bbrow\u00a0\u00bb use_row_as_full_screen_section=\u00a0\u00bbno\u00a0\u00bb type=\u00a0\u00bbfull_width\u00a0\u00bb angled_section=\u00a0\u00bbno\u00a0\u00bb text_align=\u00a0\u00bbleft\u00a0\u00bb background_image_as_pattern=\u00a0\u00bbwithout_pattern\u00a0\u00bb][vc_column width=\u00a0\u00bb1\/2&Prime;][vc_single_image image=\u00a0\u00bb4481&Prime; img_size=\u00a0\u00bbfull\u00a0\u00bb css=\u00a0\u00bb\u00a0\u00bb qode_css_animation=\u00a0\u00bb\u00a0\u00bb][\/vc_column][vc_column width=\u00a0\u00bb1\/2&Prime;][vc_column_text css=\u00a0\u00bb\u00a0\u00bb]<\/p>\n<h2 id=\"tw-target-text\" class=\"tw-data-text tw-text-large tw-ta\" dir=\"ltr\" tabindex=\"-1\" role=\"text\" data-placeholder=\"Traduzione\" data-ved=\"2ahUKEwjE0ZqAy7eQAxXug_0HHRu4K-wQ3ewLegQICxAV\" aria-label=\"Testo tradotto: Rallye europ\u00e9en de printemps Harley-Davidson 2026 \u00e0 Senigallia\"><strong><span class=\"Y2IQFc\" lang=\"fr\">Rallye europ\u00e9en de printemps Harley-Davidson 2026 \u00e0 Senigallia<\/span><\/strong><\/h2>\n<p>[\/vc_column_text][vc_column_text css=\u00a0\u00bb\u00a0\u00bb]<\/p>\n<p id=\"tw-target-text\" class=\"tw-data-text tw-text-large tw-ta\" dir=\"ltr\" tabindex=\"-1\" role=\"text\" data-placeholder=\"Traduzione\" data-ved=\"2ahUKEwjE0ZqAy7eQAxXug_0HHRu4K-wQ3ewLegQICxAV\" aria-label=\"Testo tradotto: Du 30 avril au 3 mai 2026, Senigallia se pr\u00e9pare \u00e0 accueillir un \u00e9v\u00e9nement exceptionnel\u00a0: le Harley-Davidson European Spring Rally, qui r\u00e9unira des passionn\u00e9s de moto venus de toute l'Europe. Imaginez la \u00ab\u00a0Velvet Beach\u00a0\u00bb comme toile de fond pour des centaines de motos embl\u00e9matiques, des balades panoramiques le long des collines des Marches, des spectacles, des concerts, des essais de la nouvelle gamme Harley-Davidson 2026, et bien plus encore. C'est l'occasion id\u00e9ale de combiner l'adr\u00e9naline et le charme de la moto avec des vacances relaxantes dans une destination baln\u00e9aire, en profitant de la gastronomie, des paysages, de l'air printanier et de l'hospitalit\u00e9. R\u00e9servez votre s\u00e9jour d\u00e8s maintenant et vivez Senigallia au son des moteurs\u00a0!\"><span class=\"Y2IQFc\" lang=\"fr\">Du 30 avril au 3 mai 2026, Senigallia se pr\u00e9pare \u00e0 accueillir un \u00e9v\u00e9nement exceptionnel\u00a0: le Harley-Davidson European Spring Rally, qui r\u00e9unira des passionn\u00e9s de moto venus de toute l&rsquo;Europe. Imaginez la \u00ab\u00a0Velvet Beach\u00a0\u00bb comme toile de fond pour des centaines de motos embl\u00e9matiques, des balades panoramiques le long des collines des Marches, des spectacles, des concerts, des essais de la nouvelle gamme Harley-Davidson 2026, et bien plus encore. C&rsquo;est l&rsquo;occasion id\u00e9ale de combiner l&rsquo;adr\u00e9naline et le charme de la moto avec des vacances relaxantes dans une destination baln\u00e9aire, en profitant de la gastronomie, des paysages, de l&rsquo;air printanier et de l&rsquo;hospitalit\u00e9. <\/span><\/p>\n<p class=\"tw-data-text tw-text-large tw-ta\" dir=\"ltr\" tabindex=\"-1\" role=\"text\" data-placeholder=\"Traduzione\" data-ved=\"2ahUKEwjE0ZqAy7eQAxXug_0HHRu4K-wQ3ewLegQICxAV\" aria-label=\"Testo tradotto: Du 30 avril au 3 mai 2026, Senigallia se pr\u00e9pare \u00e0 accueillir un \u00e9v\u00e9nement exceptionnel\u00a0: le Harley-Davidson European Spring Rally, qui r\u00e9unira des passionn\u00e9s de moto venus de toute l'Europe. Imaginez la \u00ab\u00a0Velvet Beach\u00a0\u00bb comme toile de fond pour des centaines de motos embl\u00e9matiques, des balades panoramiques le long des collines des Marches, des spectacles, des concerts, des essais de la nouvelle gamme Harley-Davidson 2026, et bien plus encore. C'est l'occasion id\u00e9ale de combiner l'adr\u00e9naline et le charme de la moto avec des vacances relaxantes dans une destination baln\u00e9aire, en profitant de la gastronomie, des paysages, de l'air printanier et de l'hospitalit\u00e9. R\u00e9servez votre s\u00e9jour d\u00e8s maintenant et vivez Senigallia au son des moteurs\u00a0!\"><span class=\"Y2IQFc\" lang=\"fr\">R\u00e9servez votre s\u00e9jour d\u00e8s maintenant et vivez Senigallia au son des moteurs\u00a0!<\/span><\/p>\n<p>[\/vc_column_text][\/vc_column][\/vc_row][vc_row css_animation=\u00a0\u00bb\u00a0\u00bb row_type=\u00a0\u00bbrow\u00a0\u00bb use_row_as_full_screen_section=\u00a0\u00bbno\u00a0\u00bb type=\u00a0\u00bbfull_width\u00a0\u00bb angled_section=\u00a0\u00bbno\u00a0\u00bb text_align=\u00a0\u00bbleft\u00a0\u00bb background_image_as_pattern=\u00a0\u00bbwithout_pattern\u00a0\u00bb][vc_column][vc_separator type=\u00a0\u00bbnormal\u00a0\u00bb][vc_empty_space height=\u00a0\u00bb112px\u00a0\u00bb][\/vc_column][\/vc_row][vc_row css_animation=\u00a0\u00bb\u00a0\u00bb row_type=\u00a0\u00bbrow\u00a0\u00bb use_row_as_full_screen_section=\u00a0\u00bbno\u00a0\u00bb type=\u00a0\u00bbfull_width\u00a0\u00bb angled_section=\u00a0\u00bbno\u00a0\u00bb text_align=\u00a0\u00bbleft\u00a0\u00bb background_image_as_pattern=\u00a0\u00bbwithout_pattern\u00a0\u00bb][vc_column][vc_empty_space height=\u00a0\u00bb112px\u00a0\u00bb][\/vc_column][\/vc_row][vc_row css_animation=\u00a0\u00bb\u00a0\u00bb row_type=\u00a0\u00bbrow\u00a0\u00bb use_row_as_full_screen_section=\u00a0\u00bbno\u00a0\u00bb type=\u00a0\u00bbgrid\u00a0\u00bb angled_section=\u00a0\u00bbno\u00a0\u00bb text_align=\u00a0\u00bbleft\u00a0\u00bb background_image_as_pattern=\u00a0\u00bbwithout_pattern\u00a0\u00bb z_index=\u00a0\u00bb\u00a0\u00bb padding_bottom=\u00a0\u00bb45&Prime; css=\u00a0\u00bb.vc_custom_1579864113174{background-color: #f6f6f6 !important;}\u00a0\u00bb padding_top=\u00a0\u00bb35&Prime; background_color=\u00a0\u00bb#f6f6f6&Prime;][vc_column][vc_row_inner row_type=\u00a0\u00bbrow\u00a0\u00bb type=\u00a0\u00bbfull_width\u00a0\u00bb text_align=\u00a0\u00bbleft\u00a0\u00bb css_animation=\u00a0\u00bb\u00a0\u00bb el_class=\u00a0\u00bbtipology-inner-two-wrap\u00a0\u00bb background_color=\u00a0\u00bb#f6f6f6&Prime;][vc_column_inner el_class=\u00a0\u00bbtipology-inner-two-wrap-block\u00a0\u00bb width=\u00a0\u00bb1\/3&Prime;][vc_single_image image=\u00a0\u00bb2750&Prime; img_size=\u00a0\u00bbfull\u00a0\u00bb alignment=\u00a0\u00bbcenter\u00a0\u00bb onclick=\u00a0\u00bbcustom_link\u00a0\u00bb css=\u00a0\u00bb\u00a0\u00bb qode_css_animation=\u00a0\u00bb\u00a0\u00bb el_class=\u00a0\u00bbtipology-inner-two-img-block\u00a0\u00bb link=\u00a0\u00bb\/fr\/chambres\/\u00a0\u00bb][vc_column_text css=\u00a0\u00bb\u00a0\u00bb el_class=\u00a0\u00bbtipology-inner-two-text-block\u00a0\u00bb]<\/p>\n<h4><a style=\"color: #ffffff;\" href=\"\/fr\/chambres\/\">Chambres<\/a><\/h4>\n<p>[\/vc_column_text][\/vc_column_inner][vc_column_inner el_class=\u00a0\u00bbtipology-inner-two-wrap-block\u00a0\u00bb width=\u00a0\u00bb1\/3&Prime;][vc_single_image image=\u00a0\u00bb2778&Prime; img_size=\u00a0\u00bbfull\u00a0\u00bb alignment=\u00a0\u00bbcenter\u00a0\u00bb onclick=\u00a0\u00bbcustom_link\u00a0\u00bb css=\u00a0\u00bb\u00a0\u00bb qode_css_animation=\u00a0\u00bb\u00a0\u00bb el_class=\u00a0\u00bbtipology-inner-two-img-block\u00a0\u00bb link=\u00a0\u00bb\/fr\/services\/\u00a0\u00bb][vc_column_text css=\u00a0\u00bb\u00a0\u00bb el_class=\u00a0\u00bbtipology-inner-two-text-block\u00a0\u00bb]<\/p>\n<h4><a style=\"color: #ffffff;\" href=\"\/fr\/services\/\">Services<\/a><\/h4>\n<p>[\/vc_column_text][\/vc_column_inner][vc_column_inner el_class=\u00a0\u00bbtipology-inner-two-wrap-block\u00a0\u00bb width=\u00a0\u00bb1\/3&Prime;][vc_single_image image=\u00a0\u00bb915&Prime; img_size=\u00a0\u00bbfull\u00a0\u00bb alignment=\u00a0\u00bbcenter\u00a0\u00bb onclick=\u00a0\u00bbcustom_link\u00a0\u00bb css=\u00a0\u00bb\u00a0\u00bb qode_css_animation=\u00a0\u00bb\u00a0\u00bb el_class=\u00a0\u00bbtipology-inner-two-img-block\u00a0\u00bb link=\u00a0\u00bb\/fr\/la-plage\/\u00a0\u00bb][vc_column_text css=\u00a0\u00bb\u00a0\u00bb el_class=\u00a0\u00bbtipology-inner-two-text-block\u00a0\u00bb]<\/p>\n<h4><a style=\"color: #ffffff;\" href=\"\/fr\/la-plage\/\">La plage<\/a><\/h4>\n<p>[\/vc_column_text][\/vc_column_inner][\/vc_row_inner][\/vc_column][\/vc_row]<\/p>\n<\/div>","protected":false},"excerpt":{"rendered":"<p>[vc_row css_animation=\u00a0\u00bb\u00a0\u00bb row_type=\u00a0\u00bbrow\u00a0\u00bb use_row_as_full_screen_section=\u00a0\u00bbno\u00a0\u00bb type=\u00a0\u00bbfull_width\u00a0\u00bb angled_section=\u00a0\u00bbno\u00a0\u00bb text_align=\u00a0\u00bbleft\u00a0\u00bb background_image_as_pattern=\u00a0\u00bbwithout_pattern\u00a0\u00bb][vc_column][vc_column_text css=\u00a0\u00bb\u00a0\u00bb] \u00c9v\u00e9nements [\/vc_column_text][\/vc_column][\/vc_row][vc_row css_animation=\u00a0\u00bb\u00a0\u00bb row_type=\u00a0\u00bbrow\u00a0\u00bb use_row_as_full_screen_section=\u00a0\u00bbno\u00a0\u00bb type=\u00a0\u00bbfull_width\u00a0\u00bb angled_section=\u00a0\u00bbno\u00a0\u00bb text_align=\u00a0\u00bbleft\u00a0\u00bb background_image_as_pattern=\u00a0\u00bbwithout_pattern\u00a0\u00bb][vc_column][vc_empty_space height=\u00a0\u00bb112px\u00a0\u00bb][\/vc_column][\/vc_row][vc_row css_animation=\u00a0\u00bb\u00a0\u00bb row_type=\u00a0\u00bbrow\u00a0\u00bb use_row_as_full_screen_section=\u00a0\u00bbno\u00a0\u00bb type=\u00a0\u00bbfull_width\u00a0\u00bb angled_section=\u00a0\u00bbno\u00a0\u00bb text_align=\u00a0\u00bbleft\u00a0\u00bb background_image_as_pattern=\u00a0\u00bbwithout_pattern\u00a0\u00bb][vc_column width=\u00a0\u00bb1\/2&Prime;][vc_column_text css=\u00a0\u00bb\u00a0\u00bb] Exposition de peinture \u00e0 l\u2019h\u00f4tel [\/vc_column_text][vc_column_text css=\u00a0\u00bb\u00a0\u00bb] L\u2019H\u00f4tel Universal devient une galerie d\u2019art.Nous exposons des \u0153uvres d\u2019art&#8230;<\/p>\n","protected":false},"author":2,"featured_media":1297,"parent":0,"menu_order":0,"comment_status":"closed","ping_status":"closed","template":"","meta":{"_acf_changed":false,"footnotes":""},"class_list":["post-1375","page","type-page","status-publish","has-post-thumbnail","hentry"],"acf":[],"yoast_head":"<!-- This site is optimized with the Yoast SEO plugin v25.7 - https:\/\/yoast.com\/wordpress\/plugins\/seo\/ -->\n<title>\u00c9v\u00e9nements | Hotel Universal - Senigallia (AN)<\/title>\n<meta name=\"robots\" content=\"index, follow, max-snippet:-1, max-image-preview:large, max-video-preview:-1\" \/>\n<link rel=\"canonical\" href=\"https:\/\/www.hoteluniversal.it\/fr\/evenements\/\" \/>\n<meta property=\"og:locale\" content=\"fr_FR\" \/>\n<meta property=\"og:type\" content=\"article\" \/>\n<meta property=\"og:title\" content=\"\u00c9v\u00e9nements | Hotel Universal - Senigallia (AN)\" \/>\n<meta property=\"og:description\" content=\"[vc_row css_animation=\u00a0\u00bb\u00a0\u00bb row_type=\u00a0\u00bbrow\u00a0\u00bb use_row_as_full_screen_section=\u00a0\u00bbno\u00a0\u00bb type=\u00a0\u00bbfull_width\u00a0\u00bb angled_section=\u00a0\u00bbno\u00a0\u00bb text_align=\u00a0\u00bbleft\u00a0\u00bb background_image_as_pattern=\u00a0\u00bbwithout_pattern\u00a0\u00bb][vc_column][vc_column_text css=\u00a0\u00bb\u00a0\u00bb] \u00c9v\u00e9nements [\/vc_column_text][\/vc_column][\/vc_row][vc_row css_animation=\u00a0\u00bb\u00a0\u00bb row_type=\u00a0\u00bbrow\u00a0\u00bb use_row_as_full_screen_section=\u00a0\u00bbno\u00a0\u00bb type=\u00a0\u00bbfull_width\u00a0\u00bb angled_section=\u00a0\u00bbno\u00a0\u00bb text_align=\u00a0\u00bbleft\u00a0\u00bb background_image_as_pattern=\u00a0\u00bbwithout_pattern\u00a0\u00bb][vc_column][vc_empty_space height=\u00a0\u00bb112px\u00a0\u00bb][\/vc_column][\/vc_row][vc_row css_animation=\u00a0\u00bb\u00a0\u00bb row_type=\u00a0\u00bbrow\u00a0\u00bb use_row_as_full_screen_section=\u00a0\u00bbno\u00a0\u00bb type=\u00a0\u00bbfull_width\u00a0\u00bb angled_section=\u00a0\u00bbno\u00a0\u00bb text_align=\u00a0\u00bbleft\u00a0\u00bb background_image_as_pattern=\u00a0\u00bbwithout_pattern\u00a0\u00bb][vc_column width=\u00a0\u00bb1\/2&Prime;][vc_column_text css=\u00a0\u00bb\u00a0\u00bb] Exposition de peinture \u00e0 l\u2019h\u00f4tel [\/vc_column_text][vc_column_text css=\u00a0\u00bb\u00a0\u00bb] L\u2019H\u00f4tel Universal devient une galerie d\u2019art.Nous exposons des \u0153uvres d\u2019art...\" \/>\n<meta property=\"og:url\" content=\"https:\/\/www.hoteluniversal.it\/fr\/evenements\/\" \/>\n<meta property=\"og:site_name\" content=\"Hotel Universal - Senigallia (AN)\" \/>\n<meta property=\"article:modified_time\" content=\"2026-04-22T12:54:48+00:00\" \/>\n<meta property=\"og:image\" content=\"https:\/\/www.hoteluniversal.it\/wp-content\/uploads\/2020\/01\/slide-Senigallia.jpg\" \/>\n\t<meta property=\"og:image:width\" content=\"2000\" \/>\n\t<meta property=\"og:image:height\" content=\"510\" \/>\n\t<meta property=\"og:image:type\" content=\"image\/jpeg\" \/>\n<meta name=\"twitter:card\" content=\"summary_large_image\" \/>\n<meta name=\"twitter:label1\" content=\"Dur\u00e9e de lecture estim\u00e9e\" \/>\n\t<meta name=\"twitter:data1\" content=\"2 minutes\" \/>\n<script type=\"application\/ld+json\" class=\"yoast-schema-graph\">{\"@context\":\"https:\/\/schema.org\",\"@graph\":[{\"@type\":\"WebPage\",\"@id\":\"https:\/\/www.hoteluniversal.it\/fr\/evenements\/\",\"url\":\"https:\/\/www.hoteluniversal.it\/fr\/evenements\/\",\"name\":\"\u00c9v\u00e9nements | Hotel Universal - Senigallia (AN)\",\"isPartOf\":{\"@id\":\"https:\/\/www.hoteluniversal.it\/fr\/#website\"},\"primaryImageOfPage\":{\"@id\":\"https:\/\/www.hoteluniversal.it\/fr\/evenements\/#primaryimage\"},\"image\":{\"@id\":\"https:\/\/www.hoteluniversal.it\/fr\/evenements\/#primaryimage\"},\"thumbnailUrl\":\"https:\/\/www.hoteluniversal.it\/wp-content\/uploads\/2020\/01\/slide-Senigallia.jpg\",\"datePublished\":\"2020-01-28T14:04:17+00:00\",\"dateModified\":\"2026-04-22T12:54:48+00:00\",\"breadcrumb\":{\"@id\":\"https:\/\/www.hoteluniversal.it\/fr\/evenements\/#breadcrumb\"},\"inLanguage\":\"fr-FR\",\"potentialAction\":[{\"@type\":\"ReadAction\",\"target\":[\"https:\/\/www.hoteluniversal.it\/fr\/evenements\/\"]}]},{\"@type\":\"ImageObject\",\"inLanguage\":\"fr-FR\",\"@id\":\"https:\/\/www.hoteluniversal.it\/fr\/evenements\/#primaryimage\",\"url\":\"https:\/\/www.hoteluniversal.it\/wp-content\/uploads\/2020\/01\/slide-Senigallia.jpg\",\"contentUrl\":\"https:\/\/www.hoteluniversal.it\/wp-content\/uploads\/2020\/01\/slide-Senigallia.jpg\",\"width\":2000,\"height\":510},{\"@type\":\"BreadcrumbList\",\"@id\":\"https:\/\/www.hoteluniversal.it\/fr\/evenements\/#breadcrumb\",\"itemListElement\":[{\"@type\":\"ListItem\",\"position\":1,\"name\":\"Home\",\"item\":\"https:\/\/www.hoteluniversal.it\/fr\/\"},{\"@type\":\"ListItem\",\"position\":2,\"name\":\"\u00c9v\u00e9nements\"}]},{\"@type\":\"WebSite\",\"@id\":\"https:\/\/www.hoteluniversal.it\/fr\/#website\",\"url\":\"https:\/\/www.hoteluniversal.it\/fr\/\",\"name\":\"Hotel Universal - Senigallia (AN)\",\"description\":\"\",\"potentialAction\":[{\"@type\":\"SearchAction\",\"target\":{\"@type\":\"EntryPoint\",\"urlTemplate\":\"https:\/\/www.hoteluniversal.it\/fr\/?s={search_term_string}\"},\"query-input\":{\"@type\":\"PropertyValueSpecification\",\"valueRequired\":true,\"valueName\":\"search_term_string\"}}],\"inLanguage\":\"fr-FR\"}]}<\/script>\n<!-- \/ Yoast SEO plugin. -->","yoast_head_json":{"title":"\u00c9v\u00e9nements | Hotel Universal - Senigallia (AN)","robots":{"index":"index","follow":"follow","max-snippet":"max-snippet:-1","max-image-preview":"max-image-preview:large","max-video-preview":"max-video-preview:-1"},"canonical":"https:\/\/www.hoteluniversal.it\/fr\/evenements\/","og_locale":"fr_FR","og_type":"article","og_title":"\u00c9v\u00e9nements | Hotel Universal - Senigallia (AN)","og_description":"[vc_row css_animation=\u00a0\u00bb\u00a0\u00bb row_type=\u00a0\u00bbrow\u00a0\u00bb use_row_as_full_screen_section=\u00a0\u00bbno\u00a0\u00bb type=\u00a0\u00bbfull_width\u00a0\u00bb angled_section=\u00a0\u00bbno\u00a0\u00bb text_align=\u00a0\u00bbleft\u00a0\u00bb background_image_as_pattern=\u00a0\u00bbwithout_pattern\u00a0\u00bb][vc_column][vc_column_text css=\u00a0\u00bb\u00a0\u00bb] \u00c9v\u00e9nements [\/vc_column_text][\/vc_column][\/vc_row][vc_row css_animation=\u00a0\u00bb\u00a0\u00bb row_type=\u00a0\u00bbrow\u00a0\u00bb use_row_as_full_screen_section=\u00a0\u00bbno\u00a0\u00bb type=\u00a0\u00bbfull_width\u00a0\u00bb angled_section=\u00a0\u00bbno\u00a0\u00bb text_align=\u00a0\u00bbleft\u00a0\u00bb background_image_as_pattern=\u00a0\u00bbwithout_pattern\u00a0\u00bb][vc_column][vc_empty_space height=\u00a0\u00bb112px\u00a0\u00bb][\/vc_column][\/vc_row][vc_row css_animation=\u00a0\u00bb\u00a0\u00bb row_type=\u00a0\u00bbrow\u00a0\u00bb use_row_as_full_screen_section=\u00a0\u00bbno\u00a0\u00bb type=\u00a0\u00bbfull_width\u00a0\u00bb angled_section=\u00a0\u00bbno\u00a0\u00bb text_align=\u00a0\u00bbleft\u00a0\u00bb background_image_as_pattern=\u00a0\u00bbwithout_pattern\u00a0\u00bb][vc_column width=\u00a0\u00bb1\/2&Prime;][vc_column_text css=\u00a0\u00bb\u00a0\u00bb] Exposition de peinture \u00e0 l\u2019h\u00f4tel [\/vc_column_text][vc_column_text css=\u00a0\u00bb\u00a0\u00bb] L\u2019H\u00f4tel Universal devient une galerie d\u2019art.Nous exposons des \u0153uvres d\u2019art...","og_url":"https:\/\/www.hoteluniversal.it\/fr\/evenements\/","og_site_name":"Hotel Universal - Senigallia (AN)","article_modified_time":"2026-04-22T12:54:48+00:00","og_image":[{"width":2000,"height":510,"url":"https:\/\/www.hoteluniversal.it\/wp-content\/uploads\/2020\/01\/slide-Senigallia.jpg","type":"image\/jpeg"}],"twitter_card":"summary_large_image","twitter_misc":{"Dur\u00e9e de lecture estim\u00e9e":"2 minutes"},"schema":{"@context":"https:\/\/schema.org","@graph":[{"@type":"WebPage","@id":"https:\/\/www.hoteluniversal.it\/fr\/evenements\/","url":"https:\/\/www.hoteluniversal.it\/fr\/evenements\/","name":"\u00c9v\u00e9nements | Hotel Universal - Senigallia (AN)","isPartOf":{"@id":"https:\/\/www.hoteluniversal.it\/fr\/#website"},"primaryImageOfPage":{"@id":"https:\/\/www.hoteluniversal.it\/fr\/evenements\/#primaryimage"},"image":{"@id":"https:\/\/www.hoteluniversal.it\/fr\/evenements\/#primaryimage"},"thumbnailUrl":"https:\/\/www.hoteluniversal.it\/wp-content\/uploads\/2020\/01\/slide-Senigallia.jpg","datePublished":"2020-01-28T14:04:17+00:00","dateModified":"2026-04-22T12:54:48+00:00","breadcrumb":{"@id":"https:\/\/www.hoteluniversal.it\/fr\/evenements\/#breadcrumb"},"inLanguage":"fr-FR","potentialAction":[{"@type":"ReadAction","target":["https:\/\/www.hoteluniversal.it\/fr\/evenements\/"]}]},{"@type":"ImageObject","inLanguage":"fr-FR","@id":"https:\/\/www.hoteluniversal.it\/fr\/evenements\/#primaryimage","url":"https:\/\/www.hoteluniversal.it\/wp-content\/uploads\/2020\/01\/slide-Senigallia.jpg","contentUrl":"https:\/\/www.hoteluniversal.it\/wp-content\/uploads\/2020\/01\/slide-Senigallia.jpg","width":2000,"height":510},{"@type":"BreadcrumbList","@id":"https:\/\/www.hoteluniversal.it\/fr\/evenements\/#breadcrumb","itemListElement":[{"@type":"ListItem","position":1,"name":"Home","item":"https:\/\/www.hoteluniversal.it\/fr\/"},{"@type":"ListItem","position":2,"name":"\u00c9v\u00e9nements"}]},{"@type":"WebSite","@id":"https:\/\/www.hoteluniversal.it\/fr\/#website","url":"https:\/\/www.hoteluniversal.it\/fr\/","name":"Hotel Universal - Senigallia (AN)","description":"","potentialAction":[{"@type":"SearchAction","target":{"@type":"EntryPoint","urlTemplate":"https:\/\/www.hoteluniversal.it\/fr\/?s={search_term_string}"},"query-input":{"@type":"PropertyValueSpecification","valueRequired":true,"valueName":"search_term_string"}}],"inLanguage":"fr-FR"}]}},"_links":{"self":[{"href":"https:\/\/www.hoteluniversal.it\/fr\/wp-json\/wp\/v2\/pages\/1375","targetHints":{"allow":["GET"]}}],"collection":[{"href":"https:\/\/www.hoteluniversal.it\/fr\/wp-json\/wp\/v2\/pages"}],"about":[{"href":"https:\/\/www.hoteluniversal.it\/fr\/wp-json\/wp\/v2\/types\/page"}],"author":[{"embeddable":true,"href":"https:\/\/www.hoteluniversal.it\/fr\/wp-json\/wp\/v2\/users\/2"}],"replies":[{"embeddable":true,"href":"https:\/\/www.hoteluniversal.it\/fr\/wp-json\/wp\/v2\/comments?post=1375"}],"version-history":[{"count":45,"href":"https:\/\/www.hoteluniversal.it\/fr\/wp-json\/wp\/v2\/pages\/1375\/revisions"}],"predecessor-version":[{"id":4897,"href":"https:\/\/www.hoteluniversal.it\/fr\/wp-json\/wp\/v2\/pages\/1375\/revisions\/4897"}],"wp:featuredmedia":[{"embeddable":true,"href":"https:\/\/www.hoteluniversal.it\/fr\/wp-json\/wp\/v2\/media\/1297"}],"wp:attachment":[{"href":"https:\/\/www.hoteluniversal.it\/fr\/wp-json\/wp\/v2\/media?parent=1375"}],"curies":[{"name":"wp","href":"https:\/\/api.w.org\/{rel}","templated":true}]}}