{"id":1358,"date":"2020-01-28T14:41:43","date_gmt":"2020-01-28T13:41:43","guid":{"rendered":"https:\/\/www.hoteluniversal.it\/?page_id=1358"},"modified":"2024-10-15T09:14:17","modified_gmt":"2024-10-15T07:14:17","slug":"arriere-pays","status":"publish","type":"page","link":"https:\/\/www.hoteluniversal.it\/fr\/arriere-pays\/","title":{"rendered":"Arri\u00e8re-pays"},"content":{"rendered":"<div class=\"wpb-content-wrapper\"><p>[vc_row css_animation=\u00a0\u00bb\u00a0\u00bb row_type=\u00a0\u00bbrow\u00a0\u00bb use_row_as_full_screen_section=\u00a0\u00bbno\u00a0\u00bb type=\u00a0\u00bbfull_width\u00a0\u00bb angled_section=\u00a0\u00bbno\u00a0\u00bb text_align=\u00a0\u00bbleft\u00a0\u00bb background_image_as_pattern=\u00a0\u00bbwithout_pattern\u00a0\u00bb][vc_column][vc_column_text]<\/p>\n<h1 style=\"text-align: center;\">Arri\u00e8re-pays<\/h1>\n<p>[\/vc_column_text][\/vc_column][\/vc_row][vc_row css_animation=\u00a0\u00bb\u00a0\u00bb row_type=\u00a0\u00bbrow\u00a0\u00bb use_row_as_full_screen_section=\u00a0\u00bbno\u00a0\u00bb type=\u00a0\u00bbfull_width\u00a0\u00bb angled_section=\u00a0\u00bbno\u00a0\u00bb text_align=\u00a0\u00bbleft\u00a0\u00bb background_image_as_pattern=\u00a0\u00bbwithout_pattern\u00a0\u00bb][vc_column][vc_column_text]Voici <strong>nos plus beaux villages m\u00e9di\u00e9vaux<\/strong>, entre nature et culture, qui serpentent de Senigallia \u00e0 la fronti\u00e8re avec la Toscane.[\/vc_column_text][\/vc_column][\/vc_row][vc_row css_animation=\u00a0\u00bb\u00a0\u00bb row_type=\u00a0\u00bbrow\u00a0\u00bb use_row_as_full_screen_section=\u00a0\u00bbno\u00a0\u00bb type=\u00a0\u00bbfull_width\u00a0\u00bb angled_section=\u00a0\u00bbno\u00a0\u00bb text_align=\u00a0\u00bbleft\u00a0\u00bb background_image_as_pattern=\u00a0\u00bbwithout_pattern\u00a0\u00bb][vc_column][vc_empty_space][\/vc_column][\/vc_row][vc_row css_animation=\u00a0\u00bb\u00a0\u00bb row_type=\u00a0\u00bbrow\u00a0\u00bb use_row_as_full_screen_section=\u00a0\u00bbno\u00a0\u00bb type=\u00a0\u00bbfull_width\u00a0\u00bb angled_section=\u00a0\u00bbno\u00a0\u00bb text_align=\u00a0\u00bbleft\u00a0\u00bb background_image_as_pattern=\u00a0\u00bbwithout_pattern\u00a0\u00bb][vc_column width=\u00a0\u00bb1\/2&Prime;][vc_column_text css=\u00a0\u00bb.vc_custom_1586246308431{padding-top: 10px !important;padding-bottom: 10px !important;}\u00a0\u00bb]<\/p>\n<h3 class=\"entry-title\" style=\"text-align: left;\">Corinaldo<\/h3>\n<p class=\"entry-title\" style=\"text-align: left;\">A <strong>18 km de Senigallia<\/strong>.<\/p>\n<p>Ce beau village m\u00e9di\u00e9val, <strong>rare exemple d&rsquo;une ville fortifi\u00e9e<\/strong>, conserve ses fortifications (datant du XVe si\u00e8cle) presque intactes. Il est \u00e9galement connu comme \u00ab\u00a0le bourg des fous\u00a0\u00bb. Selon une tradition s\u00e9culaire, les habitants (les Corinaldesi) passent pour de vrais plaisantant. Et des histoires dr\u00f4les sont racont\u00e9es \u00e0 leur sujet\u2026<\/p>\n<p>[\/vc_column_text][\/vc_column][vc_column width=\u00a0\u00bb1\/2&Prime;][vc_column_text css=\u00a0\u00bb.vc_custom_1586246343308{padding-top: 10px !important;padding-bottom: 10px !important;}\u00a0\u00bb]<\/p>\n<h3 class=\"entry-title\" style=\"text-align: left;\">Grottes de Frasassi<\/h3>\n<p class=\"entry-title\" style=\"text-align: left;\">A <strong>60 km de Senigallia<\/strong>.<\/p>\n<p>Un <strong>complexe sp\u00e9l\u00e9ologique suggestif<\/strong>, riche en stalactites et stalagmites g\u00e9antes, lacs clairs et jeux de lumi\u00e8re : ce sont les images indescriptibles que la nature transmet au visiteur. La <strong>Grotta Grande del Vento<\/strong> (grande grotte du vent) vous laissera un souvenir inoubliable.<\/p>\n<p>[\/vc_column_text][\/vc_column][\/vc_row][vc_row css_animation=\u00a0\u00bb\u00a0\u00bb row_type=\u00a0\u00bbrow\u00a0\u00bb use_row_as_full_screen_section=\u00a0\u00bbno\u00a0\u00bb type=\u00a0\u00bbfull_width\u00a0\u00bb angled_section=\u00a0\u00bbno\u00a0\u00bb text_align=\u00a0\u00bbleft\u00a0\u00bb background_image_as_pattern=\u00a0\u00bbwithout_pattern\u00a0\u00bb][vc_column width=\u00a0\u00bb1\/2&Prime;][vc_column_text css=\u00a0\u00bb.vc_custom_1586246390766{padding-top: 10px !important;padding-bottom: 10px !important;}\u00a0\u00bb]<\/p>\n<h3>Loreto<\/h3>\n<p>A <strong>40 km de Senigallia<\/strong>.<\/p>\n<p>Situ\u00e9 dans une <strong>position panoramique sur une colline surplombant la mer<\/strong> et partiellement entour\u00e9 de murs et de remparts du XVIe si\u00e8cle, Loreto est domin\u00e9 par le <strong>c\u00e9l\u00e8bre sanctuaire de la Sainte Maison<\/strong>, l&rsquo;un des monuments les plus c\u00e9l\u00e8bres et les plus v\u00e9n\u00e9r\u00e9s du christianisme et parmi les plus importants d&rsquo;Italie.[\/vc_column_text][\/vc_column][vc_column width=\u00a0\u00bb1\/2&Prime;][vc_column_text css=\u00a0\u00bb.vc_custom_1586246416255{padding-top: 10px !important;padding-bottom: 10px !important;}\u00a0\u00bb]<\/p>\n<h3>Recanati<\/h3>\n<p>A <strong>50 km de Senigallia<\/strong>.<\/p>\n<p><strong>Giacomo Leopardi et Beniamino Gigli y sont n\u00e9s<\/strong>. La commune conserve des monuments, des \u00e9glises, des palais, des galeries d&rsquo;art, des mus\u00e9es et des biblioth\u00e8ques. C&rsquo;est un centre national d&rsquo;\u00e9tudes sur Leopardi et propose des \u00e9v\u00e9nements artistiques, litt\u00e9raires et musicaux de grande r\u00e9sonance.[\/vc_column_text][\/vc_column][\/vc_row][vc_row css_animation=\u00a0\u00bb\u00a0\u00bb row_type=\u00a0\u00bbrow\u00a0\u00bb use_row_as_full_screen_section=\u00a0\u00bbno\u00a0\u00bb type=\u00a0\u00bbfull_width\u00a0\u00bb angled_section=\u00a0\u00bbno\u00a0\u00bb text_align=\u00a0\u00bbleft\u00a0\u00bb background_image_as_pattern=\u00a0\u00bbwithout_pattern\u00a0\u00bb][vc_column width=\u00a0\u00bb1\/2&Prime;][vc_column_text css=\u00a0\u00bb.vc_custom_1586246478997{padding-top: 10px !important;padding-bottom: 10px !important;}\u00a0\u00bb]<\/p>\n<h3>Urbino<\/h3>\n<p>A <strong>70 km de Senigallia<\/strong>.<\/p>\n<p>La <strong>ville universitaire<\/strong>, joyau de la Renaissance et patrimoine mondial de l&rsquo;Unesco, se trouve dans une position \u00e9lev\u00e9e et magnifique, sur deux collines, au centre de la vall\u00e9e des rivi\u00e8res Foglia et Metauro. C&rsquo;est un centre tr\u00e8s ancien et son Palais des Doges est une cr\u00e9ation d&rsquo;une telle puret\u00e9 architecturale qu&rsquo;elle ne peut \u00eatre compar\u00e9e \u00e0 aucune autre maison civile en Italie. Le Palais accueille des peintures d&rsquo;artistes tels que Rapha\u00ebl et Titien.[\/vc_column_text][\/vc_column][vc_column width=\u00a0\u00bb1\/2&Prime;][vc_column_text css=\u00a0\u00bb.vc_custom_1586246532001{padding-top: 10px !important;padding-bottom: 10px !important;}\u00a0\u00bb]<\/p>\n<h3>Gradara<\/h3>\n<p>A <strong>40 km de Senigallia<\/strong>.<\/p>\n<p>Il se dresse sur une colline entre les Marches et la Romagne et est <strong>c\u00e9l\u00e8bre pour la Rocca Malatestiana<\/strong>, o\u00f9 Paolo et Francesca ont consomm\u00e9 leur histoire d&rsquo;amour tragique. La Rocca est l&rsquo;un des exemples de fortification m\u00e9di\u00e9vale les mieux conserv\u00e9es en Italie.[\/vc_column_text][\/vc_column][\/vc_row][vc_row css_animation=\u00a0\u00bb\u00a0\u00bb row_type=\u00a0\u00bbrow\u00a0\u00bb use_row_as_full_screen_section=\u00a0\u00bbno\u00a0\u00bb type=\u00a0\u00bbfull_width\u00a0\u00bb angled_section=\u00a0\u00bbno\u00a0\u00bb text_align=\u00a0\u00bbleft\u00a0\u00bb background_image_as_pattern=\u00a0\u00bbwithout_pattern\u00a0\u00bb][vc_column][vc_column_text css=\u00a0\u00bb.vc_custom_1587483084344{padding-top: 10px !important;padding-bottom: 10px !important;}\u00a0\u00bb]<\/p>\n<h3>Points de vente et magasins<\/h3>\n<p>Mais Senigallia n&rsquo;est <strong>pas seulement art et culture<\/strong>. Le territoire regorge de points de vente et de magasins o\u00f9 vous trouverez de <strong>nombreuses possibilit\u00e9s de shopping<\/strong>.<\/p>\n<p><strong>A Sant\u2019Epidio a Mare<\/strong>, en revanche, il est possible d&rsquo;acheter des chaussures, des sacs et des ceintures Tod.<br \/>\nEnfin \u00e0 <strong>Porto San Giorgio<\/strong>, vous trouverez l&rsquo;Outlet Walk Safari, l&rsquo;endroit id\u00e9al pour acheter des v\u00eatements pour enfants de Pickwick, Walk Safari, Andrea Morelli, Air-On, Kubo, Sweet Years, Trudi footwear, Alviero Martini 1\u00b0 Classe.<\/p>\n<p><strong>Il Castagno Brand Village<\/strong> \u2013 Casette d\u2019Ete, Sant\u2019Elpidio a Mare (Province de Fermo)<br \/>\navec les magasins de grandes marques prestigieuses telles que Prada, Miu Miu, Tosca Blu et bien d&rsquo;autres.<\/p>\n<p><strong>Trendy Birdie \u2013 Si\u00e8ge<\/strong> : rue Giovanni Pascoli, 8, Pergola (Province de Pesaro-Urbino). Succursale : rue Raffaello Sanzio, 285\/E, Senigallia (Province d\u2019Anc\u00f4ne).<br \/>\nBoutique sp\u00e9cialis\u00e9e dans les v\u00eatements pour enfants de 0 \u00e0 18 ans. Gr\u00e2ce \u00e0 30 ans d&rsquo;exp\u00e9rience dans le secteur, les meilleures marques et fournisseurs sont s\u00e9lectionn\u00e9s pour garantir des tenues de tendance pour toutes les occasions : du look pratique pour l&rsquo;\u00e9cole au c\u00e9r\u00e9monial, le tout de la plus haute qualit\u00e9 \u00e0 des prix super avantageux.[\/vc_column_text][\/vc_column][\/vc_row][vc_row css_animation=\u00a0\u00bb\u00a0\u00bb row_type=\u00a0\u00bbrow\u00a0\u00bb use_row_as_full_screen_section=\u00a0\u00bbno\u00a0\u00bb type=\u00a0\u00bbfull_width\u00a0\u00bb angled_section=\u00a0\u00bbno\u00a0\u00bb text_align=\u00a0\u00bbleft\u00a0\u00bb background_image_as_pattern=\u00a0\u00bbwithout_pattern\u00a0\u00bb][vc_column][vc_empty_space][\/vc_column][\/vc_row][vc_row css_animation=\u00a0\u00bb\u00a0\u00bb row_type=\u00a0\u00bbrow\u00a0\u00bb use_row_as_full_screen_section=\u00a0\u00bbno\u00a0\u00bb type=\u00a0\u00bbgrid\u00a0\u00bb angled_section=\u00a0\u00bbno\u00a0\u00bb text_align=\u00a0\u00bbleft\u00a0\u00bb background_image_as_pattern=\u00a0\u00bbwithout_pattern\u00a0\u00bb z_index=\u00a0\u00bb\u00a0\u00bb padding_bottom=\u00a0\u00bb45&Prime; css=\u00a0\u00bb.vc_custom_1579864113174{background-color: #f6f6f6 !important;}\u00a0\u00bb padding_top=\u00a0\u00bb35&Prime; background_color=\u00a0\u00bb#f6f6f6&Prime;][vc_column][vc_row_inner row_type=\u00a0\u00bbrow\u00a0\u00bb type=\u00a0\u00bbfull_width\u00a0\u00bb text_align=\u00a0\u00bbleft\u00a0\u00bb css_animation=\u00a0\u00bb\u00a0\u00bb el_class=\u00a0\u00bbtipology-inner-two-wrap\u00a0\u00bb background_color=\u00a0\u00bb#f6f6f6&Prime;][vc_column_inner el_class=\u00a0\u00bbtipology-inner-two-wrap-block\u00a0\u00bb width=\u00a0\u00bb1\/3&Prime;][vc_single_image image=\u00a0\u00bb1313&Prime; img_size=\u00a0\u00bbfull\u00a0\u00bb alignment=\u00a0\u00bbcenter\u00a0\u00bb onclick=\u00a0\u00bbcustom_link\u00a0\u00bb qode_css_animation=\u00a0\u00bb\u00a0\u00bb el_class=\u00a0\u00bbtipology-inner-two-img-block\u00a0\u00bb link=\u00a0\u00bb\/fr\/monuments\/\u00a0\u00bb][vc_column_text el_class=\u00a0\u00bbtipology-inner-two-text-block\u00a0\u00bb]<\/p>\n<h4><a style=\"color: #ffffff;\" href=\"\/fr\/monuments\/\">Monuments<\/a><\/h4>\n<p>[\/vc_column_text][\/vc_column_inner][vc_column_inner el_class=\u00a0\u00bbtipology-inner-two-wrap-block\u00a0\u00bb width=\u00a0\u00bb1\/3&Prime;][vc_single_image image=\u00a0\u00bb1317&Prime; img_size=\u00a0\u00bbfull\u00a0\u00bb alignment=\u00a0\u00bbcenter\u00a0\u00bb onclick=\u00a0\u00bbcustom_link\u00a0\u00bb qode_css_animation=\u00a0\u00bb\u00a0\u00bb el_class=\u00a0\u00bbtipology-inner-two-img-block\u00a0\u00bb link=\u00a0\u00bb\/fr\/oenogastronomie\/\u00a0\u00bb][vc_column_text css=\u00a0\u00bb\u00a0\u00bb el_class=\u00a0\u00bbtipology-inner-two-text-block\u00a0\u00bb]<\/p>\n<h4><a style=\"color: #ffffff;\" href=\"https:\/\/www.hoteluniversal.it\/fr\/evenements\/\">\u00c9v\u00e9nements<\/a><\/h4>\n<p>[\/vc_column_text][\/vc_column_inner][vc_column_inner el_class=\u00a0\u00bbtipology-inner-two-wrap-block\u00a0\u00bb width=\u00a0\u00bb1\/3&Prime;][vc_single_image image=\u00a0\u00bb1321&Prime; img_size=\u00a0\u00bbfull\u00a0\u00bb alignment=\u00a0\u00bbcenter\u00a0\u00bb onclick=\u00a0\u00bbcustom_link\u00a0\u00bb qode_css_animation=\u00a0\u00bb\u00a0\u00bb el_class=\u00a0\u00bbtipology-inner-two-img-block\u00a0\u00bb link=\u00a0\u00bb\/fr\/la-plage\/\u00a0\u00bb][vc_column_text el_class=\u00a0\u00bbtipology-inner-two-text-block\u00a0\u00bb]<\/p>\n<h4><a style=\"color: #ffffff;\" href=\"\/fr\/la-plage\/\">La plage<\/a><\/h4>\n<p>[\/vc_column_text][\/vc_column_inner][\/vc_row_inner][\/vc_column][\/vc_row]<\/p>\n<\/div>","protected":false},"excerpt":{"rendered":"<p>[vc_row css_animation=\u00a0\u00bb\u00a0\u00bb row_type=\u00a0\u00bbrow\u00a0\u00bb use_row_as_full_screen_section=\u00a0\u00bbno\u00a0\u00bb type=\u00a0\u00bbfull_width\u00a0\u00bb angled_section=\u00a0\u00bbno\u00a0\u00bb text_align=\u00a0\u00bbleft\u00a0\u00bb background_image_as_pattern=\u00a0\u00bbwithout_pattern\u00a0\u00bb][vc_column][vc_column_text] Arri\u00e8re-pays [\/vc_column_text][\/vc_column][\/vc_row][vc_row css_animation=\u00a0\u00bb\u00a0\u00bb row_type=\u00a0\u00bbrow\u00a0\u00bb use_row_as_full_screen_section=\u00a0\u00bbno\u00a0\u00bb type=\u00a0\u00bbfull_width\u00a0\u00bb angled_section=\u00a0\u00bbno\u00a0\u00bb text_align=\u00a0\u00bbleft\u00a0\u00bb background_image_as_pattern=\u00a0\u00bbwithout_pattern\u00a0\u00bb][vc_column][vc_column_text]Voici nos plus beaux villages m\u00e9di\u00e9vaux, entre nature et culture, qui serpentent de Senigallia \u00e0 la fronti\u00e8re avec la Toscane.[\/vc_column_text][\/vc_column][\/vc_row][vc_row css_animation=\u00a0\u00bb\u00a0\u00bb row_type=\u00a0\u00bbrow\u00a0\u00bb use_row_as_full_screen_section=\u00a0\u00bbno\u00a0\u00bb type=\u00a0\u00bbfull_width\u00a0\u00bb angled_section=\u00a0\u00bbno\u00a0\u00bb text_align=\u00a0\u00bbleft\u00a0\u00bb background_image_as_pattern=\u00a0\u00bbwithout_pattern\u00a0\u00bb][vc_column][vc_empty_space][\/vc_column][\/vc_row][vc_row css_animation=\u00a0\u00bb\u00a0\u00bb row_type=\u00a0\u00bbrow\u00a0\u00bb&#8230;<\/p>\n","protected":false},"author":2,"featured_media":1421,"parent":0,"menu_order":0,"comment_status":"closed","ping_status":"closed","template":"","meta":{"_acf_changed":false,"footnotes":""},"class_list":["post-1358","page","type-page","status-publish","has-post-thumbnail","hentry"],"acf":[],"yoast_head":"<!-- This site is optimized with the Yoast SEO plugin v25.7 - https:\/\/yoast.com\/wordpress\/plugins\/seo\/ -->\n<title>Arri\u00e8re-pays | Hotel Universal - Senigallia (AN)<\/title>\n<meta name=\"robots\" content=\"index, follow, max-snippet:-1, max-image-preview:large, max-video-preview:-1\" \/>\n<link rel=\"canonical\" href=\"https:\/\/www.hoteluniversal.it\/fr\/arriere-pays\/\" \/>\n<meta property=\"og:locale\" content=\"fr_FR\" \/>\n<meta property=\"og:type\" content=\"article\" \/>\n<meta property=\"og:title\" content=\"Arri\u00e8re-pays | Hotel Universal - Senigallia (AN)\" \/>\n<meta property=\"og:description\" content=\"[vc_row css_animation=\u00a0\u00bb\u00a0\u00bb row_type=\u00a0\u00bbrow\u00a0\u00bb use_row_as_full_screen_section=\u00a0\u00bbno\u00a0\u00bb type=\u00a0\u00bbfull_width\u00a0\u00bb angled_section=\u00a0\u00bbno\u00a0\u00bb text_align=\u00a0\u00bbleft\u00a0\u00bb background_image_as_pattern=\u00a0\u00bbwithout_pattern\u00a0\u00bb][vc_column][vc_column_text] Arri\u00e8re-pays [\/vc_column_text][\/vc_column][\/vc_row][vc_row css_animation=\u00a0\u00bb\u00a0\u00bb row_type=\u00a0\u00bbrow\u00a0\u00bb use_row_as_full_screen_section=\u00a0\u00bbno\u00a0\u00bb type=\u00a0\u00bbfull_width\u00a0\u00bb angled_section=\u00a0\u00bbno\u00a0\u00bb text_align=\u00a0\u00bbleft\u00a0\u00bb background_image_as_pattern=\u00a0\u00bbwithout_pattern\u00a0\u00bb][vc_column][vc_column_text]Voici nos plus beaux villages m\u00e9di\u00e9vaux, entre nature et culture, qui serpentent de Senigallia \u00e0 la fronti\u00e8re avec la Toscane.[\/vc_column_text][\/vc_column][\/vc_row][vc_row css_animation=\u00a0\u00bb\u00a0\u00bb row_type=\u00a0\u00bbrow\u00a0\u00bb use_row_as_full_screen_section=\u00a0\u00bbno\u00a0\u00bb type=\u00a0\u00bbfull_width\u00a0\u00bb angled_section=\u00a0\u00bbno\u00a0\u00bb text_align=\u00a0\u00bbleft\u00a0\u00bb background_image_as_pattern=\u00a0\u00bbwithout_pattern\u00a0\u00bb][vc_column][vc_empty_space][\/vc_column][\/vc_row][vc_row css_animation=\u00a0\u00bb\u00a0\u00bb row_type=\u00a0\u00bbrow\u00a0\u00bb...\" \/>\n<meta property=\"og:url\" content=\"https:\/\/www.hoteluniversal.it\/fr\/arriere-pays\/\" \/>\n<meta property=\"og:site_name\" content=\"Hotel Universal - Senigallia (AN)\" \/>\n<meta property=\"article:modified_time\" content=\"2024-10-15T07:14:17+00:00\" \/>\n<meta property=\"og:image\" content=\"https:\/\/www.hoteluniversal.it\/wp-content\/uploads\/2020\/01\/slide-dintorni-urbino.jpg\" \/>\n\t<meta property=\"og:image:width\" content=\"2000\" \/>\n\t<meta property=\"og:image:height\" content=\"510\" \/>\n\t<meta property=\"og:image:type\" content=\"image\/jpeg\" \/>\n<meta name=\"twitter:card\" content=\"summary_large_image\" \/>\n<meta name=\"twitter:label1\" content=\"Dur\u00e9e de lecture estim\u00e9e\" \/>\n\t<meta name=\"twitter:data1\" content=\"5 minutes\" \/>\n<script type=\"application\/ld+json\" class=\"yoast-schema-graph\">{\"@context\":\"https:\/\/schema.org\",\"@graph\":[{\"@type\":\"WebPage\",\"@id\":\"https:\/\/www.hoteluniversal.it\/fr\/arriere-pays\/\",\"url\":\"https:\/\/www.hoteluniversal.it\/fr\/arriere-pays\/\",\"name\":\"Arri\u00e8re-pays | Hotel Universal - Senigallia (AN)\",\"isPartOf\":{\"@id\":\"https:\/\/www.hoteluniversal.it\/fr\/#website\"},\"primaryImageOfPage\":{\"@id\":\"https:\/\/www.hoteluniversal.it\/fr\/arriere-pays\/#primaryimage\"},\"image\":{\"@id\":\"https:\/\/www.hoteluniversal.it\/fr\/arriere-pays\/#primaryimage\"},\"thumbnailUrl\":\"https:\/\/www.hoteluniversal.it\/wp-content\/uploads\/2020\/01\/slide-dintorni-urbino.jpg\",\"datePublished\":\"2020-01-28T13:41:43+00:00\",\"dateModified\":\"2024-10-15T07:14:17+00:00\",\"breadcrumb\":{\"@id\":\"https:\/\/www.hoteluniversal.it\/fr\/arriere-pays\/#breadcrumb\"},\"inLanguage\":\"fr-FR\",\"potentialAction\":[{\"@type\":\"ReadAction\",\"target\":[\"https:\/\/www.hoteluniversal.it\/fr\/arriere-pays\/\"]}]},{\"@type\":\"ImageObject\",\"inLanguage\":\"fr-FR\",\"@id\":\"https:\/\/www.hoteluniversal.it\/fr\/arriere-pays\/#primaryimage\",\"url\":\"https:\/\/www.hoteluniversal.it\/wp-content\/uploads\/2020\/01\/slide-dintorni-urbino.jpg\",\"contentUrl\":\"https:\/\/www.hoteluniversal.it\/wp-content\/uploads\/2020\/01\/slide-dintorni-urbino.jpg\",\"width\":2000,\"height\":510},{\"@type\":\"BreadcrumbList\",\"@id\":\"https:\/\/www.hoteluniversal.it\/fr\/arriere-pays\/#breadcrumb\",\"itemListElement\":[{\"@type\":\"ListItem\",\"position\":1,\"name\":\"Home\",\"item\":\"https:\/\/www.hoteluniversal.it\/fr\/\"},{\"@type\":\"ListItem\",\"position\":2,\"name\":\"Arri\u00e8re-pays\"}]},{\"@type\":\"WebSite\",\"@id\":\"https:\/\/www.hoteluniversal.it\/fr\/#website\",\"url\":\"https:\/\/www.hoteluniversal.it\/fr\/\",\"name\":\"Hotel Universal - Senigallia (AN)\",\"description\":\"\",\"potentialAction\":[{\"@type\":\"SearchAction\",\"target\":{\"@type\":\"EntryPoint\",\"urlTemplate\":\"https:\/\/www.hoteluniversal.it\/fr\/?s={search_term_string}\"},\"query-input\":{\"@type\":\"PropertyValueSpecification\",\"valueRequired\":true,\"valueName\":\"search_term_string\"}}],\"inLanguage\":\"fr-FR\"}]}<\/script>\n<!-- \/ Yoast SEO plugin. -->","yoast_head_json":{"title":"Arri\u00e8re-pays | Hotel Universal - Senigallia (AN)","robots":{"index":"index","follow":"follow","max-snippet":"max-snippet:-1","max-image-preview":"max-image-preview:large","max-video-preview":"max-video-preview:-1"},"canonical":"https:\/\/www.hoteluniversal.it\/fr\/arriere-pays\/","og_locale":"fr_FR","og_type":"article","og_title":"Arri\u00e8re-pays | Hotel Universal - Senigallia (AN)","og_description":"[vc_row css_animation=\u00a0\u00bb\u00a0\u00bb row_type=\u00a0\u00bbrow\u00a0\u00bb use_row_as_full_screen_section=\u00a0\u00bbno\u00a0\u00bb type=\u00a0\u00bbfull_width\u00a0\u00bb angled_section=\u00a0\u00bbno\u00a0\u00bb text_align=\u00a0\u00bbleft\u00a0\u00bb background_image_as_pattern=\u00a0\u00bbwithout_pattern\u00a0\u00bb][vc_column][vc_column_text] Arri\u00e8re-pays [\/vc_column_text][\/vc_column][\/vc_row][vc_row css_animation=\u00a0\u00bb\u00a0\u00bb row_type=\u00a0\u00bbrow\u00a0\u00bb use_row_as_full_screen_section=\u00a0\u00bbno\u00a0\u00bb type=\u00a0\u00bbfull_width\u00a0\u00bb angled_section=\u00a0\u00bbno\u00a0\u00bb text_align=\u00a0\u00bbleft\u00a0\u00bb background_image_as_pattern=\u00a0\u00bbwithout_pattern\u00a0\u00bb][vc_column][vc_column_text]Voici nos plus beaux villages m\u00e9di\u00e9vaux, entre nature et culture, qui serpentent de Senigallia \u00e0 la fronti\u00e8re avec la Toscane.[\/vc_column_text][\/vc_column][\/vc_row][vc_row css_animation=\u00a0\u00bb\u00a0\u00bb row_type=\u00a0\u00bbrow\u00a0\u00bb use_row_as_full_screen_section=\u00a0\u00bbno\u00a0\u00bb type=\u00a0\u00bbfull_width\u00a0\u00bb angled_section=\u00a0\u00bbno\u00a0\u00bb text_align=\u00a0\u00bbleft\u00a0\u00bb background_image_as_pattern=\u00a0\u00bbwithout_pattern\u00a0\u00bb][vc_column][vc_empty_space][\/vc_column][\/vc_row][vc_row css_animation=\u00a0\u00bb\u00a0\u00bb row_type=\u00a0\u00bbrow\u00a0\u00bb...","og_url":"https:\/\/www.hoteluniversal.it\/fr\/arriere-pays\/","og_site_name":"Hotel Universal - Senigallia (AN)","article_modified_time":"2024-10-15T07:14:17+00:00","og_image":[{"width":2000,"height":510,"url":"https:\/\/www.hoteluniversal.it\/wp-content\/uploads\/2020\/01\/slide-dintorni-urbino.jpg","type":"image\/jpeg"}],"twitter_card":"summary_large_image","twitter_misc":{"Dur\u00e9e de lecture estim\u00e9e":"5 minutes"},"schema":{"@context":"https:\/\/schema.org","@graph":[{"@type":"WebPage","@id":"https:\/\/www.hoteluniversal.it\/fr\/arriere-pays\/","url":"https:\/\/www.hoteluniversal.it\/fr\/arriere-pays\/","name":"Arri\u00e8re-pays | Hotel Universal - Senigallia (AN)","isPartOf":{"@id":"https:\/\/www.hoteluniversal.it\/fr\/#website"},"primaryImageOfPage":{"@id":"https:\/\/www.hoteluniversal.it\/fr\/arriere-pays\/#primaryimage"},"image":{"@id":"https:\/\/www.hoteluniversal.it\/fr\/arriere-pays\/#primaryimage"},"thumbnailUrl":"https:\/\/www.hoteluniversal.it\/wp-content\/uploads\/2020\/01\/slide-dintorni-urbino.jpg","datePublished":"2020-01-28T13:41:43+00:00","dateModified":"2024-10-15T07:14:17+00:00","breadcrumb":{"@id":"https:\/\/www.hoteluniversal.it\/fr\/arriere-pays\/#breadcrumb"},"inLanguage":"fr-FR","potentialAction":[{"@type":"ReadAction","target":["https:\/\/www.hoteluniversal.it\/fr\/arriere-pays\/"]}]},{"@type":"ImageObject","inLanguage":"fr-FR","@id":"https:\/\/www.hoteluniversal.it\/fr\/arriere-pays\/#primaryimage","url":"https:\/\/www.hoteluniversal.it\/wp-content\/uploads\/2020\/01\/slide-dintorni-urbino.jpg","contentUrl":"https:\/\/www.hoteluniversal.it\/wp-content\/uploads\/2020\/01\/slide-dintorni-urbino.jpg","width":2000,"height":510},{"@type":"BreadcrumbList","@id":"https:\/\/www.hoteluniversal.it\/fr\/arriere-pays\/#breadcrumb","itemListElement":[{"@type":"ListItem","position":1,"name":"Home","item":"https:\/\/www.hoteluniversal.it\/fr\/"},{"@type":"ListItem","position":2,"name":"Arri\u00e8re-pays"}]},{"@type":"WebSite","@id":"https:\/\/www.hoteluniversal.it\/fr\/#website","url":"https:\/\/www.hoteluniversal.it\/fr\/","name":"Hotel Universal - Senigallia (AN)","description":"","potentialAction":[{"@type":"SearchAction","target":{"@type":"EntryPoint","urlTemplate":"https:\/\/www.hoteluniversal.it\/fr\/?s={search_term_string}"},"query-input":{"@type":"PropertyValueSpecification","valueRequired":true,"valueName":"search_term_string"}}],"inLanguage":"fr-FR"}]}},"_links":{"self":[{"href":"https:\/\/www.hoteluniversal.it\/fr\/wp-json\/wp\/v2\/pages\/1358","targetHints":{"allow":["GET"]}}],"collection":[{"href":"https:\/\/www.hoteluniversal.it\/fr\/wp-json\/wp\/v2\/pages"}],"about":[{"href":"https:\/\/www.hoteluniversal.it\/fr\/wp-json\/wp\/v2\/types\/page"}],"author":[{"embeddable":true,"href":"https:\/\/www.hoteluniversal.it\/fr\/wp-json\/wp\/v2\/users\/2"}],"replies":[{"embeddable":true,"href":"https:\/\/www.hoteluniversal.it\/fr\/wp-json\/wp\/v2\/comments?post=1358"}],"version-history":[{"count":2,"href":"https:\/\/www.hoteluniversal.it\/fr\/wp-json\/wp\/v2\/pages\/1358\/revisions"}],"predecessor-version":[{"id":3767,"href":"https:\/\/www.hoteluniversal.it\/fr\/wp-json\/wp\/v2\/pages\/1358\/revisions\/3767"}],"wp:featuredmedia":[{"embeddable":true,"href":"https:\/\/www.hoteluniversal.it\/fr\/wp-json\/wp\/v2\/media\/1421"}],"wp:attachment":[{"href":"https:\/\/www.hoteluniversal.it\/fr\/wp-json\/wp\/v2\/media?parent=1358"}],"curies":[{"name":"wp","href":"https:\/\/api.w.org\/{rel}","templated":true}]}}