{"id":1336,"date":"2020-01-28T12:55:18","date_gmt":"2020-01-28T11:55:18","guid":{"rendered":"https:\/\/www.hoteluniversal.it\/?page_id=1336"},"modified":"2024-10-15T09:11:11","modified_gmt":"2024-10-15T07:11:11","slug":"monuments","status":"publish","type":"page","link":"https:\/\/www.hoteluniversal.it\/fr\/monuments\/","title":{"rendered":"Monuments"},"content":{"rendered":"<div class=\"wpb-content-wrapper\"><p>[vc_row css_animation=\u00a0\u00bb\u00a0\u00bb row_type=\u00a0\u00bbrow\u00a0\u00bb use_row_as_full_screen_section=\u00a0\u00bbno\u00a0\u00bb type=\u00a0\u00bbfull_width\u00a0\u00bb angled_section=\u00a0\u00bbno\u00a0\u00bb text_align=\u00a0\u00bbleft\u00a0\u00bb background_image_as_pattern=\u00a0\u00bbwithout_pattern\u00a0\u00bb][vc_column][vc_column_text]<\/p>\n<h1 style=\"text-align: center;\">Monuments<\/h1>\n<p>[\/vc_column_text][\/vc_column][\/vc_row][vc_row css_animation=\u00a0\u00bb\u00a0\u00bb row_type=\u00a0\u00bbrow\u00a0\u00bb use_row_as_full_screen_section=\u00a0\u00bbno\u00a0\u00bb type=\u00a0\u00bbfull_width\u00a0\u00bb angled_section=\u00a0\u00bbno\u00a0\u00bb text_align=\u00a0\u00bbleft\u00a0\u00bb background_image_as_pattern=\u00a0\u00bbwithout_pattern\u00a0\u00bb][vc_column][vc_column_text]Nous ferons un <strong>court voyage \u00e0 travers les \u0153uvres d&rsquo;art suggestives de Senigallia<\/strong>, \u00e0 travers lesquelles la ville raconte son histoire mais aussi ses habitants.[\/vc_column_text][\/vc_column][\/vc_row][vc_row css_animation=\u00a0\u00bb\u00a0\u00bb row_type=\u00a0\u00bbrow\u00a0\u00bb use_row_as_full_screen_section=\u00a0\u00bbno\u00a0\u00bb type=\u00a0\u00bbfull_width\u00a0\u00bb angled_section=\u00a0\u00bbno\u00a0\u00bb text_align=\u00a0\u00bbleft\u00a0\u00bb background_image_as_pattern=\u00a0\u00bbwithout_pattern\u00a0\u00bb][vc_column][vc_empty_space][\/vc_column][\/vc_row][vc_row css_animation=\u00a0\u00bb\u00a0\u00bb row_type=\u00a0\u00bbrow\u00a0\u00bb use_row_as_full_screen_section=\u00a0\u00bbno\u00a0\u00bb type=\u00a0\u00bbfull_width\u00a0\u00bb angled_section=\u00a0\u00bbno\u00a0\u00bb text_align=\u00a0\u00bbleft\u00a0\u00bb background_image_as_pattern=\u00a0\u00bbwithout_pattern\u00a0\u00bb][vc_column width=\u00a0\u00bb1\/2&Prime;][vc_column_text css=\u00a0\u00bb.vc_custom_1586247626420{padding-top: 10px !important;padding-bottom: 10px !important;}\u00a0\u00bb]<\/p>\n<h3 class=\"entry-title\" style=\"text-align: left;\">Port touristique<\/h3>\n<p class=\"entry-title\" style=\"text-align: left;\">Il se compose de l&#8217;embouchure du fleuve Misa prolong\u00e9e par deux quais avec 300 postes d&rsquo;amarrage, dont 30 pour les bateaux en transit. \u00ab\u00a0Penelope\u00a0\u00bb de Gianni Guerra salue le retour des marins \u00e0 l&rsquo;entr\u00e9e du port.<\/p>\n<p>[\/vc_column_text][vc_column_text css=\u00a0\u00bb.vc_custom_1586247668532{padding-top: 10px !important;padding-bottom: 10px !important;}\u00a0\u00bb]<\/p>\n<h3 class=\"entry-title\" style=\"text-align: left;\">Rocca Roveresca<\/h3>\n<p class=\"entry-title\" style=\"text-align: left;\">La Rocca Roveresca, con\u00e7ue par l&rsquo;architecte militaire Baccio Pontelli, est <strong>le plus ancien monument de Senigallia<\/strong>. Il a \u00e9t\u00e9 construit en 1480 \u00e0 la demande du duc Giovanni Della Rovere. La forteresse est situ\u00e9e entre la ville et la mer et se dresse sur les vestiges d&rsquo;une tour romaine et d&rsquo;un rocher de 1355, construits sur ordre du cardinal Albornoz.<\/p>\n<p class=\"entry-title\" style=\"text-align: left;\">Vous pouvez toujours admirer les<strong> structures \u00e9l\u00e9gantes<\/strong>, les cadres en marbre des portes et des fen\u00eatres, le magnifique escalier en colima\u00e7on. Certaines salles de la Rocca abritent d\u00e9sormais des expositions.<\/p>\n<p>[\/vc_column_text][\/vc_column][vc_column width=\u00a0\u00bb1\/2&Prime;][vc_column_text css=\u00a0\u00bb.vc_custom_1586247725887{padding-top: 10px !important;padding-bottom: 10px !important;}\u00a0\u00bb]<\/p>\n<h3 class=\"entry-title\" style=\"text-align: left;\">Piazza del Duca<\/h3>\n<p class=\"entry-title\" style=\"text-align: left;\">La <strong>fontaine de la Piazza del Duca<\/strong>, command\u00e9e par Francesco Maria II della Rovere \u00e0 l&rsquo;occasion de l&rsquo;ach\u00e8vement du premier aqueduc de l&rsquo;\u00e8re moderne, a \u00e9t\u00e9 construite par le ma\u00eetre v\u00e9nitien Stefano di Tommaso et inaugur\u00e9e en 1602. La fontaine en <strong>marbre rose<\/strong> de V\u00e9rone est d\u00e9cor\u00e9e de quatre canards en bronze.<\/p>\n<p><strong>Palais du Duc<\/strong><\/p>\n<p>Il se dresse devant la Rocca et a \u00e9t\u00e9 construit par Guibaldo della Rovere, duc d&rsquo;Urbino, au milieu du XVIe si\u00e8cle. Le blason ducal appara\u00eet dans le plafond du premier \u00e9tage, dont la d\u00e9coration est attribu\u00e9e au c\u00e9l\u00e8bre peintre des Marches Taddeo Zuccari. La fa\u00e7ade, modifi\u00e9e dans son aspect d&rsquo;origine par de nombreuses interventions, pr\u00e9sente un beau portail en pierre blanche.[\/vc_column_text][\/vc_column][\/vc_row][vc_row css_animation=\u00a0\u00bb\u00a0\u00bb row_type=\u00a0\u00bbrow\u00a0\u00bb use_row_as_full_screen_section=\u00a0\u00bbno\u00a0\u00bb type=\u00a0\u00bbfull_width\u00a0\u00bb angled_section=\u00a0\u00bbno\u00a0\u00bb text_align=\u00a0\u00bbleft\u00a0\u00bb background_image_as_pattern=\u00a0\u00bbwithout_pattern\u00a0\u00bb][vc_column width=\u00a0\u00bb1\/2&Prime;][vc_column_text css=\u00a0\u00bb.vc_custom_1586247799495{padding-top: 10px !important;padding-bottom: 10px !important;}\u00a0\u00bb]<\/p>\n<h3>Palazzo Baviera<\/h3>\n<p>Palazzetto Baviera est un <strong>b\u00e2timent d&rsquo;origine m\u00e9di\u00e9vale tardive<\/strong>. La cour avec les motifs et les proportions du clo\u00eetre offre une atmosph\u00e8re m\u00e9ditative chaleureuse. Au centre de la cour int\u00e9rieure se trouve un puits entour\u00e9 de quatre armoiries bavaroises.<\/p>\n<p>La structure de ce clo\u00eetre cr\u00e9e des <strong>mouvements complexes de lumi\u00e8re et d&rsquo;ombre<\/strong>. Dans la construction bavaroise, diff\u00e9rents styles architecturaux coexistent, du roman au m\u00e9di\u00e9val, en passant par la premi\u00e8re et la deuxi\u00e8me Renaissance. Au premier \u00e9tage, vous pouvez visiter les salles de Brandani avec les cinq plafonds d\u00e9di\u00e9s aux h\u00e9ros, d\u00e9esses, all\u00e9gories, armes de m\u00e9moire classique.[\/vc_column_text][\/vc_column][vc_column width=\u00a0\u00bb1\/2&Prime;][vc_column_text css=\u00a0\u00bb.vc_custom_1586247840035{padding-top: 10px !important;padding-bottom: 10px !important;}\u00a0\u00bb]<\/p>\n<h3>Foro Annonario<\/h3>\n<p>Foro Annonario est le <strong>square voisin de Piazza del Duca<\/strong>. Le forum est entour\u00e9 par un important <strong>b\u00e2timent n\u00e9oclassique<\/strong> entour\u00e9 d&rsquo;un portique de trente colonnes doriques en terre cuite, dont vingt-quatre forment les deux ex\u00e8dres lat\u00e9raux et six le corps central.<\/p>\n<p>Dans les <strong>h\u00e9misph\u00e8res sup\u00e9rieurs<\/strong> du Foro Annonario se trouvent les nouvelles salles de la biblioth\u00e8que municipale \u00ab\u00a0Antonelliana\u00a0\u00bb. Fond\u00e9e en 1767 avec l&rsquo;h\u00e9ritage du cardinal Antonelli, elle conserve aujourd&rsquo;hui plus de 50 000 volumes. Construction n\u00e9oclassique con\u00e7ue et construite entre 1830 et 1831 par l&rsquo;architecte senigalliese Pietro Ghinelli.<\/p>\n<p>Le complexe a conserv\u00e9 au fil du temps la fonction d&rsquo;origine du march\u00e9 local et du march\u00e9 aux poissons et la fonction \u00ab\u00a0sc\u00e9nographique\u00a0\u00bb de compl\u00e9ter les Portici Ercolani, qui serpentent le long du canal de Misa.[\/vc_column_text][\/vc_column][\/vc_row][vc_row css_animation=\u00a0\u00bb\u00a0\u00bb row_type=\u00a0\u00bbrow\u00a0\u00bb use_row_as_full_screen_section=\u00a0\u00bbno\u00a0\u00bb type=\u00a0\u00bbfull_width\u00a0\u00bb angled_section=\u00a0\u00bbno\u00a0\u00bb text_align=\u00a0\u00bbleft\u00a0\u00bb background_image_as_pattern=\u00a0\u00bbwithout_pattern\u00a0\u00bb][vc_column width=\u00a0\u00bb1\/2&Prime;][vc_column_text css=\u00a0\u00bb.vc_custom_1586247870432{padding-top: 10px !important;padding-bottom: 10px !important;}\u00a0\u00bb]<\/p>\n<h3>Portici Ercolani<\/h3>\n<p><strong>126 arches<\/strong> reposant sur des piliers carr\u00e9s semblent suivre la l\u00e9g\u00e8re courbe que fait le fleuve Misa avant de se confondre avec les eaux de la mer Adriatique. Les arcades ont \u00e9t\u00e9 construites par le cardinal Ercolani avec des blocs de pierre blanche d&rsquo;Istrie. \u00c9rig\u00e9s dans une p\u00e9riode de grande splendeur pour le commerce de Senigallia, ils ont d\u00fb remplacer les anciens murs de la ville par des magasins destin\u00e9s \u00e0 accueillir les marchands de la \u00ab\u00a0Fiera della Maddalena\u00a0\u00bb (aussi appel\u00e9e Foire de Senigallia).<\/p>\n<p>Le long des deux rives du canal urbain, des c\u00e9r\u00e9ales, du bois, des \u00e9pices et des produits manufactur\u00e9s ont \u00e9t\u00e9 \u00e9chang\u00e9s et, dans les ann\u00e9es de la plus grande splendeur, jusqu&rsquo;\u00e0 500 bateaux sont arriv\u00e9s dans le port pendant la foire et plus de 50 000 \u00e9trangers sont venus de nations levantines, du centre-nord de l&rsquo;Italie et de l&rsquo;Europe centrale.<\/p>\n<p>En confirmation de sa renomm\u00e9e, Carlo Goldoni, en 1760, nomme sa com\u00e9die musicale La Fiera di Sinigaglia et l\u2019action se d\u00e9roule dans notre ville.[\/vc_column_text][vc_column_text css=\u00a0\u00bb.vc_custom_1586247890593{padding-top: 10px !important;padding-bottom: 10px !important;}\u00a0\u00bb]<\/p>\n<h3>Chiesa della Croce<\/h3>\n<p>L&rsquo;\u00e9glise, commenc\u00e9e en 1576, est de style baroque. Sur l&rsquo;autel principal, nous trouvons le <strong>\u00ab\u00a0Transport du Christ au s\u00e9pulcre\u00a0\u00bb<\/strong>, de Federico Barocci ainsi que la Nativit\u00e9 et l&rsquo;Epiphanie sur les c\u00f4t\u00e9s, des peintures de Giovanni Anastasi.<\/p>\n<p>C&rsquo;est le si\u00e8ge de la Confraternit\u00e9 de la Croix et du Sacrement \u00e0 laquelle Pie IX avait adh\u00e9r\u00e9e, acceptant avec brio en 1818.<br \/>\nAu-dessus de la porte principale, dans le ch\u0153ur, se trouve l&rsquo;orgue du c\u00e9l\u00e8bre v\u00e9nitien Gaetano Callido.[\/vc_column_text][\/vc_column][vc_column width=\u00a0\u00bb1\/2&Prime;][vc_column_text css=\u00a0\u00bb.vc_custom_1586247952500{padding-top: 10px !important;padding-bottom: 10px !important;}\u00a0\u00bb]<\/p>\n<h3>Mairie<\/h3>\n<p><strong>Le Palazzo Comunale (Mairie)<\/strong> a \u00e9t\u00e9 construit de 1611 \u00e0 1613. Il se dresse d&rsquo;un c\u00f4t\u00e9 de la Piazza Roma, la quartier bourgeois et plus nanti de la ville, o\u00f9 se trouve la fontaine de Neptune, commun\u00e9ment appel\u00e9e \u00ab\u00a0Monco in piazza\u00a0\u00bb (le manchot du square). Le dieu barbu, la couronne plant\u00e9e sur la masse ondul\u00e9e des cheveux, le front marqu\u00e9 par de fines rides, le regard tourn\u00e9 en bas vers la gauche, guida de son bras perdu les sir\u00e8nes sur la vaste mer. L&rsquo;autre bras, \u00e9galement perdu, tenait probablement le trident, droit sur le c\u00f4t\u00e9. On dit que les Turcs, par outrage, lui ont cass\u00e9 les bras et le trident et lui ont saut\u00e9 le nez et la couronne.<\/p>\n<p><strong>La salle du Conseil du XVIIIe si\u00e8cle<\/strong> est enrichie de diverses \u0153uvres d&rsquo;art : trois peintures de Torregiani, une de Santini, des stucs, des peintures au plafond et quatre m\u00e9daillons au-dessus des portes. Toute la salle est entour\u00e9e d&rsquo;une galerie, au centre un lustre en cristal de Boh\u00eame anciennement du Teatro la Fenice, un buste du pape Urbain VIII est plac\u00e9 au-dessus de la porte centrale. Les bustes du cardinal Testaferrata, du pape Pie IX, du roi Vittorio Emanuele II et du comte Marchetti sont \u00e0 l&rsquo;int\u00e9rieur de quatre niches, sur les parois lat\u00e9rales. Peintures de l&rsquo;antichambre du maire : Vierge \u00e0 l&rsquo;enfant, Jupiter et Junon, plaque avec portrait en l&rsquo;honneur d&rsquo;Angelo Maierini qui \u00ab\u00a0a consacr\u00e9 sa vie \u00e0 de s\u00e9v\u00e8res \u00e9tudes de droit\u00a0\u00bb. Salle du Maire : pr\u00e9cieuses toiles \u00e0 ossature de bois et stuc dor\u00e9. Une Nativit\u00e9 de l&rsquo;\u00e9cole flamande, un Saint J\u00e9r\u00f4me qui serait l&rsquo;\u0153uvre de Spagnoletto, une copie de la Vierge appel\u00e9e \u00ab\u00a0de la promenade\u00a0\u00bb de Rapha\u00ebl, \u00ab\u00a0un vieil homme qui boit\u00a0\u00bb, une table avec \u00ab\u00a0Testa di Vecchio\u00a0\u00bb. La Mazza d\u2019argento (batte d\u2019argent) fait \u00e9galement partie de la collection, avec les armoiries de la ville sur le dessus.[\/vc_column_text][\/vc_column][\/vc_row][vc_row css_animation=\u00a0\u00bb\u00a0\u00bb row_type=\u00a0\u00bbrow\u00a0\u00bb use_row_as_full_screen_section=\u00a0\u00bbno\u00a0\u00bb type=\u00a0\u00bbfull_width\u00a0\u00bb angled_section=\u00a0\u00bbno\u00a0\u00bb text_align=\u00a0\u00bbleft\u00a0\u00bb background_image_as_pattern=\u00a0\u00bbwithout_pattern\u00a0\u00bb][vc_column][vc_column_text css=\u00a0\u00bb.vc_custom_1586247993263{padding-top: 10px !important;padding-bottom: 10px !important;}\u00a0\u00bb]<\/p>\n<h3>S. Maria delle Grazie<\/h3>\n<p>Il s&rsquo;\u00e9l\u00e8ve \u00e0 <strong>trois kilom\u00e8tres de Senigallia<\/strong>, sur une colline verdoyante d&rsquo;o\u00f9 la vue de la mer est \u00e0 couper le souffle. Le complexe fut construit en ex\u00e9cution d&rsquo;un v\u0153u prononc\u00e9 par Giovanni Della Rovere et son \u00e9pouse Giovanna di Montefeltro, seigneurs de Senigallia, d&rsquo;avoir un h\u00e9ritier.<br \/>\nLe portail en marbre, de style baroque, a \u00e9t\u00e9 construit en 1685 gr\u00e2ce \u00e0 Vittoria Della Rovere qui avait \u00e9pous\u00e9 Ferdinando II Medici; pour cette raison, les embl\u00e8mes des Della Rovere et des M\u00e9dicis apparaissent ensemble sur le dessus des armoiries.<\/p>\n<p>A l&rsquo;int\u00e9rieur, il y a deux clo\u00eetres \u2013 un des deux est plus petit car inachev\u00e9. Au centre du clo\u00eetre majeur se trouve le puits dans lequel se d\u00e9tachent les armoiries des Della Rovere. Tout autour court une arcade \u2013 soutenue par des colonnes \u00e9l\u00e9gantes et \u00e9lanc\u00e9es \u2013 au-dessus de laquelle les fen\u00eatres des cellules des fr\u00e8res dominent. Le long du mur du portique, il \u00e9tait autrefois possible de lire des \u00e9pisodes de la vie de San Francesco, aujourd&rsquo;hui presque compl\u00e8tement disparus. Dans l&rsquo;\u00e9glise, \u00e0 droite, nous trouvons la statue de San Pasquale et une grande toile avec San Francesco recevant les stigmates sur le mont Verna ; \u00e0 gauche, plusieurs tableaux repr\u00e9sentant des saints. Ci-dessus, derri\u00e8re le ma\u00eetre-autel, la Vierge aux Saints de P\u00e9rouse, de 1490.<\/p>\n<p>Dans la sacristie, il y a un int\u00e9ressant lavabo en pierre du XVe si\u00e8cle sur lequel, avec les armoiries des Della Rovere, est grav\u00e9e la devise qui rappelle : \u00ab\u00a0Lavamini et mundi estote\u00a0\u00bb qui signifie \u00ab\u00a0Lavez-vous et vous serez purs\u00a0\u00bb. Le couvent abrite le Mus\u00e9e d&rsquo;Histoire de la Mezzadria (m\u00e9tayage), digne d&rsquo;une visite pour la riche collection de documents et d\u2019outils, surtout agricoles, qui font du Centre l&rsquo;un des mus\u00e9es les plus int\u00e9ressants de son genre.<\/p>\n<p>Jusqu&rsquo;en 1917, le Couvent des Gr\u00e2ces a gard\u00e9 la Madonna di Senigallia (Vierge de Senigallia), un chef-d&rsquo;\u0153uvre de Piero Della Francesca. Apr\u00e8s \u00eatre rest\u00e9 dans l&rsquo;oubli du couvent pendant des si\u00e8cles, il a \u00e9t\u00e9 transport\u00e9 au Palazzo del Municipio di Senigallia et y est rest\u00e9 jusqu&rsquo;au 20 novembre 1916 o\u00f9, craignant que le bombardement de la guerre puisse l&rsquo;endommager, il a \u00e9t\u00e9 confi\u00e9 \u00e0 la galerie d\u2019art d\u2019Urbino pour le stockage.[\/vc_column_text][\/vc_column][\/vc_row][vc_row css_animation=\u00a0\u00bb\u00a0\u00bb row_type=\u00a0\u00bbrow\u00a0\u00bb use_row_as_full_screen_section=\u00a0\u00bbno\u00a0\u00bb type=\u00a0\u00bbfull_width\u00a0\u00bb angled_section=\u00a0\u00bbno\u00a0\u00bb text_align=\u00a0\u00bbleft\u00a0\u00bb background_image_as_pattern=\u00a0\u00bbwithout_pattern\u00a0\u00bb][vc_column][vc_empty_space][\/vc_column][\/vc_row][vc_row css_animation=\u00a0\u00bb\u00a0\u00bb row_type=\u00a0\u00bbrow\u00a0\u00bb use_row_as_full_screen_section=\u00a0\u00bbno\u00a0\u00bb type=\u00a0\u00bbgrid\u00a0\u00bb angled_section=\u00a0\u00bbno\u00a0\u00bb text_align=\u00a0\u00bbleft\u00a0\u00bb background_image_as_pattern=\u00a0\u00bbwithout_pattern\u00a0\u00bb z_index=\u00a0\u00bb\u00a0\u00bb padding_bottom=\u00a0\u00bb45&Prime; css=\u00a0\u00bb.vc_custom_1579864113174{background-color: #f6f6f6 !important;}\u00a0\u00bb padding_top=\u00a0\u00bb35&Prime; background_color=\u00a0\u00bb#f6f6f6&Prime;][vc_column][vc_row_inner row_type=\u00a0\u00bbrow\u00a0\u00bb type=\u00a0\u00bbfull_width\u00a0\u00bb text_align=\u00a0\u00bbleft\u00a0\u00bb css_animation=\u00a0\u00bb\u00a0\u00bb el_class=\u00a0\u00bbtipology-inner-two-wrap\u00a0\u00bb background_color=\u00a0\u00bb#f6f6f6&Prime;][vc_column_inner el_class=\u00a0\u00bbtipology-inner-two-wrap-block\u00a0\u00bb width=\u00a0\u00bb1\/3&Prime;][vc_single_image image=\u00a0\u00bb1305&Prime; img_size=\u00a0\u00bbfull\u00a0\u00bb alignment=\u00a0\u00bbcenter\u00a0\u00bb onclick=\u00a0\u00bbcustom_link\u00a0\u00bb qode_css_animation=\u00a0\u00bb\u00a0\u00bb el_class=\u00a0\u00bbtipology-inner-two-img-block\u00a0\u00bb link=\u00a0\u00bb\/fr\/arriere-pays\/\u00a0\u00bb][vc_column_text el_class=\u00a0\u00bbtipology-inner-two-text-block\u00a0\u00bb]<\/p>\n<h4><a style=\"color: #ffffff;\" href=\"\/fr\/arriere-pays\/\">Arri\u00e8re-pays<\/a><\/h4>\n<p>[\/vc_column_text][\/vc_column_inner][vc_column_inner el_class=\u00a0\u00bbtipology-inner-two-wrap-block\u00a0\u00bb width=\u00a0\u00bb1\/3&Prime;][vc_single_image image=\u00a0\u00bb1317&Prime; img_size=\u00a0\u00bbfull\u00a0\u00bb alignment=\u00a0\u00bbcenter\u00a0\u00bb onclick=\u00a0\u00bbcustom_link\u00a0\u00bb css=\u00a0\u00bb\u00a0\u00bb qode_css_animation=\u00a0\u00bb\u00a0\u00bb el_class=\u00a0\u00bbtipology-inner-two-img-block\u00a0\u00bb link=\u00a0\u00bb\/fr\/oenogastronomie\/\u00a0\u00bb][vc_column_text css=\u00a0\u00bb\u00a0\u00bb el_class=\u00a0\u00bbtipology-inner-two-text-block\u00a0\u00bb]<\/p>\n<h4><a style=\"color: #ffffff;\" href=\"https:\/\/www.hoteluniversal.it\/fr\/evenements\/\">\u00c9v\u00e9nements<\/a><\/h4>\n<p>[\/vc_column_text][\/vc_column_inner][vc_column_inner el_class=\u00a0\u00bbtipology-inner-two-wrap-block\u00a0\u00bb width=\u00a0\u00bb1\/3&Prime;][vc_single_image image=\u00a0\u00bb1321&Prime; img_size=\u00a0\u00bbfull\u00a0\u00bb alignment=\u00a0\u00bbcenter\u00a0\u00bb onclick=\u00a0\u00bbcustom_link\u00a0\u00bb qode_css_animation=\u00a0\u00bb\u00a0\u00bb el_class=\u00a0\u00bbtipology-inner-two-img-block\u00a0\u00bb link=\u00a0\u00bb\/fr\/la-plage\/\u00a0\u00bb][vc_column_text el_class=\u00a0\u00bbtipology-inner-two-text-block\u00a0\u00bb]<\/p>\n<h4><a style=\"color: #ffffff;\" href=\"\/fr\/la-plage\/\">La plage<\/a><\/h4>\n<p>[\/vc_column_text][\/vc_column_inner][\/vc_row_inner][\/vc_column][\/vc_row]<\/p>\n<\/div>","protected":false},"excerpt":{"rendered":"<p>[vc_row css_animation=\u00a0\u00bb\u00a0\u00bb row_type=\u00a0\u00bbrow\u00a0\u00bb use_row_as_full_screen_section=\u00a0\u00bbno\u00a0\u00bb type=\u00a0\u00bbfull_width\u00a0\u00bb angled_section=\u00a0\u00bbno\u00a0\u00bb text_align=\u00a0\u00bbleft\u00a0\u00bb background_image_as_pattern=\u00a0\u00bbwithout_pattern\u00a0\u00bb][vc_column][vc_column_text] Monuments [\/vc_column_text][\/vc_column][\/vc_row][vc_row css_animation=\u00a0\u00bb\u00a0\u00bb row_type=\u00a0\u00bbrow\u00a0\u00bb use_row_as_full_screen_section=\u00a0\u00bbno\u00a0\u00bb type=\u00a0\u00bbfull_width\u00a0\u00bb angled_section=\u00a0\u00bbno\u00a0\u00bb text_align=\u00a0\u00bbleft\u00a0\u00bb background_image_as_pattern=\u00a0\u00bbwithout_pattern\u00a0\u00bb][vc_column][vc_column_text]Nous ferons un court voyage \u00e0 travers les \u0153uvres d&rsquo;art suggestives de Senigallia, \u00e0 travers lesquelles la ville raconte son histoire mais aussi ses habitants.[\/vc_column_text][\/vc_column][\/vc_row][vc_row css_animation=\u00a0\u00bb\u00a0\u00bb row_type=\u00a0\u00bbrow\u00a0\u00bb use_row_as_full_screen_section=\u00a0\u00bbno\u00a0\u00bb type=\u00a0\u00bbfull_width\u00a0\u00bb&#8230;<\/p>\n","protected":false},"author":2,"featured_media":1293,"parent":0,"menu_order":0,"comment_status":"closed","ping_status":"closed","template":"","meta":{"_acf_changed":false,"footnotes":""},"class_list":["post-1336","page","type-page","status-publish","has-post-thumbnail","hentry"],"acf":[],"yoast_head":"<!-- This site is optimized with the Yoast SEO plugin v25.7 - https:\/\/yoast.com\/wordpress\/plugins\/seo\/ -->\n<title>Monuments | Hotel Universal - Senigallia (AN)<\/title>\n<meta name=\"robots\" content=\"index, follow, max-snippet:-1, max-image-preview:large, max-video-preview:-1\" \/>\n<link rel=\"canonical\" href=\"https:\/\/www.hoteluniversal.it\/fr\/monuments\/\" \/>\n<meta property=\"og:locale\" content=\"fr_FR\" \/>\n<meta property=\"og:type\" content=\"article\" \/>\n<meta property=\"og:title\" content=\"Monuments | Hotel Universal - Senigallia (AN)\" \/>\n<meta property=\"og:description\" content=\"[vc_row css_animation=\u00a0\u00bb\u00a0\u00bb row_type=\u00a0\u00bbrow\u00a0\u00bb use_row_as_full_screen_section=\u00a0\u00bbno\u00a0\u00bb type=\u00a0\u00bbfull_width\u00a0\u00bb angled_section=\u00a0\u00bbno\u00a0\u00bb text_align=\u00a0\u00bbleft\u00a0\u00bb background_image_as_pattern=\u00a0\u00bbwithout_pattern\u00a0\u00bb][vc_column][vc_column_text] Monuments [\/vc_column_text][\/vc_column][\/vc_row][vc_row css_animation=\u00a0\u00bb\u00a0\u00bb row_type=\u00a0\u00bbrow\u00a0\u00bb use_row_as_full_screen_section=\u00a0\u00bbno\u00a0\u00bb type=\u00a0\u00bbfull_width\u00a0\u00bb angled_section=\u00a0\u00bbno\u00a0\u00bb text_align=\u00a0\u00bbleft\u00a0\u00bb background_image_as_pattern=\u00a0\u00bbwithout_pattern\u00a0\u00bb][vc_column][vc_column_text]Nous ferons un court voyage \u00e0 travers les \u0153uvres d&rsquo;art suggestives de Senigallia, \u00e0 travers lesquelles la ville raconte son histoire mais aussi ses habitants.[\/vc_column_text][\/vc_column][\/vc_row][vc_row css_animation=\u00a0\u00bb\u00a0\u00bb row_type=\u00a0\u00bbrow\u00a0\u00bb use_row_as_full_screen_section=\u00a0\u00bbno\u00a0\u00bb type=\u00a0\u00bbfull_width\u00a0\u00bb...\" \/>\n<meta property=\"og:url\" content=\"https:\/\/www.hoteluniversal.it\/fr\/monuments\/\" \/>\n<meta property=\"og:site_name\" content=\"Hotel Universal - Senigallia (AN)\" \/>\n<meta property=\"article:modified_time\" content=\"2024-10-15T07:11:11+00:00\" \/>\n<meta property=\"og:image\" content=\"https:\/\/www.hoteluniversal.it\/wp-content\/uploads\/2020\/01\/slide-monumenti-senigallia.jpg\" \/>\n\t<meta property=\"og:image:width\" content=\"2000\" \/>\n\t<meta property=\"og:image:height\" content=\"510\" \/>\n\t<meta property=\"og:image:type\" content=\"image\/jpeg\" \/>\n<meta name=\"twitter:card\" content=\"summary_large_image\" \/>\n<meta name=\"twitter:label1\" content=\"Dur\u00e9e de lecture estim\u00e9e\" \/>\n\t<meta name=\"twitter:data1\" content=\"10 minutes\" \/>\n<script type=\"application\/ld+json\" class=\"yoast-schema-graph\">{\"@context\":\"https:\/\/schema.org\",\"@graph\":[{\"@type\":\"WebPage\",\"@id\":\"https:\/\/www.hoteluniversal.it\/fr\/monuments\/\",\"url\":\"https:\/\/www.hoteluniversal.it\/fr\/monuments\/\",\"name\":\"Monuments | Hotel Universal - Senigallia (AN)\",\"isPartOf\":{\"@id\":\"https:\/\/www.hoteluniversal.it\/fr\/#website\"},\"primaryImageOfPage\":{\"@id\":\"https:\/\/www.hoteluniversal.it\/fr\/monuments\/#primaryimage\"},\"image\":{\"@id\":\"https:\/\/www.hoteluniversal.it\/fr\/monuments\/#primaryimage\"},\"thumbnailUrl\":\"https:\/\/www.hoteluniversal.it\/wp-content\/uploads\/2020\/01\/slide-monumenti-senigallia.jpg\",\"datePublished\":\"2020-01-28T11:55:18+00:00\",\"dateModified\":\"2024-10-15T07:11:11+00:00\",\"breadcrumb\":{\"@id\":\"https:\/\/www.hoteluniversal.it\/fr\/monuments\/#breadcrumb\"},\"inLanguage\":\"fr-FR\",\"potentialAction\":[{\"@type\":\"ReadAction\",\"target\":[\"https:\/\/www.hoteluniversal.it\/fr\/monuments\/\"]}]},{\"@type\":\"ImageObject\",\"inLanguage\":\"fr-FR\",\"@id\":\"https:\/\/www.hoteluniversal.it\/fr\/monuments\/#primaryimage\",\"url\":\"https:\/\/www.hoteluniversal.it\/wp-content\/uploads\/2020\/01\/slide-monumenti-senigallia.jpg\",\"contentUrl\":\"https:\/\/www.hoteluniversal.it\/wp-content\/uploads\/2020\/01\/slide-monumenti-senigallia.jpg\",\"width\":2000,\"height\":510},{\"@type\":\"BreadcrumbList\",\"@id\":\"https:\/\/www.hoteluniversal.it\/fr\/monuments\/#breadcrumb\",\"itemListElement\":[{\"@type\":\"ListItem\",\"position\":1,\"name\":\"Home\",\"item\":\"https:\/\/www.hoteluniversal.it\/fr\/\"},{\"@type\":\"ListItem\",\"position\":2,\"name\":\"Monuments\"}]},{\"@type\":\"WebSite\",\"@id\":\"https:\/\/www.hoteluniversal.it\/fr\/#website\",\"url\":\"https:\/\/www.hoteluniversal.it\/fr\/\",\"name\":\"Hotel Universal - Senigallia (AN)\",\"description\":\"\",\"potentialAction\":[{\"@type\":\"SearchAction\",\"target\":{\"@type\":\"EntryPoint\",\"urlTemplate\":\"https:\/\/www.hoteluniversal.it\/fr\/?s={search_term_string}\"},\"query-input\":{\"@type\":\"PropertyValueSpecification\",\"valueRequired\":true,\"valueName\":\"search_term_string\"}}],\"inLanguage\":\"fr-FR\"}]}<\/script>\n<!-- \/ Yoast SEO plugin. -->","yoast_head_json":{"title":"Monuments | Hotel Universal - Senigallia (AN)","robots":{"index":"index","follow":"follow","max-snippet":"max-snippet:-1","max-image-preview":"max-image-preview:large","max-video-preview":"max-video-preview:-1"},"canonical":"https:\/\/www.hoteluniversal.it\/fr\/monuments\/","og_locale":"fr_FR","og_type":"article","og_title":"Monuments | Hotel Universal - Senigallia (AN)","og_description":"[vc_row css_animation=\u00a0\u00bb\u00a0\u00bb row_type=\u00a0\u00bbrow\u00a0\u00bb use_row_as_full_screen_section=\u00a0\u00bbno\u00a0\u00bb type=\u00a0\u00bbfull_width\u00a0\u00bb angled_section=\u00a0\u00bbno\u00a0\u00bb text_align=\u00a0\u00bbleft\u00a0\u00bb background_image_as_pattern=\u00a0\u00bbwithout_pattern\u00a0\u00bb][vc_column][vc_column_text] Monuments [\/vc_column_text][\/vc_column][\/vc_row][vc_row css_animation=\u00a0\u00bb\u00a0\u00bb row_type=\u00a0\u00bbrow\u00a0\u00bb use_row_as_full_screen_section=\u00a0\u00bbno\u00a0\u00bb type=\u00a0\u00bbfull_width\u00a0\u00bb angled_section=\u00a0\u00bbno\u00a0\u00bb text_align=\u00a0\u00bbleft\u00a0\u00bb background_image_as_pattern=\u00a0\u00bbwithout_pattern\u00a0\u00bb][vc_column][vc_column_text]Nous ferons un court voyage \u00e0 travers les \u0153uvres d&rsquo;art suggestives de Senigallia, \u00e0 travers lesquelles la ville raconte son histoire mais aussi ses habitants.[\/vc_column_text][\/vc_column][\/vc_row][vc_row css_animation=\u00a0\u00bb\u00a0\u00bb row_type=\u00a0\u00bbrow\u00a0\u00bb use_row_as_full_screen_section=\u00a0\u00bbno\u00a0\u00bb type=\u00a0\u00bbfull_width\u00a0\u00bb...","og_url":"https:\/\/www.hoteluniversal.it\/fr\/monuments\/","og_site_name":"Hotel Universal - Senigallia (AN)","article_modified_time":"2024-10-15T07:11:11+00:00","og_image":[{"width":2000,"height":510,"url":"https:\/\/www.hoteluniversal.it\/wp-content\/uploads\/2020\/01\/slide-monumenti-senigallia.jpg","type":"image\/jpeg"}],"twitter_card":"summary_large_image","twitter_misc":{"Dur\u00e9e de lecture estim\u00e9e":"10 minutes"},"schema":{"@context":"https:\/\/schema.org","@graph":[{"@type":"WebPage","@id":"https:\/\/www.hoteluniversal.it\/fr\/monuments\/","url":"https:\/\/www.hoteluniversal.it\/fr\/monuments\/","name":"Monuments | Hotel Universal - Senigallia (AN)","isPartOf":{"@id":"https:\/\/www.hoteluniversal.it\/fr\/#website"},"primaryImageOfPage":{"@id":"https:\/\/www.hoteluniversal.it\/fr\/monuments\/#primaryimage"},"image":{"@id":"https:\/\/www.hoteluniversal.it\/fr\/monuments\/#primaryimage"},"thumbnailUrl":"https:\/\/www.hoteluniversal.it\/wp-content\/uploads\/2020\/01\/slide-monumenti-senigallia.jpg","datePublished":"2020-01-28T11:55:18+00:00","dateModified":"2024-10-15T07:11:11+00:00","breadcrumb":{"@id":"https:\/\/www.hoteluniversal.it\/fr\/monuments\/#breadcrumb"},"inLanguage":"fr-FR","potentialAction":[{"@type":"ReadAction","target":["https:\/\/www.hoteluniversal.it\/fr\/monuments\/"]}]},{"@type":"ImageObject","inLanguage":"fr-FR","@id":"https:\/\/www.hoteluniversal.it\/fr\/monuments\/#primaryimage","url":"https:\/\/www.hoteluniversal.it\/wp-content\/uploads\/2020\/01\/slide-monumenti-senigallia.jpg","contentUrl":"https:\/\/www.hoteluniversal.it\/wp-content\/uploads\/2020\/01\/slide-monumenti-senigallia.jpg","width":2000,"height":510},{"@type":"BreadcrumbList","@id":"https:\/\/www.hoteluniversal.it\/fr\/monuments\/#breadcrumb","itemListElement":[{"@type":"ListItem","position":1,"name":"Home","item":"https:\/\/www.hoteluniversal.it\/fr\/"},{"@type":"ListItem","position":2,"name":"Monuments"}]},{"@type":"WebSite","@id":"https:\/\/www.hoteluniversal.it\/fr\/#website","url":"https:\/\/www.hoteluniversal.it\/fr\/","name":"Hotel Universal - Senigallia (AN)","description":"","potentialAction":[{"@type":"SearchAction","target":{"@type":"EntryPoint","urlTemplate":"https:\/\/www.hoteluniversal.it\/fr\/?s={search_term_string}"},"query-input":{"@type":"PropertyValueSpecification","valueRequired":true,"valueName":"search_term_string"}}],"inLanguage":"fr-FR"}]}},"_links":{"self":[{"href":"https:\/\/www.hoteluniversal.it\/fr\/wp-json\/wp\/v2\/pages\/1336","targetHints":{"allow":["GET"]}}],"collection":[{"href":"https:\/\/www.hoteluniversal.it\/fr\/wp-json\/wp\/v2\/pages"}],"about":[{"href":"https:\/\/www.hoteluniversal.it\/fr\/wp-json\/wp\/v2\/types\/page"}],"author":[{"embeddable":true,"href":"https:\/\/www.hoteluniversal.it\/fr\/wp-json\/wp\/v2\/users\/2"}],"replies":[{"embeddable":true,"href":"https:\/\/www.hoteluniversal.it\/fr\/wp-json\/wp\/v2\/comments?post=1336"}],"version-history":[{"count":2,"href":"https:\/\/www.hoteluniversal.it\/fr\/wp-json\/wp\/v2\/pages\/1336\/revisions"}],"predecessor-version":[{"id":3764,"href":"https:\/\/www.hoteluniversal.it\/fr\/wp-json\/wp\/v2\/pages\/1336\/revisions\/3764"}],"wp:featuredmedia":[{"embeddable":true,"href":"https:\/\/www.hoteluniversal.it\/fr\/wp-json\/wp\/v2\/media\/1293"}],"wp:attachment":[{"href":"https:\/\/www.hoteluniversal.it\/fr\/wp-json\/wp\/v2\/media?parent=1336"}],"curies":[{"name":"wp","href":"https:\/\/api.w.org\/{rel}","templated":true}]}}