{"id":1373,"date":"2020-01-28T15:02:31","date_gmt":"2020-01-28T14:02:31","guid":{"rendered":"https:\/\/www.hoteluniversal.it\/?page_id=1373"},"modified":"2026-04-22T14:55:18","modified_gmt":"2026-04-22T12:55:18","slug":"veranstaltungen","status":"publish","type":"page","link":"https:\/\/www.hoteluniversal.it\/de\/veranstaltungen\/","title":{"rendered":"Veranstaltungen"},"content":{"rendered":"<div class=\"wpb-content-wrapper\"><p>[vc_row css_animation=&#8220;&#8220; row_type=&#8220;row&#8220; use_row_as_full_screen_section=&#8220;no&#8220; type=&#8220;full_width&#8220; angled_section=&#8220;no&#8220; text_align=&#8220;left&#8220; background_image_as_pattern=&#8220;without_pattern&#8220;][vc_column][vc_column_text css=&#8220;&#8220;]<\/p>\n<h1 style=\"text-align: center;\">Veranstaltungen<\/h1>\n<p>[\/vc_column_text][\/vc_column][\/vc_row][vc_row css_animation=&#8220;&#8220; row_type=&#8220;row&#8220; use_row_as_full_screen_section=&#8220;no&#8220; type=&#8220;full_width&#8220; angled_section=&#8220;no&#8220; text_align=&#8220;left&#8220; background_image_as_pattern=&#8220;without_pattern&#8220;][vc_column][vc_empty_space height=&#8220;112px&#8220;][\/vc_column][\/vc_row][vc_row css_animation=&#8220;&#8220; row_type=&#8220;row&#8220; use_row_as_full_screen_section=&#8220;no&#8220; type=&#8220;full_width&#8220; angled_section=&#8220;no&#8220; text_align=&#8220;left&#8220; background_image_as_pattern=&#8220;without_pattern&#8220;][vc_column width=&#8220;1\/2&#8243;][vc_column_text css=&#8220;&#8220;]<\/p>\n<h2>Gem\u00e4ldeausstellung im Hotel<\/h2>\n<p>[\/vc_column_text][vc_column_text css=&#8220;&#8220;]<\/p>\n<p data-start=\"606\" data-end=\"721\">Das Hotel Universal wird zu einer Kunstgalerie.<br data-start=\"355\" data-end=\"358\" \/>Wir stellen Kunstwerke zeitgen\u00f6ssischer K\u00fcnstler aus.<br data-start=\"411\" data-end=\"414\" \/>Freier Eintritt.<\/p>\n<p>[\/vc_column_text][\/vc_column][vc_column width=&#8220;1\/2&#8243;][vc_single_image image=&#8220;4837&#8243; img_size=&#8220;full&#8220; css=&#8220;&#8220; qode_css_animation=&#8220;&#8220;][\/vc_column][\/vc_row][vc_row css_animation=&#8220;&#8220; row_type=&#8220;row&#8220; use_row_as_full_screen_section=&#8220;no&#8220; type=&#8220;full_width&#8220; angled_section=&#8220;no&#8220; text_align=&#8220;left&#8220; background_image_as_pattern=&#8220;without_pattern&#8220;][vc_column][vc_empty_space height=&#8220;112px&#8220;][\/vc_column][\/vc_row][vc_row css_animation=&#8220;&#8220; row_type=&#8220;row&#8220; use_row_as_full_screen_section=&#8220;no&#8220; type=&#8220;full_width&#8220; angled_section=&#8220;no&#8220; text_align=&#8220;left&#8220; background_image_as_pattern=&#8220;without_pattern&#8220;][vc_column width=&#8220;1\/2&#8243;][vc_single_image image=&#8220;4482&#8243; img_size=&#8220;full&#8220; css=&#8220;&#8220; qode_css_animation=&#8220;&#8220;][\/vc_column][vc_column width=&#8220;1\/2&#8243;][vc_column_text css=&#8220;&#8220;]<\/p>\n<div id=\"tw-container\" class=\"nev7se\" data-cp=\"1\" data-nnttsvi=\"1\" data-sletp=\"false\" data-sm=\"1\" data-ssbp=\"false\" data-sugg-time=\"500\" data-sugg-url=\"https:\/\/clients1.google.com\/complete\/search\" data-uilc=\"it\" data-vil=\",af,af-ZA,am,am-ET,ar-EG,ar-AE,ar-KW,ar-QA,ar,ar-IL,ar-JO,ar-LB,ar-PS,az,az-AZ,bg,bg-BG,bn,bn-BD,bn-IN,ca,ca-es,cs,cs-CZ,de,de-DE,de-CH,de-AT,de-LI,en,en-US,en-CA,en-AU,en-NZ,en-GB,en-IN,en-KE,en-TZ,en-NG,en-GH,en-PH,en-ZA,es,es-ES,es-AR,es-UY,es-419,es-BO,es-CL,es-CR,es-CO,es-DO,es-EC,es-GT,es-HN,es-NI,es-PA,es-PE,es-PR,es-PY,es-SV,es-VE,es-MX,es-US,eu,eu-ES,fi,fi-FI,fr,fr-FR,fr-CH,fr-BE,gl,gl-ES,gu,gu-IN,he,he-IL,iw,iw-IL,hu,hu-HU,hy,hy-AM,id,id-ID,is,is-IS,it,it-IT,it-CH,ja,ja-JP,jv,jv-ID,ka,ka-GE,km,km-KH,kn,kn-IN,ko,ko-KR,la,lo,lo-LA,lv,lv-LV,ml,ml-IN,mr,mr-IN,ms,ms-MY,nl,nl-NL,nb,nb-NO,ne,ne-NP,pl,pl-PL,pt,pt-BR,pt-PT,ro,ro-RO,ru,ru-RU,si-LK,sk,sk-SK,sr,sr-RS,su,su-ID,sv,sv-SE,sw,sw-TZ,sw-KE,ta,ta-IN,ta-SG,ta-LK,ta-MY,te,te-IN,tr,tr-TR,ur,ur-PK,ur-IN,yue,yue-HK,yue-Hant-HK,zh-HK,zh,zh-CN,zh-cmn,zh-cmn-CN,zh-Hans,zh-Hans-CN,zh-cmn-Hans,zh-cmn-Hans-CN,cmn-CN,cmn-Hans,cmn-Hans-CN,zh-TW,zh-Hant-TW,cmn-TW,cmn-Hant-TW,zh-cmn-TW,zh-cmn-Hant-TW,zu,zu-ZA,hi,hi-IN,tl,tl-PH,pa,pa-IN\">\n<div id=\"tw-ob\" class=\"tw-src-ltr\">\n<div class=\"oSioSc\">\n<div id=\"tw-target\">\n<div id=\"kAz1tf\" class=\"g9WsWb PZPZlf\" data-attrid=\"tw-targetArea\" data-entityname=\"Google Translate\">\n<div id=\"tw-target-text-container\" class=\"tw-ta-container tw-nfl\" tabindex=\"0\" role=\"text\">\n<h2 id=\"tw-target-text\" class=\"tw-data-text tw-text-large tw-ta\" dir=\"ltr\" tabindex=\"-1\" role=\"text\" data-placeholder=\"Traduzione\" data-ved=\"2ahUKEwjE0ZqAy7eQAxXug_0HHRu4K-wQ3ewLegQICxAV\" aria-label=\"Testo tradotto: Harley\u2011Davidson European Spring Rally 2026 in Senigallia\"><strong><span class=\"Y2IQFc\" lang=\"de\">Harley\u2011Davidson European Spring Rally 2026 in Senigallia<\/span><\/strong><\/h2>\n<\/div>\n<\/div>\n<\/div>\n<\/div>\n<\/div>\n<\/div>\n<div class=\"KFFQ0c xKf9F\"><\/div>\n<p>[\/vc_column_text][vc_column_text css=&#8220;&#8220;]<\/p>\n<div id=\"tw-container\" class=\"nev7se\" data-cp=\"1\" data-nnttsvi=\"1\" data-sletp=\"false\" data-sm=\"1\" data-ssbp=\"false\" data-sugg-time=\"500\" data-sugg-url=\"https:\/\/clients1.google.com\/complete\/search\" data-uilc=\"it\" data-vil=\",af,af-ZA,am,am-ET,ar-EG,ar-AE,ar-KW,ar-QA,ar,ar-IL,ar-JO,ar-LB,ar-PS,az,az-AZ,bg,bg-BG,bn,bn-BD,bn-IN,ca,ca-es,cs,cs-CZ,de,de-DE,de-CH,de-AT,de-LI,en,en-US,en-CA,en-AU,en-NZ,en-GB,en-IN,en-KE,en-TZ,en-NG,en-GH,en-PH,en-ZA,es,es-ES,es-AR,es-UY,es-419,es-BO,es-CL,es-CR,es-CO,es-DO,es-EC,es-GT,es-HN,es-NI,es-PA,es-PE,es-PR,es-PY,es-SV,es-VE,es-MX,es-US,eu,eu-ES,fi,fi-FI,fr,fr-FR,fr-CH,fr-BE,gl,gl-ES,gu,gu-IN,he,he-IL,iw,iw-IL,hu,hu-HU,hy,hy-AM,id,id-ID,is,is-IS,it,it-IT,it-CH,ja,ja-JP,jv,jv-ID,ka,ka-GE,km,km-KH,kn,kn-IN,ko,ko-KR,la,lo,lo-LA,lv,lv-LV,ml,ml-IN,mr,mr-IN,ms,ms-MY,nl,nl-NL,nb,nb-NO,ne,ne-NP,pl,pl-PL,pt,pt-BR,pt-PT,ro,ro-RO,ru,ru-RU,si-LK,sk,sk-SK,sr,sr-RS,su,su-ID,sv,sv-SE,sw,sw-TZ,sw-KE,ta,ta-IN,ta-SG,ta-LK,ta-MY,te,te-IN,tr,tr-TR,ur,ur-PK,ur-IN,yue,yue-HK,yue-Hant-HK,zh-HK,zh,zh-CN,zh-cmn,zh-cmn-CN,zh-Hans,zh-Hans-CN,zh-cmn-Hans,zh-cmn-Hans-CN,cmn-CN,cmn-Hans,cmn-Hans-CN,zh-TW,zh-Hant-TW,cmn-TW,cmn-Hant-TW,zh-cmn-TW,zh-cmn-Hant-TW,zu,zu-ZA,hi,hi-IN,tl,tl-PH,pa,pa-IN\">\n<div id=\"tw-ob\" class=\"tw-src-ltr\">\n<div class=\"oSioSc\">\n<div id=\"tw-target\">\n<div id=\"kAz1tf\" class=\"g9WsWb PZPZlf\" data-attrid=\"tw-targetArea\" data-entityname=\"Google Translate\">\n<div id=\"tw-target-text-container\" class=\"tw-ta-container tw-nfl\" tabindex=\"0\" role=\"text\">\n<p id=\"tw-target-text\" class=\"tw-data-text tw-text-large tw-ta\" dir=\"ltr\" tabindex=\"-1\" role=\"text\" data-placeholder=\"Traduzione\" data-ved=\"2ahUKEwjE0ZqAy7eQAxXug_0HHRu4K-wQ3ewLegQICxAV\" aria-label=\"Testo tradotto: Vom 30. April bis 3. Mai 2026 bereitet sich Senigallia auf ein wahrhaft spektakul\u00e4res Event vor: die Harley-Davidson European Spring Rally, die Motorradfans aus ganz Europa zusammenbringt. Stellen Sie sich den \u201eVelvet Beach\u201c als Kulisse f\u00fcr Hunderte legend\u00e4rer Motorr\u00e4der, malerische Touren entlang der H\u00fcgel der Marken, Shows, Live-Musik, Probefahrten mit der neuen Harley-Davidson Modellreihe 2026 und vieles mehr vor. Es ist die perfekte Gelegenheit, Adrenalin und den Reiz der Motorradwelt mit einem erholsamen Urlaub an einem Reiseziel am Meer zu verbinden und dabei gutes Essen, Aussichten, Fr\u00fchlingsluft und Gastfreundschaft zu genie\u00dfen. Buchen Sie jetzt Ihren Aufenthalt und erleben Sie Senigallia mit dem Dr\u00f6hnen der Motoren als Soundtrack!\"><span class=\"Y2IQFc\" lang=\"de\">Vom 30. April bis 3. Mai 2026 bereitet sich Senigallia auf ein wahrhaft spektakul\u00e4res Event vor: die Harley-Davidson European Spring Rally, die Motorradfans aus ganz Europa zusammenbringt. Stellen Sie sich den \u201eVelvet Beach\u201c als Kulisse f\u00fcr Hunderte legend\u00e4rer Motorr\u00e4der, malerische Touren entlang der H\u00fcgel der Marken, Shows, Live-Musik, Probefahrten mit der neuen Harley-Davidson Modellreihe 2026 und vieles mehr vor. Es ist die perfekte Gelegenheit, Adrenalin und den Reiz der Motorradwelt mit einem erholsamen Urlaub an einem Reiseziel am Meer zu verbinden und dabei gutes Essen, Aussichten, Fr\u00fchlingsluft und Gastfreundschaft zu genie\u00dfen. <\/span><\/p>\n<p class=\"tw-data-text tw-text-large tw-ta\" dir=\"ltr\" tabindex=\"-1\" role=\"text\" data-placeholder=\"Traduzione\" data-ved=\"2ahUKEwjE0ZqAy7eQAxXug_0HHRu4K-wQ3ewLegQICxAV\" aria-label=\"Testo tradotto: Vom 30. April bis 3. Mai 2026 bereitet sich Senigallia auf ein wahrhaft spektakul\u00e4res Event vor: die Harley-Davidson European Spring Rally, die Motorradfans aus ganz Europa zusammenbringt. Stellen Sie sich den \u201eVelvet Beach\u201c als Kulisse f\u00fcr Hunderte legend\u00e4rer Motorr\u00e4der, malerische Touren entlang der H\u00fcgel der Marken, Shows, Live-Musik, Probefahrten mit der neuen Harley-Davidson Modellreihe 2026 und vieles mehr vor. Es ist die perfekte Gelegenheit, Adrenalin und den Reiz der Motorradwelt mit einem erholsamen Urlaub an einem Reiseziel am Meer zu verbinden und dabei gutes Essen, Aussichten, Fr\u00fchlingsluft und Gastfreundschaft zu genie\u00dfen. Buchen Sie jetzt Ihren Aufenthalt und erleben Sie Senigallia mit dem Dr\u00f6hnen der Motoren als Soundtrack!\"><span class=\"Y2IQFc\" lang=\"de\">Buchen Sie jetzt Ihren Aufenthalt und erleben Sie Senigallia mit dem Dr\u00f6hnen der Motoren als Soundtrack!<\/span><\/p>\n<\/div>\n<\/div>\n<\/div>\n<\/div>\n<\/div>\n<\/div>\n<p>[\/vc_column_text][\/vc_column][\/vc_row][vc_row css_animation=&#8220;&#8220; row_type=&#8220;row&#8220; use_row_as_full_screen_section=&#8220;no&#8220; type=&#8220;full_width&#8220; angled_section=&#8220;no&#8220; text_align=&#8220;left&#8220; background_image_as_pattern=&#8220;without_pattern&#8220;][vc_column][vc_separator type=&#8220;normal&#8220;][vc_empty_space height=&#8220;112px&#8220;][\/vc_column][\/vc_row][vc_row css_animation=&#8220;&#8220; row_type=&#8220;row&#8220; use_row_as_full_screen_section=&#8220;no&#8220; type=&#8220;full_width&#8220; angled_section=&#8220;no&#8220; text_align=&#8220;left&#8220; background_image_as_pattern=&#8220;without_pattern&#8220;][vc_column][vc_empty_space height=&#8220;112px&#8220;][\/vc_column][\/vc_row][vc_row css_animation=&#8220;&#8220; row_type=&#8220;row&#8220; use_row_as_full_screen_section=&#8220;no&#8220; type=&#8220;grid&#8220; angled_section=&#8220;no&#8220; text_align=&#8220;left&#8220; background_image_as_pattern=&#8220;without_pattern&#8220; z_index=&#8220;&#8220; padding_bottom=&#8220;45&#8243; css=&#8220;.vc_custom_1579864113174{background-color: #f6f6f6 !important;}&#8220; padding_top=&#8220;35&#8243; background_color=&#8220;#f6f6f6&#8243;][vc_column][vc_row_inner row_type=&#8220;row&#8220; type=&#8220;full_width&#8220; text_align=&#8220;left&#8220; css_animation=&#8220;&#8220; el_class=&#8220;tipology-inner-two-wrap&#8220; background_color=&#8220;#f6f6f6&#8243;][vc_column_inner el_class=&#8220;tipology-inner-two-wrap-block&#8220; width=&#8220;1\/3&#8243;][vc_single_image image=&#8220;2751&#8243; img_size=&#8220;full&#8220; alignment=&#8220;center&#8220; onclick=&#8220;custom_link&#8220; css=&#8220;&#8220; qode_css_animation=&#8220;&#8220; el_class=&#8220;tipology-inner-two-img-block&#8220; link=&#8220;\/de\/zimmer\/&#8220;][vc_column_text css=&#8220;&#8220; el_class=&#8220;tipology-inner-two-text-block&#8220;]<\/p>\n<h4><a style=\"color: #ffffff;\" href=\"\/de\/zimmer\/\">Zimmer<\/a><\/h4>\n<p>[\/vc_column_text][\/vc_column_inner][vc_column_inner el_class=&#8220;tipology-inner-two-wrap-block&#8220; width=&#8220;1\/3&#8243;][vc_single_image image=&#8220;2779&#8243; img_size=&#8220;full&#8220; alignment=&#8220;center&#8220; onclick=&#8220;custom_link&#8220; css=&#8220;&#8220; qode_css_animation=&#8220;&#8220; el_class=&#8220;tipology-inner-two-img-block&#8220; link=&#8220;\/de\/leistungen\/&#8220;][vc_column_text css=&#8220;&#8220; el_class=&#8220;tipology-inner-two-text-block&#8220;]<\/p>\n<h4><a style=\"color: #ffffff;\" href=\"\/de\/leistungen\/\">Leistungen<\/a><\/h4>\n<p>[\/vc_column_text][\/vc_column_inner][vc_column_inner el_class=&#8220;tipology-inner-two-wrap-block&#8220; width=&#8220;1\/3&#8243;][vc_single_image image=&#8220;916&#8243; img_size=&#8220;full&#8220; alignment=&#8220;center&#8220; onclick=&#8220;custom_link&#8220; css=&#8220;&#8220; qode_css_animation=&#8220;&#8220; el_class=&#8220;tipology-inner-two-img-block&#8220; link=&#8220;\/de\/privatstrand\/&#8220;][vc_column_text css=&#8220;&#8220; el_class=&#8220;tipology-inner-two-text-block&#8220;]<\/p>\n<h4><a style=\"color: #ffffff;\" href=\"\/de\/privatstrand\/\">Privatstrand<\/a><\/h4>\n<p>[\/vc_column_text][\/vc_column_inner][\/vc_row_inner][\/vc_column][\/vc_row]<\/p>\n<\/div>","protected":false},"excerpt":{"rendered":"<p>[vc_row css_animation=&#8220;&#8220; row_type=&#8220;row&#8220; use_row_as_full_screen_section=&#8220;no&#8220; type=&#8220;full_width&#8220; angled_section=&#8220;no&#8220; text_align=&#8220;left&#8220; background_image_as_pattern=&#8220;without_pattern&#8220;][vc_column][vc_column_text css=&#8220;&#8220;] Veranstaltungen [\/vc_column_text][\/vc_column][\/vc_row][vc_row css_animation=&#8220;&#8220; row_type=&#8220;row&#8220; use_row_as_full_screen_section=&#8220;no&#8220; type=&#8220;full_width&#8220; angled_section=&#8220;no&#8220; text_align=&#8220;left&#8220; background_image_as_pattern=&#8220;without_pattern&#8220;][vc_column][vc_empty_space height=&#8220;112px&#8220;][\/vc_column][\/vc_row][vc_row css_animation=&#8220;&#8220; row_type=&#8220;row&#8220; use_row_as_full_screen_section=&#8220;no&#8220; type=&#8220;full_width&#8220; angled_section=&#8220;no&#8220; text_align=&#8220;left&#8220; background_image_as_pattern=&#8220;without_pattern&#8220;][vc_column width=&#8220;1\/2&#8243;][vc_column_text css=&#8220;&#8220;] Gem\u00e4ldeausstellung im Hotel [\/vc_column_text][vc_column_text css=&#8220;&#8220;] Das Hotel Universal wird zu einer Kunstgalerie.Wir stellen Kunstwerke zeitgen\u00f6ssischer K\u00fcnstler aus.Freier&#8230;<\/p>\n","protected":false},"author":2,"featured_media":1298,"parent":0,"menu_order":0,"comment_status":"closed","ping_status":"closed","template":"","meta":{"_acf_changed":false,"footnotes":""},"class_list":["post-1373","page","type-page","status-publish","has-post-thumbnail","hentry"],"acf":[],"yoast_head":"<!-- This site is optimized with the Yoast SEO plugin v25.7 - https:\/\/yoast.com\/wordpress\/plugins\/seo\/ -->\n<title>Veranstaltungen | Hotel Universal - Senigallia (AN)<\/title>\n<meta name=\"robots\" content=\"index, follow, max-snippet:-1, max-image-preview:large, max-video-preview:-1\" \/>\n<link rel=\"canonical\" href=\"https:\/\/www.hoteluniversal.it\/de\/veranstaltungen\/\" \/>\n<meta property=\"og:locale\" content=\"de_DE\" \/>\n<meta property=\"og:type\" content=\"article\" \/>\n<meta property=\"og:title\" content=\"Veranstaltungen | Hotel Universal - Senigallia (AN)\" \/>\n<meta property=\"og:description\" content=\"[vc_row css_animation=&#8220;&#8220; row_type=&#8220;row&#8220; use_row_as_full_screen_section=&#8220;no&#8220; type=&#8220;full_width&#8220; angled_section=&#8220;no&#8220; text_align=&#8220;left&#8220; background_image_as_pattern=&#8220;without_pattern&#8220;][vc_column][vc_column_text css=&#8220;&#8220;] Veranstaltungen [\/vc_column_text][\/vc_column][\/vc_row][vc_row css_animation=&#8220;&#8220; row_type=&#8220;row&#8220; use_row_as_full_screen_section=&#8220;no&#8220; type=&#8220;full_width&#8220; angled_section=&#8220;no&#8220; text_align=&#8220;left&#8220; background_image_as_pattern=&#8220;without_pattern&#8220;][vc_column][vc_empty_space height=&#8220;112px&#8220;][\/vc_column][\/vc_row][vc_row css_animation=&#8220;&#8220; row_type=&#8220;row&#8220; use_row_as_full_screen_section=&#8220;no&#8220; type=&#8220;full_width&#8220; angled_section=&#8220;no&#8220; text_align=&#8220;left&#8220; background_image_as_pattern=&#8220;without_pattern&#8220;][vc_column width=&#8220;1\/2&#8243;][vc_column_text css=&#8220;&#8220;] Gem\u00e4ldeausstellung im Hotel [\/vc_column_text][vc_column_text css=&#8220;&#8220;] Das Hotel Universal wird zu einer Kunstgalerie.Wir stellen Kunstwerke zeitgen\u00f6ssischer K\u00fcnstler aus.Freier...\" \/>\n<meta property=\"og:url\" content=\"https:\/\/www.hoteluniversal.it\/de\/veranstaltungen\/\" \/>\n<meta property=\"og:site_name\" content=\"Hotel Universal - Senigallia (AN)\" \/>\n<meta property=\"article:modified_time\" content=\"2026-04-22T12:55:18+00:00\" \/>\n<meta property=\"og:image\" content=\"https:\/\/www.hoteluniversal.it\/wp-content\/uploads\/2020\/01\/slide-Senigallia.jpg\" \/>\n\t<meta property=\"og:image:width\" content=\"2000\" \/>\n\t<meta property=\"og:image:height\" content=\"510\" \/>\n\t<meta property=\"og:image:type\" content=\"image\/jpeg\" \/>\n<meta name=\"twitter:card\" content=\"summary_large_image\" \/>\n<meta name=\"twitter:label1\" content=\"Gesch\u00e4tzte Lesezeit\" \/>\n\t<meta name=\"twitter:data1\" content=\"3\u00a0Minuten\" \/>\n<script type=\"application\/ld+json\" class=\"yoast-schema-graph\">{\"@context\":\"https:\/\/schema.org\",\"@graph\":[{\"@type\":\"WebPage\",\"@id\":\"https:\/\/www.hoteluniversal.it\/de\/veranstaltungen\/\",\"url\":\"https:\/\/www.hoteluniversal.it\/de\/veranstaltungen\/\",\"name\":\"Veranstaltungen | Hotel Universal - Senigallia (AN)\",\"isPartOf\":{\"@id\":\"https:\/\/www.hoteluniversal.it\/de\/#website\"},\"primaryImageOfPage\":{\"@id\":\"https:\/\/www.hoteluniversal.it\/de\/veranstaltungen\/#primaryimage\"},\"image\":{\"@id\":\"https:\/\/www.hoteluniversal.it\/de\/veranstaltungen\/#primaryimage\"},\"thumbnailUrl\":\"https:\/\/www.hoteluniversal.it\/wp-content\/uploads\/2020\/01\/slide-Senigallia.jpg\",\"datePublished\":\"2020-01-28T14:02:31+00:00\",\"dateModified\":\"2026-04-22T12:55:18+00:00\",\"breadcrumb\":{\"@id\":\"https:\/\/www.hoteluniversal.it\/de\/veranstaltungen\/#breadcrumb\"},\"inLanguage\":\"de\",\"potentialAction\":[{\"@type\":\"ReadAction\",\"target\":[\"https:\/\/www.hoteluniversal.it\/de\/veranstaltungen\/\"]}]},{\"@type\":\"ImageObject\",\"inLanguage\":\"de\",\"@id\":\"https:\/\/www.hoteluniversal.it\/de\/veranstaltungen\/#primaryimage\",\"url\":\"https:\/\/www.hoteluniversal.it\/wp-content\/uploads\/2020\/01\/slide-Senigallia.jpg\",\"contentUrl\":\"https:\/\/www.hoteluniversal.it\/wp-content\/uploads\/2020\/01\/slide-Senigallia.jpg\",\"width\":2000,\"height\":510},{\"@type\":\"BreadcrumbList\",\"@id\":\"https:\/\/www.hoteluniversal.it\/de\/veranstaltungen\/#breadcrumb\",\"itemListElement\":[{\"@type\":\"ListItem\",\"position\":1,\"name\":\"Home\",\"item\":\"https:\/\/www.hoteluniversal.it\/de\/\"},{\"@type\":\"ListItem\",\"position\":2,\"name\":\"Veranstaltungen\"}]},{\"@type\":\"WebSite\",\"@id\":\"https:\/\/www.hoteluniversal.it\/de\/#website\",\"url\":\"https:\/\/www.hoteluniversal.it\/de\/\",\"name\":\"Hotel Universal - Senigallia (AN)\",\"description\":\"\",\"potentialAction\":[{\"@type\":\"SearchAction\",\"target\":{\"@type\":\"EntryPoint\",\"urlTemplate\":\"https:\/\/www.hoteluniversal.it\/de\/?s={search_term_string}\"},\"query-input\":{\"@type\":\"PropertyValueSpecification\",\"valueRequired\":true,\"valueName\":\"search_term_string\"}}],\"inLanguage\":\"de\"}]}<\/script>\n<!-- \/ Yoast SEO plugin. -->","yoast_head_json":{"title":"Veranstaltungen | Hotel Universal - Senigallia (AN)","robots":{"index":"index","follow":"follow","max-snippet":"max-snippet:-1","max-image-preview":"max-image-preview:large","max-video-preview":"max-video-preview:-1"},"canonical":"https:\/\/www.hoteluniversal.it\/de\/veranstaltungen\/","og_locale":"de_DE","og_type":"article","og_title":"Veranstaltungen | Hotel Universal - Senigallia (AN)","og_description":"[vc_row css_animation=&#8220;&#8220; row_type=&#8220;row&#8220; use_row_as_full_screen_section=&#8220;no&#8220; type=&#8220;full_width&#8220; angled_section=&#8220;no&#8220; text_align=&#8220;left&#8220; background_image_as_pattern=&#8220;without_pattern&#8220;][vc_column][vc_column_text css=&#8220;&#8220;] Veranstaltungen [\/vc_column_text][\/vc_column][\/vc_row][vc_row css_animation=&#8220;&#8220; row_type=&#8220;row&#8220; use_row_as_full_screen_section=&#8220;no&#8220; type=&#8220;full_width&#8220; angled_section=&#8220;no&#8220; text_align=&#8220;left&#8220; background_image_as_pattern=&#8220;without_pattern&#8220;][vc_column][vc_empty_space height=&#8220;112px&#8220;][\/vc_column][\/vc_row][vc_row css_animation=&#8220;&#8220; row_type=&#8220;row&#8220; use_row_as_full_screen_section=&#8220;no&#8220; type=&#8220;full_width&#8220; angled_section=&#8220;no&#8220; text_align=&#8220;left&#8220; background_image_as_pattern=&#8220;without_pattern&#8220;][vc_column width=&#8220;1\/2&#8243;][vc_column_text css=&#8220;&#8220;] Gem\u00e4ldeausstellung im Hotel [\/vc_column_text][vc_column_text css=&#8220;&#8220;] Das Hotel Universal wird zu einer Kunstgalerie.Wir stellen Kunstwerke zeitgen\u00f6ssischer K\u00fcnstler aus.Freier...","og_url":"https:\/\/www.hoteluniversal.it\/de\/veranstaltungen\/","og_site_name":"Hotel Universal - Senigallia (AN)","article_modified_time":"2026-04-22T12:55:18+00:00","og_image":[{"width":2000,"height":510,"url":"https:\/\/www.hoteluniversal.it\/wp-content\/uploads\/2020\/01\/slide-Senigallia.jpg","type":"image\/jpeg"}],"twitter_card":"summary_large_image","twitter_misc":{"Gesch\u00e4tzte Lesezeit":"3\u00a0Minuten"},"schema":{"@context":"https:\/\/schema.org","@graph":[{"@type":"WebPage","@id":"https:\/\/www.hoteluniversal.it\/de\/veranstaltungen\/","url":"https:\/\/www.hoteluniversal.it\/de\/veranstaltungen\/","name":"Veranstaltungen | Hotel Universal - Senigallia (AN)","isPartOf":{"@id":"https:\/\/www.hoteluniversal.it\/de\/#website"},"primaryImageOfPage":{"@id":"https:\/\/www.hoteluniversal.it\/de\/veranstaltungen\/#primaryimage"},"image":{"@id":"https:\/\/www.hoteluniversal.it\/de\/veranstaltungen\/#primaryimage"},"thumbnailUrl":"https:\/\/www.hoteluniversal.it\/wp-content\/uploads\/2020\/01\/slide-Senigallia.jpg","datePublished":"2020-01-28T14:02:31+00:00","dateModified":"2026-04-22T12:55:18+00:00","breadcrumb":{"@id":"https:\/\/www.hoteluniversal.it\/de\/veranstaltungen\/#breadcrumb"},"inLanguage":"de","potentialAction":[{"@type":"ReadAction","target":["https:\/\/www.hoteluniversal.it\/de\/veranstaltungen\/"]}]},{"@type":"ImageObject","inLanguage":"de","@id":"https:\/\/www.hoteluniversal.it\/de\/veranstaltungen\/#primaryimage","url":"https:\/\/www.hoteluniversal.it\/wp-content\/uploads\/2020\/01\/slide-Senigallia.jpg","contentUrl":"https:\/\/www.hoteluniversal.it\/wp-content\/uploads\/2020\/01\/slide-Senigallia.jpg","width":2000,"height":510},{"@type":"BreadcrumbList","@id":"https:\/\/www.hoteluniversal.it\/de\/veranstaltungen\/#breadcrumb","itemListElement":[{"@type":"ListItem","position":1,"name":"Home","item":"https:\/\/www.hoteluniversal.it\/de\/"},{"@type":"ListItem","position":2,"name":"Veranstaltungen"}]},{"@type":"WebSite","@id":"https:\/\/www.hoteluniversal.it\/de\/#website","url":"https:\/\/www.hoteluniversal.it\/de\/","name":"Hotel Universal - Senigallia (AN)","description":"","potentialAction":[{"@type":"SearchAction","target":{"@type":"EntryPoint","urlTemplate":"https:\/\/www.hoteluniversal.it\/de\/?s={search_term_string}"},"query-input":{"@type":"PropertyValueSpecification","valueRequired":true,"valueName":"search_term_string"}}],"inLanguage":"de"}]}},"_links":{"self":[{"href":"https:\/\/www.hoteluniversal.it\/de\/wp-json\/wp\/v2\/pages\/1373","targetHints":{"allow":["GET"]}}],"collection":[{"href":"https:\/\/www.hoteluniversal.it\/de\/wp-json\/wp\/v2\/pages"}],"about":[{"href":"https:\/\/www.hoteluniversal.it\/de\/wp-json\/wp\/v2\/types\/page"}],"author":[{"embeddable":true,"href":"https:\/\/www.hoteluniversal.it\/de\/wp-json\/wp\/v2\/users\/2"}],"replies":[{"embeddable":true,"href":"https:\/\/www.hoteluniversal.it\/de\/wp-json\/wp\/v2\/comments?post=1373"}],"version-history":[{"count":51,"href":"https:\/\/www.hoteluniversal.it\/de\/wp-json\/wp\/v2\/pages\/1373\/revisions"}],"predecessor-version":[{"id":4898,"href":"https:\/\/www.hoteluniversal.it\/de\/wp-json\/wp\/v2\/pages\/1373\/revisions\/4898"}],"wp:featuredmedia":[{"embeddable":true,"href":"https:\/\/www.hoteluniversal.it\/de\/wp-json\/wp\/v2\/media\/1298"}],"wp:attachment":[{"href":"https:\/\/www.hoteluniversal.it\/de\/wp-json\/wp\/v2\/media?parent=1373"}],"curies":[{"name":"wp","href":"https:\/\/api.w.org\/{rel}","templated":true}]}}