{"id":1334,"date":"2020-01-28T12:54:22","date_gmt":"2020-01-28T11:54:22","guid":{"rendered":"https:\/\/www.hoteluniversal.it\/?page_id=1334"},"modified":"2024-10-15T09:59:05","modified_gmt":"2024-10-15T07:59:05","slug":"denkmaeler","status":"publish","type":"page","link":"https:\/\/www.hoteluniversal.it\/de\/denkmaeler\/","title":{"rendered":"Denkm\u00e4ler"},"content":{"rendered":"<div class=\"wpb-content-wrapper\"><p>[vc_row css_animation=&#8220;&#8220; row_type=&#8220;row&#8220; use_row_as_full_screen_section=&#8220;no&#8220; type=&#8220;full_width&#8220; angled_section=&#8220;no&#8220; text_align=&#8220;left&#8220; background_image_as_pattern=&#8220;without_pattern&#8220;][vc_column][vc_column_text]<\/p>\n<h1 style=\"text-align: center;\">Denkm\u00e4ler<\/h1>\n<p>[\/vc_column_text][\/vc_column][\/vc_row][vc_row css_animation=&#8220;&#8220; row_type=&#8220;row&#8220; use_row_as_full_screen_section=&#8220;no&#8220; type=&#8220;full_width&#8220; angled_section=&#8220;no&#8220; text_align=&#8220;left&#8220; background_image_as_pattern=&#8220;without_pattern&#8220;][vc_column][vc_column_text]Lassen Sie uns einen kurzen Abstecher zu den eindrucksvollen Kunstwerken von Senigallia machen, durch die die Stadt \u00fcber sich und ihre Bewohner erz\u00e4hlt.<br \/>\nViele Geschichts- und Kunstdenkm\u00e4ler rufen die Atmosph\u00e4re von damals in Erinnerung.<br \/>\n[\/vc_column_text][\/vc_column][\/vc_row][vc_row css_animation=&#8220;&#8220; row_type=&#8220;row&#8220; use_row_as_full_screen_section=&#8220;no&#8220; type=&#8220;full_width&#8220; angled_section=&#8220;no&#8220; text_align=&#8220;left&#8220; background_image_as_pattern=&#8220;without_pattern&#8220;][vc_column][vc_empty_space][\/vc_column][\/vc_row][vc_row css_animation=&#8220;&#8220; row_type=&#8220;row&#8220; use_row_as_full_screen_section=&#8220;no&#8220; type=&#8220;full_width&#8220; angled_section=&#8220;no&#8220; text_align=&#8220;left&#8220; background_image_as_pattern=&#8220;without_pattern&#8220;][vc_column width=&#8220;1\/2&#8243;][vc_column_text css=&#8220;.vc_custom_1580210979278{padding-top: 10px !important;padding-bottom: 10px !important;}&#8220;]<\/p>\n<h3 class=\"entry-title\" style=\"text-align: left;\">Touristikhafen<\/h3>\n<p>Der Hafen besteht aus der verl\u00e4ngerten M\u00fcndung des Flusses Misa mit 2 Kais, an denen 300 Anlegestellen vorhanden sind. 30 davon f\u00fcr den Durchgangs-Wasserverkehr. Am Hafeneingang begr\u00fc\u00dft die <strong>\u201ePenelope\u201d<\/strong> von Gianni Guerra\u00a0die Seeleute bei ihrer R\u00fcckkehr.<\/p>\n<p>[\/vc_column_text][vc_column_text css=&#8220;.vc_custom_1580211038335{padding-top: 10px !important;padding-bottom: 10px !important;}&#8220;]<\/p>\n<h3 class=\"entry-title\" style=\"text-align: left;\">Rocca<\/h3>\n<p class=\"entry-title\" style=\"text-align: left;\">Die Festung Rocca Roveresca wurde vom Milit\u00e4r-Architekten Baccio Pontelli entworfen und ist <strong>das \u00e4lteste Monument in Senigallia<\/strong>. Sie wurde 1480 im Auftrag des Herzogs Giovanni Della Rovere erbaut.<br \/>\nDie Festung steht zwischen der Stadt und dem Meer und wurde auf den Resten eines romanischen Turms und einer kleinen Festung aus dem Jahr 1355 errichtet, die im Auftrag von Kardinal Albornoz erbaut wurden. Die eleganten Strukturen und die T\u00fcren- und Fensterrahmen aus Marmor sowie die eindrucksvolle Wendeltreppe sind noch immer zu bewundern.<br \/>\nIn einigen S\u00e4len der Festung sind heute Ausstellungen untergebracht.<\/p>\n<p>[\/vc_column_text][\/vc_column][vc_column width=&#8220;1\/2&#8243;][vc_column_text css=&#8220;.vc_custom_1580210844334{padding-top: 10px !important;padding-bottom: 10px !important;}&#8220;]<\/p>\n<h3 class=\"entry-title\" style=\"text-align: left;\">Piazza del Duca<\/h3>\n<p class=\"entry-title\" style=\"text-align: left;\"><strong>Der Brunnen auf der Piazza del Duca<\/strong> wurde von Francesco Maria II della Rovere anl\u00e4sslich der Fertigstellung des ersten Aqu\u00e4duktes in der Neuzeit in Auftrag gegeben. Der Baumeister war der Venezianer Stefano di Tommaso. Der Brunnen wurde 1602 fertig gestellt und ist aus rosa Veroneser Marmor hergestellt und mit vier Bronzeenten geschm\u00fcckt.<\/p>\n<p><strong>Der Palazzo del Duca<\/strong>\u00a0erhebt sich vor der Festung Rocca Roveresca und wurde von Guibaldo della Rovere, Herzog von Urbino, Mitte des 16. Jahrhunderts in Auftrag gegeben. Das herzogliche Wappen erscheint an der Decke der ersten Etage, deren Ausschm\u00fcckung dem ber\u00fchmten, aus den Marken stammenden, Maler Tadeo Zuccari zugeschrieben wird. Die Fassade, die durch zahlreiche Ver\u00e4nderungen nicht mehr im Originalzustand ist, verf\u00fcgt \u00fcber ein Portal aus wei\u00dfem Stein.[\/vc_column_text][\/vc_column][\/vc_row][vc_row css_animation=&#8220;&#8220; row_type=&#8220;row&#8220; use_row_as_full_screen_section=&#8220;no&#8220; type=&#8220;full_width&#8220; angled_section=&#8220;no&#8220; text_align=&#8220;left&#8220; background_image_as_pattern=&#8220;without_pattern&#8220;][vc_column width=&#8220;1\/2&#8243;][vc_column_text css=&#8220;.vc_custom_1580211053376{padding-top: 10px !important;padding-bottom: 10px !important;}&#8220;]<\/p>\n<h3>Palazzo Baviera<\/h3>\n<p>Der Palazzetto Baviera stammt aus dem Sp\u00e4tmittelalter. Der Hof und der Kreuzgang bieten <strong>eine besinnliche Atmosph\u00e4re<\/strong>. In der Mitte des Innenhofs befindet sich ein Brunnen, der von den Wappen der Baviera eingefasst ist. Die Struktur des Kreuzgangs erzeugt komplexe Licht- und Schattenspiele.<\/p>\n<p>Im Palazzetto Baviera sind verschiedene Architekturstile vereint, von der Romanik zum Mittelalter und von der Fr\u00fch- bis zur Sp\u00e4trenaissance. Im ersten Stock befinden sich die 5 S\u00e4le, deren Stuckdecken von Federico Brandani mit klassischen Heldenfiguren, G\u00f6ttinnen und Allegorien gestaltet wurde.<\/p>\n<p>[\/vc_column_text][\/vc_column][vc_column width=&#8220;1\/2&#8243;][vc_column_text css=&#8220;.vc_custom_1580211075497{padding-top: 10px !important;padding-bottom: 10px !important;}&#8220;]<\/p>\n<h3>Foro Annonario<\/h3>\n<p>Von der Piazza del Duca sind es nur wenige Schritte zum Marktplatz des Forum Annonario. Diese bedeutende neoklassizistische Konstruktion ist von einem aus 30 dorischen S\u00e4ulen gebildeten Bogengang umgeben. 24 der S\u00e4ulen bilden halbrunde Seitenarme und 6 den zentralen Hauptkomplex. In den oberen Stockwerken des Forum Annonario hat die <strong>Gemeindebibliothek \u201eAntonelliana\u201c<\/strong> eine neue Heimat gefunden. Die Bibliothek wurde 1767 aus der Hinterlassenschaft von Kardinal Antonelli gegr\u00fcndet und verwahrt \u00fcber 50.000 B\u00fccher.<\/p>\n<p>Der neoklassizistische Bau wurde zwischen 1830 und 1831 von Pietro Ghinelli, einem Architekten aus Senigallia geplant und erbaut. Der Komplex erf\u00fcllt auch heute noch seine urspr\u00fcngliche Funktion als Marktplatz und Fischmarkt.<br \/>\nAu\u00dferdem erg\u00e4nzt er das Bild einer Reihe von Laubeng\u00e4ngen, die sich entlang des Kanals von Misa reihen.[\/vc_column_text][\/vc_column][\/vc_row][vc_row css_animation=&#8220;&#8220; row_type=&#8220;row&#8220; use_row_as_full_screen_section=&#8220;no&#8220; type=&#8220;full_width&#8220; angled_section=&#8220;no&#8220; text_align=&#8220;left&#8220; background_image_as_pattern=&#8220;without_pattern&#8220;][vc_column width=&#8220;1\/2&#8243;][vc_column_text css=&#8220;.vc_custom_1580210891420{padding-top: 10px !important;padding-bottom: 10px !important;}&#8220;]<\/p>\n<h3>Portici Ercolani<\/h3>\n<p>Die 126 Arkaden sind auf quadratische Pfeiler gest\u00fctzt und folgen scheinbar der sanften Kurve, die der Fluss Misa beschreibt, bevor sie sich im Meer zu verlieren scheinen. Sie wurden von Kardinal Ercolani aus wei\u00dfen Steinbl\u00f6cken, die aus Istrien kommen, errichtet. Die Arkaden wurden in einer Hochzeit des Handels in Senigallia errichtet und mussten die alten Stadtmauern ersetzen, und Platz f\u00fcr die H\u00e4ndler der Handelsmesse \u201eFiera della Maddalena\u201c schaffen.<\/p>\n<p>Entlang der beiden Kanalufer wurde Handel mit Getreide, Holz, Gew\u00fcrzen und Handarbeiten getrieben. In der Bl\u00fctezeit des Handels legten bis zu 500 Schiffe an und mehr als 50.000 H\u00e4ndler aus den orientalischen L\u00e4ndern, Nord- und Mittelitalien sowie Mitteleuropa str\u00f6mten herbei. Dieser Ruhm spiegelt sich auch darin, dass der ber\u00fchmte Kom\u00f6diendichter und Librettist <strong>Carlo Goldoni<\/strong> im Jahr 1760 eine seiner Musikkom\u00f6dien <strong>\u201eLa Fiera di Sinigaglia\u201c<\/strong> benannte und die Handlung in Senigallia spielen lie\u00df.<br \/>\n[\/vc_column_text][vc_column_text css=&#8220;.vc_custom_1580210897193{padding-top: 10px !important;padding-bottom: 10px !important;}&#8220;]<\/p>\n<h3>Chiesa della Croce (Kreuzkirche)<\/h3>\n<p>Der Bau der Kirche begann 1576 im <strong>Barockstil<\/strong>. Am Hauptaltar finden wir finden wir \u201edie Grablegung Christi\u201c von Barocci und an den Seiten eine Weihnachts\u2013 und eine Dreik\u00f6nigsszene von Giovanni Anastasi.<br \/>\nDie Kirche ist Sitz der Bruderschaft \u201eConfraternita della Croce e Sacramento\u201c, der Pius IX angeh\u00f6rte.<br \/>\nEr wurde 1818 einstimmig aufgenommen. In der Cantoria \u00fcber dem Haupteingang steht die Orgel des ber\u00fchmten Venezianers Gaetano Callido.[\/vc_column_text][\/vc_column][vc_column width=&#8220;1\/2&#8243;][vc_column_text css=&#8220;.vc_custom_1580211091016{padding-top: 10px !important;padding-bottom: 10px !important;}&#8220;]<\/p>\n<h3>Palazzo Comunale<\/h3>\n<p>Der Palazzo Comunale wurde im Zeitraum zwischen<strong> 1611 und 1613<\/strong> erbaut. Er erhebt sich auf der Seite der Piazza Roma, die als \u201edie gute Stube\u201c der Stadt gilt und wo sich der Neptunbrunnen befindet, der gemeinhin als \u201eKr\u00fcppel auf dem Platz\u201c bekannt ist. Der b\u00e4rtige Meeresgott hat seine Krone auf der lockigen Haarpracht und seine Stirn ist von feinen Falten gezeichnet. Sein Blick ist nach unten links gerichtet. Mit seinem nun verlorenen Arm leitete er die Sirenen \u00fcber das weite Meer.<\/p>\n<p>Der andere Arm, auch er inzwischen verloren, hielt wahrscheinlich den Dreizack gerade an seiner Seite. Erz\u00e4hlungen besagen, dass die T\u00fcrken zur Schm\u00e4hung seine Arme und den Dreizack zerschlugen und die Nasenspitze und Zacken der Krone abbrachen. Der Ratssaal im Stil des 18. Jahrhunderts ist mit diversen Kunstwerken geschm\u00fcckt: 3 Gem\u00e4lde von Torregiani, eines von Santini, Stuckarbeiten, Deckengem\u00e4lde und 4 Medaillons \u00fcber den T\u00fcren. Der Saal wird von einer Galerie eingefasst und von der Decke in der Mitte h\u00e4ngt ein Kronleuchter aus b\u00f6hmischem Kristall, der aus dem Teatro La Fenice stammt. \u00dcber dem Haupteingang ist eine B\u00fcste von Pabst Urban VIII angebracht. Die B\u00fcsten von Kardinal Testaferrata, Pabst Pius IX und K\u00f6nig Viktor Emanuel II und Graf Marchetti befinden sich in 4 Nischen der Seitenw\u00e4nde.<\/p>\n<p>Gem\u00e4lde im Vorraum des B\u00fcrgermeisters: Madonna mit Kind, Jupiter und Juno, Gedenktafel mit Portr\u00e4t zu Ehren von Angelo Maierini, der \u201esein Leben, dem Studium der Rechte widmete\u201c. B\u00fcrgermeisterzimmer: wertvolle Gem\u00e4lde mit Holzrahmen und vergoldetem Stuck. Eine Krippenszene der Fl\u00e4mischen Schule, ein vermutlich von Spagnoletto stammendes Bildnis des Hl. Hieronymus, eine Kopie \u201eHeiligen Familie mit Johannes\u201c von Raffael, ein \u201cBild eines alten Mannes der trinkt\u201d und ein Tafelbild vom \u201eKopf eines alten Mannes\u201c. Zur Sammlung geh\u00f6rt auch ein \u201eKn\u00fcppel aus Silber\u201c, an dessen Spitze das Stadtwappen angebracht ist.<br \/>\n[\/vc_column_text][\/vc_column][\/vc_row][vc_row css_animation=&#8220;&#8220; row_type=&#8220;row&#8220; use_row_as_full_screen_section=&#8220;no&#8220; type=&#8220;full_width&#8220; angled_section=&#8220;no&#8220; text_align=&#8220;left&#8220; background_image_as_pattern=&#8220;without_pattern&#8220;][vc_column][vc_column_text css=&#8220;.vc_custom_1580211017723{padding-top: 10px !important;padding-bottom: 10px !important;}&#8220;]<\/p>\n<h3>S. Maria delle Grazie<\/h3>\n<p>Die Kirche steht 3 Kilometer von Senigallia entfernt auf einem gr\u00fcnen H\u00fcgel mit Blick auf das Meer. Sie wurde zur Erf\u00fcllung eines Gel\u00f6bnisses erbaut, das Giovanni Della Rovere und seine Frau Giovanna di Montefeltro, die damaligen Herrschaften von Senigallia mit der Bitte um einen Erben abgegeben hatten. Das Marmorportal im Barockstil wurde 1685 dank Vittoria Della Rovere errichtet, die Ferdinando II Medici geheiratet hatte. Darum sind im hoch oben angebrachten Wappen, die Embleme der Della Rovere und der Medici zu sehen.<br \/>\nIm Inneren der Kirche befinden sich zwei Kreuzg\u00e4nge. Der kleinere der beiden ist unvollendet. In der Mitte des gr\u00f6\u00dferen befindet sich ein Brunnen, in dem das Wappen der Della Rovere zu sehen ist. Rundherum verl\u00e4uft ein S\u00e4ulengang aus eleganten schmalen S\u00e4ulen, \u00fcber dem die Fenster der Zellen der M\u00f6nche liegen. Entlang der Mauer des S\u00e4ulengangs konnte man einst Episoden aus dem Leben des Heiligen Franziskus lesen. Sie sind heute fast verschwunden.<\/p>\n<p>In der Kirche finden sich auf der rechten Seite eine Statue des Heiligen Pascal und ein gro&amp;szlig;es Gem&amp;auml;lde des Heiligen Franziskus, der auf dem Monte Verna die Wundmale Christi erh&amp;auml;lt. Auf der linken Seite h&amp;auml;ngen verschiedene Heiligenbilder. Weiter oben hinter dem Hauptaltar ist ein Gem&amp;auml;lde der &amp;bdquo;Madonna mit Heiligen&amp;ldquo; von Perugino aus dem Jahr 1490 angebracht.<\/p>\n<p>In der Sakristei befindet sich ein interessanter steinerner Waschtisch aus dem 15. Jahrhundert, auf dem zusammen mit dem Wappen der Rovere das folgende Motto zu lesen ist: &amp;bdquo;Lavamini et mundi estote&amp;ldquo; (= Wascht euch und ihr werdet rein).<br \/>\nIm Kloster ist au&amp;szlig;erdem das &amp;bdquo;Museo di Storia della Mezzadria (Museum zur Geschichte der Halbpacht) untergebracht, das mit seinen zahlreichen Dokumenten, Ger&amp;auml;ten und landwirtschaftlichen Werkzeugen auf jeden Fall einen Besuch wert ist.<\/p>\n<p>Im Kloster Convento delle Grazie war bis 1917 die <strong>Madonna di Senigallia, das Meisterwerk von Piero Della Francesca<\/strong> untergebracht. Nachdem das Gem&amp;auml;lde Jahrhunderte lang im Kloster &amp;bdquo;Convento delle Grazie&amp;ldquo; in Vergessenheit geraten war, wurde es in den Gemeindepalast von Senigallia gebracht. Es verblieb dort bis zum 20. November 1916, als man es aus Furcht vor Bombenabw\u00fcrfen im Krieg der Galerie von Urbino zur Aufbewahrung \u00fcbergab.<\/p>\n<p>[\/vc_column_text][\/vc_column][\/vc_row][vc_row css_animation=&#8220;&#8220; row_type=&#8220;row&#8220; use_row_as_full_screen_section=&#8220;no&#8220; type=&#8220;full_width&#8220; angled_section=&#8220;no&#8220; text_align=&#8220;left&#8220; background_image_as_pattern=&#8220;without_pattern&#8220;][vc_column][vc_empty_space][\/vc_column][\/vc_row][vc_row css_animation=&#8220;&#8220; row_type=&#8220;row&#8220; use_row_as_full_screen_section=&#8220;no&#8220; type=&#8220;grid&#8220; angled_section=&#8220;no&#8220; text_align=&#8220;left&#8220; background_image_as_pattern=&#8220;without_pattern&#8220; z_index=&#8220;&#8220; padding_bottom=&#8220;45&#8243; css=&#8220;.vc_custom_1579864113174{background-color: #f6f6f6 !important;}&#8220; padding_top=&#8220;35&#8243; background_color=&#8220;#f6f6f6&#8243;][vc_column][vc_row_inner row_type=&#8220;row&#8220; type=&#8220;full_width&#8220; text_align=&#8220;left&#8220; css_animation=&#8220;&#8220; el_class=&#8220;tipology-inner-two-wrap&#8220; background_color=&#8220;#f6f6f6&#8243;][vc_column_inner el_class=&#8220;tipology-inner-two-wrap-block&#8220; width=&#8220;1\/3&#8243;][vc_single_image image=&#8220;1306&#8243; img_size=&#8220;full&#8220; alignment=&#8220;center&#8220; onclick=&#8220;custom_link&#8220; qode_css_animation=&#8220;&#8220; el_class=&#8220;tipology-inner-two-img-block&#8220; link=&#8220;\/de\/hinterland\/&#8220;][vc_column_text el_class=&#8220;tipology-inner-two-text-block&#8220;]<\/p>\n<h4><a style=\"color: #ffffff;\" href=\"\/de\/hinterland\/\">Hinterland<\/a><\/h4>\n<p>[\/vc_column_text][\/vc_column_inner][vc_column_inner el_class=&#8220;tipology-inner-two-wrap-block&#8220; width=&#8220;1\/3&#8243;][vc_single_image image=&#8220;1318&#8243; img_size=&#8220;full&#8220; alignment=&#8220;center&#8220; onclick=&#8220;custom_link&#8220; qode_css_animation=&#8220;&#8220; el_class=&#8220;tipology-inner-two-img-block&#8220; link=&#8220;\/de\/Weingastronomie\/&#8220;][vc_column_text css=&#8220;&#8220; el_class=&#8220;tipology-inner-two-text-block&#8220;]<\/p>\n<h4><a style=\"color: #ffffff;\" href=\"https:\/\/www.hoteluniversal.it\/de\/veranstaltungen\/\">Veranstaltungen<\/a><\/h4>\n<p>[\/vc_column_text][\/vc_column_inner][vc_column_inner el_class=&#8220;tipology-inner-two-wrap-block&#8220; width=&#8220;1\/3&#8243;][vc_single_image image=&#8220;1322&#8243; img_size=&#8220;full&#8220; alignment=&#8220;center&#8220; onclick=&#8220;custom_link&#8220; qode_css_animation=&#8220;&#8220; el_class=&#8220;tipology-inner-two-img-block&#8220; link=&#8220;\/de\/privatstrand\/&#8220;][vc_column_text el_class=&#8220;tipology-inner-two-text-block&#8220;]<\/p>\n<h4><a style=\"color: #ffffff;\" href=\"\/de\/privatstrand\/\">Privatstrand<\/a><\/h4>\n<p>[\/vc_column_text][\/vc_column_inner][\/vc_row_inner][\/vc_column][\/vc_row]<\/p>\n<\/div>","protected":false},"excerpt":{"rendered":"<p>[vc_row css_animation=&#8220;&#8220; row_type=&#8220;row&#8220; use_row_as_full_screen_section=&#8220;no&#8220; type=&#8220;full_width&#8220; angled_section=&#8220;no&#8220; text_align=&#8220;left&#8220; background_image_as_pattern=&#8220;without_pattern&#8220;][vc_column][vc_column_text] Denkm\u00e4ler [\/vc_column_text][\/vc_column][\/vc_row][vc_row css_animation=&#8220;&#8220; row_type=&#8220;row&#8220; use_row_as_full_screen_section=&#8220;no&#8220; type=&#8220;full_width&#8220; angled_section=&#8220;no&#8220; text_align=&#8220;left&#8220; background_image_as_pattern=&#8220;without_pattern&#8220;][vc_column][vc_column_text]Lassen Sie uns einen kurzen Abstecher zu den eindrucksvollen Kunstwerken von Senigallia machen, durch die die Stadt \u00fcber sich und ihre Bewohner erz\u00e4hlt. Viele Geschichts- und Kunstdenkm\u00e4ler rufen die&#8230;<\/p>\n","protected":false},"author":2,"featured_media":1294,"parent":0,"menu_order":0,"comment_status":"closed","ping_status":"closed","template":"","meta":{"_acf_changed":false,"footnotes":""},"class_list":["post-1334","page","type-page","status-publish","has-post-thumbnail","hentry"],"acf":[],"yoast_head":"<!-- This site is optimized with the Yoast SEO plugin v25.7 - https:\/\/yoast.com\/wordpress\/plugins\/seo\/ -->\n<title>Denkm\u00e4ler | Hotel Universal - Senigallia (AN)<\/title>\n<meta name=\"robots\" content=\"index, follow, max-snippet:-1, max-image-preview:large, max-video-preview:-1\" \/>\n<link rel=\"canonical\" href=\"https:\/\/www.hoteluniversal.it\/de\/denkmaeler\/\" \/>\n<meta property=\"og:locale\" content=\"de_DE\" \/>\n<meta property=\"og:type\" content=\"article\" \/>\n<meta property=\"og:title\" content=\"Denkm\u00e4ler | Hotel Universal - Senigallia (AN)\" \/>\n<meta property=\"og:description\" content=\"[vc_row css_animation=&#8220;&#8220; row_type=&#8220;row&#8220; use_row_as_full_screen_section=&#8220;no&#8220; type=&#8220;full_width&#8220; angled_section=&#8220;no&#8220; text_align=&#8220;left&#8220; background_image_as_pattern=&#8220;without_pattern&#8220;][vc_column][vc_column_text] Denkm\u00e4ler [\/vc_column_text][\/vc_column][\/vc_row][vc_row css_animation=&#8220;&#8220; row_type=&#8220;row&#8220; use_row_as_full_screen_section=&#8220;no&#8220; type=&#8220;full_width&#8220; angled_section=&#8220;no&#8220; text_align=&#8220;left&#8220; background_image_as_pattern=&#8220;without_pattern&#8220;][vc_column][vc_column_text]Lassen Sie uns einen kurzen Abstecher zu den eindrucksvollen Kunstwerken von Senigallia machen, durch die die Stadt \u00fcber sich und ihre Bewohner erz\u00e4hlt. Viele Geschichts- und Kunstdenkm\u00e4ler rufen die...\" \/>\n<meta property=\"og:url\" content=\"https:\/\/www.hoteluniversal.it\/de\/denkmaeler\/\" \/>\n<meta property=\"og:site_name\" content=\"Hotel Universal - Senigallia (AN)\" \/>\n<meta property=\"article:modified_time\" content=\"2024-10-15T07:59:05+00:00\" \/>\n<meta property=\"og:image\" content=\"https:\/\/www.hoteluniversal.it\/wp-content\/uploads\/2020\/01\/slide-monumenti-senigallia.jpg\" \/>\n\t<meta property=\"og:image:width\" content=\"2000\" \/>\n\t<meta property=\"og:image:height\" content=\"510\" \/>\n\t<meta property=\"og:image:type\" content=\"image\/jpeg\" \/>\n<meta name=\"twitter:card\" content=\"summary_large_image\" \/>\n<meta name=\"twitter:label1\" content=\"Gesch\u00e4tzte Lesezeit\" \/>\n\t<meta name=\"twitter:data1\" content=\"9\u00a0Minuten\" \/>\n<script type=\"application\/ld+json\" class=\"yoast-schema-graph\">{\"@context\":\"https:\/\/schema.org\",\"@graph\":[{\"@type\":\"WebPage\",\"@id\":\"https:\/\/www.hoteluniversal.it\/de\/denkmaeler\/\",\"url\":\"https:\/\/www.hoteluniversal.it\/de\/denkmaeler\/\",\"name\":\"Denkm\u00e4ler | Hotel Universal - Senigallia (AN)\",\"isPartOf\":{\"@id\":\"https:\/\/www.hoteluniversal.it\/de\/#website\"},\"primaryImageOfPage\":{\"@id\":\"https:\/\/www.hoteluniversal.it\/de\/denkmaeler\/#primaryimage\"},\"image\":{\"@id\":\"https:\/\/www.hoteluniversal.it\/de\/denkmaeler\/#primaryimage\"},\"thumbnailUrl\":\"https:\/\/www.hoteluniversal.it\/wp-content\/uploads\/2020\/01\/slide-monumenti-senigallia.jpg\",\"datePublished\":\"2020-01-28T11:54:22+00:00\",\"dateModified\":\"2024-10-15T07:59:05+00:00\",\"breadcrumb\":{\"@id\":\"https:\/\/www.hoteluniversal.it\/de\/denkmaeler\/#breadcrumb\"},\"inLanguage\":\"de\",\"potentialAction\":[{\"@type\":\"ReadAction\",\"target\":[\"https:\/\/www.hoteluniversal.it\/de\/denkmaeler\/\"]}]},{\"@type\":\"ImageObject\",\"inLanguage\":\"de\",\"@id\":\"https:\/\/www.hoteluniversal.it\/de\/denkmaeler\/#primaryimage\",\"url\":\"https:\/\/www.hoteluniversal.it\/wp-content\/uploads\/2020\/01\/slide-monumenti-senigallia.jpg\",\"contentUrl\":\"https:\/\/www.hoteluniversal.it\/wp-content\/uploads\/2020\/01\/slide-monumenti-senigallia.jpg\",\"width\":2000,\"height\":510},{\"@type\":\"BreadcrumbList\",\"@id\":\"https:\/\/www.hoteluniversal.it\/de\/denkmaeler\/#breadcrumb\",\"itemListElement\":[{\"@type\":\"ListItem\",\"position\":1,\"name\":\"Home\",\"item\":\"https:\/\/www.hoteluniversal.it\/de\/\"},{\"@type\":\"ListItem\",\"position\":2,\"name\":\"Denkm\u00e4ler\"}]},{\"@type\":\"WebSite\",\"@id\":\"https:\/\/www.hoteluniversal.it\/de\/#website\",\"url\":\"https:\/\/www.hoteluniversal.it\/de\/\",\"name\":\"Hotel Universal - Senigallia (AN)\",\"description\":\"\",\"potentialAction\":[{\"@type\":\"SearchAction\",\"target\":{\"@type\":\"EntryPoint\",\"urlTemplate\":\"https:\/\/www.hoteluniversal.it\/de\/?s={search_term_string}\"},\"query-input\":{\"@type\":\"PropertyValueSpecification\",\"valueRequired\":true,\"valueName\":\"search_term_string\"}}],\"inLanguage\":\"de\"}]}<\/script>\n<!-- \/ Yoast SEO plugin. -->","yoast_head_json":{"title":"Denkm\u00e4ler | Hotel Universal - Senigallia (AN)","robots":{"index":"index","follow":"follow","max-snippet":"max-snippet:-1","max-image-preview":"max-image-preview:large","max-video-preview":"max-video-preview:-1"},"canonical":"https:\/\/www.hoteluniversal.it\/de\/denkmaeler\/","og_locale":"de_DE","og_type":"article","og_title":"Denkm\u00e4ler | Hotel Universal - Senigallia (AN)","og_description":"[vc_row css_animation=&#8220;&#8220; row_type=&#8220;row&#8220; use_row_as_full_screen_section=&#8220;no&#8220; type=&#8220;full_width&#8220; angled_section=&#8220;no&#8220; text_align=&#8220;left&#8220; background_image_as_pattern=&#8220;without_pattern&#8220;][vc_column][vc_column_text] Denkm\u00e4ler [\/vc_column_text][\/vc_column][\/vc_row][vc_row css_animation=&#8220;&#8220; row_type=&#8220;row&#8220; use_row_as_full_screen_section=&#8220;no&#8220; type=&#8220;full_width&#8220; angled_section=&#8220;no&#8220; text_align=&#8220;left&#8220; background_image_as_pattern=&#8220;without_pattern&#8220;][vc_column][vc_column_text]Lassen Sie uns einen kurzen Abstecher zu den eindrucksvollen Kunstwerken von Senigallia machen, durch die die Stadt \u00fcber sich und ihre Bewohner erz\u00e4hlt. Viele Geschichts- und Kunstdenkm\u00e4ler rufen die...","og_url":"https:\/\/www.hoteluniversal.it\/de\/denkmaeler\/","og_site_name":"Hotel Universal - Senigallia (AN)","article_modified_time":"2024-10-15T07:59:05+00:00","og_image":[{"width":2000,"height":510,"url":"https:\/\/www.hoteluniversal.it\/wp-content\/uploads\/2020\/01\/slide-monumenti-senigallia.jpg","type":"image\/jpeg"}],"twitter_card":"summary_large_image","twitter_misc":{"Gesch\u00e4tzte Lesezeit":"9\u00a0Minuten"},"schema":{"@context":"https:\/\/schema.org","@graph":[{"@type":"WebPage","@id":"https:\/\/www.hoteluniversal.it\/de\/denkmaeler\/","url":"https:\/\/www.hoteluniversal.it\/de\/denkmaeler\/","name":"Denkm\u00e4ler | Hotel Universal - Senigallia (AN)","isPartOf":{"@id":"https:\/\/www.hoteluniversal.it\/de\/#website"},"primaryImageOfPage":{"@id":"https:\/\/www.hoteluniversal.it\/de\/denkmaeler\/#primaryimage"},"image":{"@id":"https:\/\/www.hoteluniversal.it\/de\/denkmaeler\/#primaryimage"},"thumbnailUrl":"https:\/\/www.hoteluniversal.it\/wp-content\/uploads\/2020\/01\/slide-monumenti-senigallia.jpg","datePublished":"2020-01-28T11:54:22+00:00","dateModified":"2024-10-15T07:59:05+00:00","breadcrumb":{"@id":"https:\/\/www.hoteluniversal.it\/de\/denkmaeler\/#breadcrumb"},"inLanguage":"de","potentialAction":[{"@type":"ReadAction","target":["https:\/\/www.hoteluniversal.it\/de\/denkmaeler\/"]}]},{"@type":"ImageObject","inLanguage":"de","@id":"https:\/\/www.hoteluniversal.it\/de\/denkmaeler\/#primaryimage","url":"https:\/\/www.hoteluniversal.it\/wp-content\/uploads\/2020\/01\/slide-monumenti-senigallia.jpg","contentUrl":"https:\/\/www.hoteluniversal.it\/wp-content\/uploads\/2020\/01\/slide-monumenti-senigallia.jpg","width":2000,"height":510},{"@type":"BreadcrumbList","@id":"https:\/\/www.hoteluniversal.it\/de\/denkmaeler\/#breadcrumb","itemListElement":[{"@type":"ListItem","position":1,"name":"Home","item":"https:\/\/www.hoteluniversal.it\/de\/"},{"@type":"ListItem","position":2,"name":"Denkm\u00e4ler"}]},{"@type":"WebSite","@id":"https:\/\/www.hoteluniversal.it\/de\/#website","url":"https:\/\/www.hoteluniversal.it\/de\/","name":"Hotel Universal - Senigallia (AN)","description":"","potentialAction":[{"@type":"SearchAction","target":{"@type":"EntryPoint","urlTemplate":"https:\/\/www.hoteluniversal.it\/de\/?s={search_term_string}"},"query-input":{"@type":"PropertyValueSpecification","valueRequired":true,"valueName":"search_term_string"}}],"inLanguage":"de"}]}},"_links":{"self":[{"href":"https:\/\/www.hoteluniversal.it\/de\/wp-json\/wp\/v2\/pages\/1334","targetHints":{"allow":["GET"]}}],"collection":[{"href":"https:\/\/www.hoteluniversal.it\/de\/wp-json\/wp\/v2\/pages"}],"about":[{"href":"https:\/\/www.hoteluniversal.it\/de\/wp-json\/wp\/v2\/types\/page"}],"author":[{"embeddable":true,"href":"https:\/\/www.hoteluniversal.it\/de\/wp-json\/wp\/v2\/users\/2"}],"replies":[{"embeddable":true,"href":"https:\/\/www.hoteluniversal.it\/de\/wp-json\/wp\/v2\/comments?post=1334"}],"version-history":[{"count":2,"href":"https:\/\/www.hoteluniversal.it\/de\/wp-json\/wp\/v2\/pages\/1334\/revisions"}],"predecessor-version":[{"id":3777,"href":"https:\/\/www.hoteluniversal.it\/de\/wp-json\/wp\/v2\/pages\/1334\/revisions\/3777"}],"wp:featuredmedia":[{"embeddable":true,"href":"https:\/\/www.hoteluniversal.it\/de\/wp-json\/wp\/v2\/media\/1294"}],"wp:attachment":[{"href":"https:\/\/www.hoteluniversal.it\/de\/wp-json\/wp\/v2\/media?parent=1334"}],"curies":[{"name":"wp","href":"https:\/\/api.w.org\/{rel}","templated":true}]}}